{"id":8594,"date":"2023-01-17T15:59:35","date_gmt":"2023-01-17T14:59:35","guid":{"rendered":"https:\/\/www.salvaterra.fr\/?post_type=references&#038;p=8594"},"modified":"2024-12-07T16:41:42","modified_gmt":"2024-12-07T15:41:42","slug":"retex-sur-les-programmes-de-recherche-et-developpement-sur-la-filiere-douglas","status":"publish","type":"references","link":"https:\/\/www.salvaterra.fr\/fr\/references\/retex-sur-les-programmes-de-recherche-et-developpement-sur-la-filiere-douglas\/","title":{"rendered":"RETEX sur les programmes de recherche et d\u00e9veloppement sur la fili\u00e8re Douglas"},"template":"","acf":[],"yoast_head":"<!-- This site is optimized with the Yoast SEO plugin v22.4 - https:\/\/yoast.com\/wordpress\/plugins\/seo\/ -->\n<title>RETEX sur les programmes de recherche et d\u00e9veloppement sur la fili\u00e8re Douglas - SalvaTerra, Bureau d\u2019\u00e9tudes en environnement, for\u00eat, agriculture et d\u00e9veloppement rural<\/title>\n<meta name=\"description\" content=\"Retour d\u2019exp\u00e9riences (RETEX) pour l&#039;interprofession nationale France Bois For\u00eat sur le programme de d\u00e9veloppement de la fili\u00e8re Douglas fran\u00e7aise, mis en \u0153uvre entre 2019 et 2022 : \u00c9valuation de la coh\u00e9rence du programme ; Analyse de la mise en \u0153uvre, des r\u00e9sultats et les impacts du programme ; \u00c9valuation des moyens mobilis\u00e9s ; Capitalisation des exp\u00e9riences et le\u00e7ons \u00e0 tirer de la mise en \u0153uvre ; Recommandations quant \u00e0 la n\u00e9cessit\u00e9 pour FBF de continuer \u00e0 soutenir ce programme.\" \/>\n<meta name=\"robots\" content=\"index, follow, max-snippet:-1, max-image-preview:large, max-video-preview:-1\" \/>\n<link rel=\"canonical\" href=\"https:\/\/www.salvaterra.fr\/fr\/references\/retex-sur-les-programmes-de-recherche-et-developpement-sur-la-filiere-douglas\/\" \/>\n<meta property=\"og:locale\" content=\"fr_FR\" \/>\n<meta property=\"og:type\" content=\"article\" \/>\n<meta property=\"og:title\" content=\"RETEX sur les programmes de recherche et d\u00e9veloppement sur la fili\u00e8re Douglas - SalvaTerra, Bureau d\u2019\u00e9tudes en environnement, for\u00eat, agriculture et d\u00e9veloppement rural\" \/>\n<meta property=\"og:description\" content=\"Retour d\u2019exp\u00e9riences (RETEX) pour l&#039;interprofession nationale France Bois For\u00eat sur le programme de d\u00e9veloppement de la fili\u00e8re Douglas fran\u00e7aise, mis en \u0153uvre entre 2019 et 2022 : \u00c9valuation de la coh\u00e9rence du programme ; Analyse de la mise en \u0153uvre, des r\u00e9sultats et les impacts du programme ; \u00c9valuation des moyens mobilis\u00e9s ; Capitalisation des exp\u00e9riences et le\u00e7ons \u00e0 tirer de la mise en \u0153uvre ; Recommandations quant \u00e0 la n\u00e9cessit\u00e9 pour FBF de continuer \u00e0 soutenir ce programme.\" \/>\n<meta property=\"og:url\" content=\"https:\/\/www.salvaterra.fr\/fr\/references\/retex-sur-les-programmes-de-recherche-et-developpement-sur-la-filiere-douglas\/\" \/>\n<meta property=\"og:site_name\" content=\"SalvaTerra, Bureau d\u2019\u00e9tudes en environnement, for\u00eat, agriculture et d\u00e9veloppement rural\" \/>\n<meta property=\"article:modified_time\" content=\"2024-12-07T15:41:42+00:00\" \/>\n<meta property=\"og:image\" content=\"https:\/\/www.salvaterra.fr\/wp-content\/uploads\/2021\/07\/screenshot.png\" \/>\n\t<meta property=\"og:image:width\" content=\"880\" \/>\n\t<meta property=\"og:image:height\" content=\"660\" \/>\n\t<meta property=\"og:image:type\" content=\"image\/png\" \/>\n<meta name=\"twitter:card\" content=\"summary_large_image\" \/>\n<script type=\"application\/ld+json\" class=\"yoast-schema-graph\">{\"@context\":\"https:\/\/schema.org\",\"@graph\":[{\"@type\":\"WebPage\",\"@id\":\"https:\/\/www.salvaterra.fr\/fr\/references\/retex-sur-les-programmes-de-recherche-et-developpement-sur-la-filiere-douglas\/\",\"url\":\"https:\/\/www.salvaterra.fr\/fr\/references\/retex-sur-les-programmes-de-recherche-et-developpement-sur-la-filiere-douglas\/\",\"name\":\"RETEX sur les programmes de recherche et d\u00e9veloppement sur la fili\u00e8re Douglas - SalvaTerra, Bureau d\u2019\u00e9tudes en environnement, for\u00eat, agriculture et d\u00e9veloppement rural\",\"isPartOf\":{\"@id\":\"https:\/\/www.salvaterra.fr\/fr\/#website\"},\"datePublished\":\"2023-01-17T14:59:35+00:00\",\"dateModified\":\"2024-12-07T15:41:42+00:00\",\"description\":\"Retour d\u2019exp\u00e9riences (RETEX) pour l'interprofession nationale France Bois For\u00eat sur le programme de d\u00e9veloppement de la fili\u00e8re Douglas fran\u00e7aise, mis en \u0153uvre entre 2019 et 2022 : \u00c9valuation de la coh\u00e9rence du programme ; Analyse de la mise en \u0153uvre, des r\u00e9sultats et les impacts du programme ; \u00c9valuation des moyens mobilis\u00e9s ; Capitalisation des exp\u00e9riences et le\u00e7ons \u00e0 tirer de la mise en \u0153uvre ; Recommandations quant \u00e0 la n\u00e9cessit\u00e9 pour FBF de continuer \u00e0 soutenir ce programme.\",\"breadcrumb\":{\"@id\":\"https:\/\/www.salvaterra.fr\/fr\/references\/retex-sur-les-programmes-de-recherche-et-developpement-sur-la-filiere-douglas\/#breadcrumb\"},\"inLanguage\":\"fr-FR\",\"potentialAction\":[{\"@type\":\"ReadAction\",\"target\":[\"https:\/\/www.salvaterra.fr\/fr\/references\/retex-sur-les-programmes-de-recherche-et-developpement-sur-la-filiere-douglas\/\"]}]},{\"@type\":\"BreadcrumbList\",\"@id\":\"https:\/\/www.salvaterra.fr\/fr\/references\/retex-sur-les-programmes-de-recherche-et-developpement-sur-la-filiere-douglas\/#breadcrumb\",\"itemListElement\":[{\"@type\":\"ListItem\",\"position\":1,\"name\":\"Accueil\",\"item\":\"https:\/\/www.salvaterra.fr\/fr\/\"},{\"@type\":\"ListItem\",\"position\":2,\"name\":\"R\u00e9f\u00e9rences\",\"item\":\"https:\/\/www.salvaterra.fr\/fr\/references\/\"},{\"@type\":\"ListItem\",\"position\":3,\"name\":\"RETEX sur les programmes de recherche et d\u00e9veloppement sur la fili\u00e8re Douglas\"}]},{\"@type\":\"WebSite\",\"@id\":\"https:\/\/www.salvaterra.fr\/fr\/#website\",\"url\":\"https:\/\/www.salvaterra.fr\/fr\/\",\"name\":\"SalvaTerra, Bureau d\u2019\u00e9tudes en environnement, for\u00eat, agriculture et d\u00e9veloppement rural\",\"description\":\"\",\"potentialAction\":[{\"@type\":\"SearchAction\",\"target\":{\"@type\":\"EntryPoint\",\"urlTemplate\":\"https:\/\/www.salvaterra.fr\/fr\/?s={search_term_string}\"},\"query-input\":\"required name=search_term_string\"}],\"inLanguage\":\"fr-FR\"}]}<\/script>\n<!-- \/ Yoast SEO plugin. -->","yoast_head_json":{"title":"RETEX sur les programmes de recherche et d\u00e9veloppement sur la fili\u00e8re Douglas - SalvaTerra, Bureau d\u2019\u00e9tudes en environnement, for\u00eat, agriculture et d\u00e9veloppement rural","description":"Retour d\u2019exp\u00e9riences (RETEX) pour l'interprofession nationale France Bois For\u00eat sur le programme de d\u00e9veloppement de la fili\u00e8re Douglas fran\u00e7aise, mis en \u0153uvre entre 2019 et 2022 : \u00c9valuation de la coh\u00e9rence du programme ; Analyse de la mise en \u0153uvre, des r\u00e9sultats et les impacts du programme ; \u00c9valuation des moyens mobilis\u00e9s ; Capitalisation des exp\u00e9riences et le\u00e7ons \u00e0 tirer de la mise en \u0153uvre ; Recommandations quant \u00e0 la n\u00e9cessit\u00e9 pour FBF de continuer \u00e0 soutenir ce programme.","robots":{"index":"index","follow":"follow","max-snippet":"max-snippet:-1","max-image-preview":"max-image-preview:large","max-video-preview":"max-video-preview:-1"},"canonical":"https:\/\/www.salvaterra.fr\/fr\/references\/retex-sur-les-programmes-de-recherche-et-developpement-sur-la-filiere-douglas\/","og_locale":"fr_FR","og_type":"article","og_title":"RETEX sur les programmes de recherche et d\u00e9veloppement sur la fili\u00e8re Douglas - SalvaTerra, Bureau d\u2019\u00e9tudes en environnement, for\u00eat, agriculture et d\u00e9veloppement rural","og_description":"Retour d\u2019exp\u00e9riences (RETEX) pour l'interprofession nationale France Bois For\u00eat sur le programme de d\u00e9veloppement de la fili\u00e8re Douglas fran\u00e7aise, mis en \u0153uvre entre 2019 et 2022 : \u00c9valuation de la coh\u00e9rence du programme ; Analyse de la mise en \u0153uvre, des r\u00e9sultats et les impacts du programme ; \u00c9valuation des moyens mobilis\u00e9s ; Capitalisation des exp\u00e9riences et le\u00e7ons \u00e0 tirer de la mise en \u0153uvre ; Recommandations quant \u00e0 la n\u00e9cessit\u00e9 pour FBF de continuer \u00e0 soutenir ce programme.","og_url":"https:\/\/www.salvaterra.fr\/fr\/references\/retex-sur-les-programmes-de-recherche-et-developpement-sur-la-filiere-douglas\/","og_site_name":"SalvaTerra, Bureau d\u2019\u00e9tudes en environnement, for\u00eat, agriculture et d\u00e9veloppement rural","article_modified_time":"2024-12-07T15:41:42+00:00","og_image":[{"width":880,"height":660,"url":"https:\/\/www.salvaterra.fr\/wp-content\/uploads\/2021\/07\/screenshot.png","type":"image\/png"}],"twitter_card":"summary_large_image","schema":{"@context":"https:\/\/schema.org","@graph":[{"@type":"WebPage","@id":"https:\/\/www.salvaterra.fr\/fr\/references\/retex-sur-les-programmes-de-recherche-et-developpement-sur-la-filiere-douglas\/","url":"https:\/\/www.salvaterra.fr\/fr\/references\/retex-sur-les-programmes-de-recherche-et-developpement-sur-la-filiere-douglas\/","name":"RETEX sur les programmes de recherche et d\u00e9veloppement sur la fili\u00e8re Douglas - SalvaTerra, Bureau d\u2019\u00e9tudes en environnement, for\u00eat, agriculture et d\u00e9veloppement rural","isPartOf":{"@id":"https:\/\/www.salvaterra.fr\/fr\/#website"},"datePublished":"2023-01-17T14:59:35+00:00","dateModified":"2024-12-07T15:41:42+00:00","description":"Retour d\u2019exp\u00e9riences (RETEX) pour l'interprofession nationale France Bois For\u00eat sur le programme de d\u00e9veloppement de la fili\u00e8re Douglas fran\u00e7aise, mis en \u0153uvre entre 2019 et 2022 : \u00c9valuation de la coh\u00e9rence du programme ; Analyse de la mise en \u0153uvre, des r\u00e9sultats et les impacts du programme ; \u00c9valuation des moyens mobilis\u00e9s ; Capitalisation des exp\u00e9riences et le\u00e7ons \u00e0 tirer de la mise en \u0153uvre ; Recommandations quant \u00e0 la n\u00e9cessit\u00e9 pour FBF de continuer \u00e0 soutenir ce programme.","breadcrumb":{"@id":"https:\/\/www.salvaterra.fr\/fr\/references\/retex-sur-les-programmes-de-recherche-et-developpement-sur-la-filiere-douglas\/#breadcrumb"},"inLanguage":"fr-FR","potentialAction":[{"@type":"ReadAction","target":["https:\/\/www.salvaterra.fr\/fr\/references\/retex-sur-les-programmes-de-recherche-et-developpement-sur-la-filiere-douglas\/"]}]},{"@type":"BreadcrumbList","@id":"https:\/\/www.salvaterra.fr\/fr\/references\/retex-sur-les-programmes-de-recherche-et-developpement-sur-la-filiere-douglas\/#breadcrumb","itemListElement":[{"@type":"ListItem","position":1,"name":"Accueil","item":"https:\/\/www.salvaterra.fr\/fr\/"},{"@type":"ListItem","position":2,"name":"R\u00e9f\u00e9rences","item":"https:\/\/www.salvaterra.fr\/fr\/references\/"},{"@type":"ListItem","position":3,"name":"RETEX sur les programmes de recherche et d\u00e9veloppement sur la fili\u00e8re Douglas"}]},{"@type":"WebSite","@id":"https:\/\/www.salvaterra.fr\/fr\/#website","url":"https:\/\/www.salvaterra.fr\/fr\/","name":"SalvaTerra, Bureau d\u2019\u00e9tudes en environnement, for\u00eat, agriculture et d\u00e9veloppement rural","description":"","potentialAction":[{"@type":"SearchAction","target":{"@type":"EntryPoint","urlTemplate":"https:\/\/www.salvaterra.fr\/fr\/?s={search_term_string}"},"query-input":"required name=search_term_string"}],"inLanguage":"fr-FR"}]}},"pays":[89],"_links":{"self":[{"href":"https:\/\/www.salvaterra.fr\/fr\/wp-json\/wp\/v2\/references\/8594"}],"collection":[{"href":"https:\/\/www.salvaterra.fr\/fr\/wp-json\/wp\/v2\/references"}],"about":[{"href":"https:\/\/www.salvaterra.fr\/fr\/wp-json\/wp\/v2\/types\/references"}],"wp:attachment":[{"href":"https:\/\/www.salvaterra.fr\/fr\/wp-json\/wp\/v2\/media?parent=8594"}],"curies":[{"name":"wp","href":"https:\/\/api.w.org\/{rel}","templated":true}]}}