{"id":6006,"date":"2023-02-23T17:09:47","date_gmt":"2023-02-23T16:09:47","guid":{"rendered":"https:\/\/www.salvaterra.fr\/?post_type=references&#038;p=6006"},"modified":"2025-05-16T12:05:43","modified_gmt":"2025-05-16T10:05:43","slug":"evaluation-du-potentiel-de-la-finance-carbone-pour-proteger-les-mangroves","status":"publish","type":"references","link":"https:\/\/www.salvaterra.fr\/fr\/references\/evaluation-du-potentiel-de-la-finance-carbone-pour-proteger-les-mangroves\/","title":{"rendered":"Evaluation du potentiel de la finance carbone pour prot\u00e9ger les mangroves"},"template":"","acf":[],"yoast_head":"<!-- This site is optimized with the Yoast SEO plugin v22.4 - https:\/\/yoast.com\/wordpress\/plugins\/seo\/ -->\n<title>Evaluation du potentiel de la finance carbone pour prot\u00e9ger les mangroves - SalvaTerra, Bureau d\u2019\u00e9tudes en environnement, for\u00eat, agriculture et d\u00e9veloppement rural<\/title>\n<meta name=\"description\" content=\"\u00c9valuation du potentiel de la finance carbone pour prot\u00e9ger les mangroves au S\u00e9n\u00e9gal : capitalisation des initiatives pass\u00e9es et \u00e9valuation des perspectives futures ; analyse comparative des diff\u00e9rents m\u00e9canismes de mobilisation des cr\u00e9dits carbone (MDP ou d\u00e9marches volontaires) ; recommandations au Gouvernement s\u00e9n\u00e9galais et de ses partenaires pour am\u00e9liorer la mobilisation de la finance carbone pour les initiatives de restauration des mangroves et contribuer \u00e0 la r\u00e9alisation de la CDN.\" \/>\n<meta name=\"robots\" content=\"index, follow, max-snippet:-1, max-image-preview:large, max-video-preview:-1\" \/>\n<link rel=\"canonical\" href=\"https:\/\/www.salvaterra.fr\/fr\/references\/evaluation-du-potentiel-de-la-finance-carbone-pour-proteger-les-mangroves\/\" \/>\n<meta property=\"og:locale\" content=\"fr_FR\" \/>\n<meta property=\"og:type\" content=\"article\" \/>\n<meta property=\"og:title\" content=\"Evaluation du potentiel de la finance carbone pour prot\u00e9ger les mangroves - SalvaTerra, Bureau d\u2019\u00e9tudes en environnement, for\u00eat, agriculture et d\u00e9veloppement rural\" \/>\n<meta property=\"og:description\" content=\"\u00c9valuation du potentiel de la finance carbone pour prot\u00e9ger les mangroves au S\u00e9n\u00e9gal : capitalisation des initiatives pass\u00e9es et \u00e9valuation des perspectives futures ; analyse comparative des diff\u00e9rents m\u00e9canismes de mobilisation des cr\u00e9dits carbone (MDP ou d\u00e9marches volontaires) ; recommandations au Gouvernement s\u00e9n\u00e9galais et de ses partenaires pour am\u00e9liorer la mobilisation de la finance carbone pour les initiatives de restauration des mangroves et contribuer \u00e0 la r\u00e9alisation de la CDN.\" \/>\n<meta property=\"og:url\" content=\"https:\/\/www.salvaterra.fr\/fr\/references\/evaluation-du-potentiel-de-la-finance-carbone-pour-proteger-les-mangroves\/\" \/>\n<meta property=\"og:site_name\" content=\"SalvaTerra, Bureau d\u2019\u00e9tudes en environnement, for\u00eat, agriculture et d\u00e9veloppement rural\" \/>\n<meta property=\"article:modified_time\" content=\"2025-05-16T10:05:43+00:00\" \/>\n<meta property=\"og:image\" content=\"https:\/\/www.salvaterra.fr\/wp-content\/uploads\/2021\/07\/screenshot.png\" \/>\n\t<meta property=\"og:image:width\" content=\"880\" \/>\n\t<meta property=\"og:image:height\" content=\"660\" \/>\n\t<meta property=\"og:image:type\" content=\"image\/png\" \/>\n<meta name=\"twitter:card\" content=\"summary_large_image\" \/>\n<script type=\"application\/ld+json\" class=\"yoast-schema-graph\">{\"@context\":\"https:\/\/schema.org\",\"@graph\":[{\"@type\":\"WebPage\",\"@id\":\"https:\/\/www.salvaterra.fr\/fr\/references\/evaluation-du-potentiel-de-la-finance-carbone-pour-proteger-les-mangroves\/\",\"url\":\"https:\/\/www.salvaterra.fr\/fr\/references\/evaluation-du-potentiel-de-la-finance-carbone-pour-proteger-les-mangroves\/\",\"name\":\"Evaluation du potentiel de la finance carbone pour prot\u00e9ger les mangroves - SalvaTerra, Bureau d\u2019\u00e9tudes en environnement, for\u00eat, agriculture et d\u00e9veloppement rural\",\"isPartOf\":{\"@id\":\"https:\/\/www.salvaterra.fr\/fr\/#website\"},\"datePublished\":\"2023-02-23T16:09:47+00:00\",\"dateModified\":\"2025-05-16T10:05:43+00:00\",\"description\":\"\u00c9valuation du potentiel de la finance carbone pour prot\u00e9ger les mangroves au S\u00e9n\u00e9gal : capitalisation des initiatives pass\u00e9es et \u00e9valuation des perspectives futures ; analyse comparative des diff\u00e9rents m\u00e9canismes de mobilisation des cr\u00e9dits carbone (MDP ou d\u00e9marches volontaires) ; recommandations au Gouvernement s\u00e9n\u00e9galais et de ses partenaires pour am\u00e9liorer la mobilisation de la finance carbone pour les initiatives de restauration des mangroves et contribuer \u00e0 la r\u00e9alisation de la CDN.\",\"breadcrumb\":{\"@id\":\"https:\/\/www.salvaterra.fr\/fr\/references\/evaluation-du-potentiel-de-la-finance-carbone-pour-proteger-les-mangroves\/#breadcrumb\"},\"inLanguage\":\"fr-FR\",\"potentialAction\":[{\"@type\":\"ReadAction\",\"target\":[\"https:\/\/www.salvaterra.fr\/fr\/references\/evaluation-du-potentiel-de-la-finance-carbone-pour-proteger-les-mangroves\/\"]}]},{\"@type\":\"BreadcrumbList\",\"@id\":\"https:\/\/www.salvaterra.fr\/fr\/references\/evaluation-du-potentiel-de-la-finance-carbone-pour-proteger-les-mangroves\/#breadcrumb\",\"itemListElement\":[{\"@type\":\"ListItem\",\"position\":1,\"name\":\"Accueil\",\"item\":\"https:\/\/www.salvaterra.fr\/fr\/\"},{\"@type\":\"ListItem\",\"position\":2,\"name\":\"R\u00e9f\u00e9rences\",\"item\":\"https:\/\/www.salvaterra.fr\/fr\/references\/\"},{\"@type\":\"ListItem\",\"position\":3,\"name\":\"Evaluation du potentiel de la finance carbone pour prot\u00e9ger les mangroves\"}]},{\"@type\":\"WebSite\",\"@id\":\"https:\/\/www.salvaterra.fr\/fr\/#website\",\"url\":\"https:\/\/www.salvaterra.fr\/fr\/\",\"name\":\"SalvaTerra, Bureau d\u2019\u00e9tudes en environnement, for\u00eat, agriculture et d\u00e9veloppement rural\",\"description\":\"\",\"potentialAction\":[{\"@type\":\"SearchAction\",\"target\":{\"@type\":\"EntryPoint\",\"urlTemplate\":\"https:\/\/www.salvaterra.fr\/fr\/?s={search_term_string}\"},\"query-input\":\"required name=search_term_string\"}],\"inLanguage\":\"fr-FR\"}]}<\/script>\n<!-- \/ Yoast SEO plugin. -->","yoast_head_json":{"title":"Evaluation du potentiel de la finance carbone pour prot\u00e9ger les mangroves - SalvaTerra, Bureau d\u2019\u00e9tudes en environnement, for\u00eat, agriculture et d\u00e9veloppement rural","description":"\u00c9valuation du potentiel de la finance carbone pour prot\u00e9ger les mangroves au S\u00e9n\u00e9gal : capitalisation des initiatives pass\u00e9es et \u00e9valuation des perspectives futures ; analyse comparative des diff\u00e9rents m\u00e9canismes de mobilisation des cr\u00e9dits carbone (MDP ou d\u00e9marches volontaires) ; recommandations au Gouvernement s\u00e9n\u00e9galais et de ses partenaires pour am\u00e9liorer la mobilisation de la finance carbone pour les initiatives de restauration des mangroves et contribuer \u00e0 la r\u00e9alisation de la CDN.","robots":{"index":"index","follow":"follow","max-snippet":"max-snippet:-1","max-image-preview":"max-image-preview:large","max-video-preview":"max-video-preview:-1"},"canonical":"https:\/\/www.salvaterra.fr\/fr\/references\/evaluation-du-potentiel-de-la-finance-carbone-pour-proteger-les-mangroves\/","og_locale":"fr_FR","og_type":"article","og_title":"Evaluation du potentiel de la finance carbone pour prot\u00e9ger les mangroves - SalvaTerra, Bureau d\u2019\u00e9tudes en environnement, for\u00eat, agriculture et d\u00e9veloppement rural","og_description":"\u00c9valuation du potentiel de la finance carbone pour prot\u00e9ger les mangroves au S\u00e9n\u00e9gal : capitalisation des initiatives pass\u00e9es et \u00e9valuation des perspectives futures ; analyse comparative des diff\u00e9rents m\u00e9canismes de mobilisation des cr\u00e9dits carbone (MDP ou d\u00e9marches volontaires) ; recommandations au Gouvernement s\u00e9n\u00e9galais et de ses partenaires pour am\u00e9liorer la mobilisation de la finance carbone pour les initiatives de restauration des mangroves et contribuer \u00e0 la r\u00e9alisation de la CDN.","og_url":"https:\/\/www.salvaterra.fr\/fr\/references\/evaluation-du-potentiel-de-la-finance-carbone-pour-proteger-les-mangroves\/","og_site_name":"SalvaTerra, Bureau d\u2019\u00e9tudes en environnement, for\u00eat, agriculture et d\u00e9veloppement rural","article_modified_time":"2025-05-16T10:05:43+00:00","og_image":[{"width":880,"height":660,"url":"https:\/\/www.salvaterra.fr\/wp-content\/uploads\/2021\/07\/screenshot.png","type":"image\/png"}],"twitter_card":"summary_large_image","schema":{"@context":"https:\/\/schema.org","@graph":[{"@type":"WebPage","@id":"https:\/\/www.salvaterra.fr\/fr\/references\/evaluation-du-potentiel-de-la-finance-carbone-pour-proteger-les-mangroves\/","url":"https:\/\/www.salvaterra.fr\/fr\/references\/evaluation-du-potentiel-de-la-finance-carbone-pour-proteger-les-mangroves\/","name":"Evaluation du potentiel de la finance carbone pour prot\u00e9ger les mangroves - SalvaTerra, Bureau d\u2019\u00e9tudes en environnement, for\u00eat, agriculture et d\u00e9veloppement rural","isPartOf":{"@id":"https:\/\/www.salvaterra.fr\/fr\/#website"},"datePublished":"2023-02-23T16:09:47+00:00","dateModified":"2025-05-16T10:05:43+00:00","description":"\u00c9valuation du potentiel de la finance carbone pour prot\u00e9ger les mangroves au S\u00e9n\u00e9gal : capitalisation des initiatives pass\u00e9es et \u00e9valuation des perspectives futures ; analyse comparative des diff\u00e9rents m\u00e9canismes de mobilisation des cr\u00e9dits carbone (MDP ou d\u00e9marches volontaires) ; recommandations au Gouvernement s\u00e9n\u00e9galais et de ses partenaires pour am\u00e9liorer la mobilisation de la finance carbone pour les initiatives de restauration des mangroves et contribuer \u00e0 la r\u00e9alisation de la CDN.","breadcrumb":{"@id":"https:\/\/www.salvaterra.fr\/fr\/references\/evaluation-du-potentiel-de-la-finance-carbone-pour-proteger-les-mangroves\/#breadcrumb"},"inLanguage":"fr-FR","potentialAction":[{"@type":"ReadAction","target":["https:\/\/www.salvaterra.fr\/fr\/references\/evaluation-du-potentiel-de-la-finance-carbone-pour-proteger-les-mangroves\/"]}]},{"@type":"BreadcrumbList","@id":"https:\/\/www.salvaterra.fr\/fr\/references\/evaluation-du-potentiel-de-la-finance-carbone-pour-proteger-les-mangroves\/#breadcrumb","itemListElement":[{"@type":"ListItem","position":1,"name":"Accueil","item":"https:\/\/www.salvaterra.fr\/fr\/"},{"@type":"ListItem","position":2,"name":"R\u00e9f\u00e9rences","item":"https:\/\/www.salvaterra.fr\/fr\/references\/"},{"@type":"ListItem","position":3,"name":"Evaluation du potentiel de la finance carbone pour prot\u00e9ger les mangroves"}]},{"@type":"WebSite","@id":"https:\/\/www.salvaterra.fr\/fr\/#website","url":"https:\/\/www.salvaterra.fr\/fr\/","name":"SalvaTerra, Bureau d\u2019\u00e9tudes en environnement, for\u00eat, agriculture et d\u00e9veloppement rural","description":"","potentialAction":[{"@type":"SearchAction","target":{"@type":"EntryPoint","urlTemplate":"https:\/\/www.salvaterra.fr\/fr\/?s={search_term_string}"},"query-input":"required name=search_term_string"}],"inLanguage":"fr-FR"}]}},"pays":[209],"_links":{"self":[{"href":"https:\/\/www.salvaterra.fr\/fr\/wp-json\/wp\/v2\/references\/6006"}],"collection":[{"href":"https:\/\/www.salvaterra.fr\/fr\/wp-json\/wp\/v2\/references"}],"about":[{"href":"https:\/\/www.salvaterra.fr\/fr\/wp-json\/wp\/v2\/types\/references"}],"wp:attachment":[{"href":"https:\/\/www.salvaterra.fr\/fr\/wp-json\/wp\/v2\/media?parent=6006"}],"curies":[{"name":"wp","href":"https:\/\/api.w.org\/{rel}","templated":true}]}}