{"id":5992,"date":"2023-01-18T16:10:10","date_gmt":"2023-01-18T15:10:10","guid":{"rendered":"https:\/\/www.salvaterra.fr\/?post_type=references&#038;p=5992"},"modified":"2025-03-28T18:24:42","modified_gmt":"2025-03-28T17:24:42","slug":"evaluation-du-plan-strategique-de-pays-2019-2023-du-pam-en-mauritanie","status":"publish","type":"references","link":"https:\/\/www.salvaterra.fr\/fr\/references\/evaluation-du-plan-strategique-de-pays-2019-2023-du-pam-en-mauritanie\/","title":{"rendered":"\u00c9valuation du Plan strat\u00e9gique de pays 2019-2023 du PAM en Mauritanie"},"template":"","acf":[],"yoast_head":"<!-- This site is optimized with the Yoast SEO plugin v22.4 - https:\/\/yoast.com\/wordpress\/plugins\/seo\/ -->\n<title>\u00c9valuation du Plan strat\u00e9gique de pays 2019-2023 du PAM en Mauritanie - SalvaTerra, Bureau d\u2019\u00e9tudes en environnement, for\u00eat, agriculture et d\u00e9veloppement rural<\/title>\n<meta name=\"description\" content=\"\u00c9valuation du plan strat\u00e9gique de pays 2019-2023 du PAM en Mauritanie, couvrant sa mise en \u0153uvre jusqu&#039;\u00e0 mi-2021 et incluant les volets suivants : assistance alimentaire et nutritionnelle aux populations r\u00e9fugi\u00e9es ; appui au d\u00e9ploiement du syst\u00e8me national de protection sociale ; r\u00e9silience int\u00e9gr\u00e9e ; renforcement des capacit\u00e9s institutionnelles. \u00c9valuation ax\u00e9e sur le positionnement strat\u00e9gique du PAM, l\u2019efficacit\u00e9 de la mise en \u0153uvre et les facteurs expliquant sa performance. Recommandations pour la formulation du prochain plan strat\u00e9gique.\" \/>\n<meta name=\"robots\" content=\"index, follow, max-snippet:-1, max-image-preview:large, max-video-preview:-1\" \/>\n<link rel=\"canonical\" href=\"https:\/\/www.salvaterra.fr\/fr\/references\/evaluation-du-plan-strategique-de-pays-2019-2023-du-pam-en-mauritanie\/\" \/>\n<meta property=\"og:locale\" content=\"fr_FR\" \/>\n<meta property=\"og:type\" content=\"article\" \/>\n<meta property=\"og:title\" content=\"\u00c9valuation du Plan strat\u00e9gique de pays 2019-2023 du PAM en Mauritanie - SalvaTerra, Bureau d\u2019\u00e9tudes en environnement, for\u00eat, agriculture et d\u00e9veloppement rural\" \/>\n<meta property=\"og:description\" content=\"\u00c9valuation du plan strat\u00e9gique de pays 2019-2023 du PAM en Mauritanie, couvrant sa mise en \u0153uvre jusqu&#039;\u00e0 mi-2021 et incluant les volets suivants : assistance alimentaire et nutritionnelle aux populations r\u00e9fugi\u00e9es ; appui au d\u00e9ploiement du syst\u00e8me national de protection sociale ; r\u00e9silience int\u00e9gr\u00e9e ; renforcement des capacit\u00e9s institutionnelles. \u00c9valuation ax\u00e9e sur le positionnement strat\u00e9gique du PAM, l\u2019efficacit\u00e9 de la mise en \u0153uvre et les facteurs expliquant sa performance. Recommandations pour la formulation du prochain plan strat\u00e9gique.\" \/>\n<meta property=\"og:url\" content=\"https:\/\/www.salvaterra.fr\/fr\/references\/evaluation-du-plan-strategique-de-pays-2019-2023-du-pam-en-mauritanie\/\" \/>\n<meta property=\"og:site_name\" content=\"SalvaTerra, Bureau d\u2019\u00e9tudes en environnement, for\u00eat, agriculture et d\u00e9veloppement rural\" \/>\n<meta property=\"article:modified_time\" content=\"2025-03-28T17:24:42+00:00\" \/>\n<meta property=\"og:image\" content=\"https:\/\/www.salvaterra.fr\/wp-content\/uploads\/2021\/07\/screenshot.png\" \/>\n\t<meta property=\"og:image:width\" content=\"880\" \/>\n\t<meta property=\"og:image:height\" content=\"660\" \/>\n\t<meta property=\"og:image:type\" content=\"image\/png\" \/>\n<meta name=\"twitter:card\" content=\"summary_large_image\" \/>\n<script type=\"application\/ld+json\" class=\"yoast-schema-graph\">{\"@context\":\"https:\/\/schema.org\",\"@graph\":[{\"@type\":\"WebPage\",\"@id\":\"https:\/\/www.salvaterra.fr\/fr\/references\/evaluation-du-plan-strategique-de-pays-2019-2023-du-pam-en-mauritanie\/\",\"url\":\"https:\/\/www.salvaterra.fr\/fr\/references\/evaluation-du-plan-strategique-de-pays-2019-2023-du-pam-en-mauritanie\/\",\"name\":\"\u00c9valuation du Plan strat\u00e9gique de pays 2019-2023 du PAM en Mauritanie - SalvaTerra, Bureau d\u2019\u00e9tudes en environnement, for\u00eat, agriculture et d\u00e9veloppement rural\",\"isPartOf\":{\"@id\":\"https:\/\/www.salvaterra.fr\/fr\/#website\"},\"datePublished\":\"2023-01-18T15:10:10+00:00\",\"dateModified\":\"2025-03-28T17:24:42+00:00\",\"description\":\"\u00c9valuation du plan strat\u00e9gique de pays 2019-2023 du PAM en Mauritanie, couvrant sa mise en \u0153uvre jusqu'\u00e0 mi-2021 et incluant les volets suivants : assistance alimentaire et nutritionnelle aux populations r\u00e9fugi\u00e9es ; appui au d\u00e9ploiement du syst\u00e8me national de protection sociale ; r\u00e9silience int\u00e9gr\u00e9e ; renforcement des capacit\u00e9s institutionnelles. \u00c9valuation ax\u00e9e sur le positionnement strat\u00e9gique du PAM, l\u2019efficacit\u00e9 de la mise en \u0153uvre et les facteurs expliquant sa performance. Recommandations pour la formulation du prochain plan strat\u00e9gique.\",\"breadcrumb\":{\"@id\":\"https:\/\/www.salvaterra.fr\/fr\/references\/evaluation-du-plan-strategique-de-pays-2019-2023-du-pam-en-mauritanie\/#breadcrumb\"},\"inLanguage\":\"fr-FR\",\"potentialAction\":[{\"@type\":\"ReadAction\",\"target\":[\"https:\/\/www.salvaterra.fr\/fr\/references\/evaluation-du-plan-strategique-de-pays-2019-2023-du-pam-en-mauritanie\/\"]}]},{\"@type\":\"BreadcrumbList\",\"@id\":\"https:\/\/www.salvaterra.fr\/fr\/references\/evaluation-du-plan-strategique-de-pays-2019-2023-du-pam-en-mauritanie\/#breadcrumb\",\"itemListElement\":[{\"@type\":\"ListItem\",\"position\":1,\"name\":\"Accueil\",\"item\":\"https:\/\/www.salvaterra.fr\/fr\/\"},{\"@type\":\"ListItem\",\"position\":2,\"name\":\"R\u00e9f\u00e9rences\",\"item\":\"https:\/\/www.salvaterra.fr\/fr\/references\/\"},{\"@type\":\"ListItem\",\"position\":3,\"name\":\"\u00c9valuation du Plan strat\u00e9gique de pays 2019-2023 du PAM en Mauritanie\"}]},{\"@type\":\"WebSite\",\"@id\":\"https:\/\/www.salvaterra.fr\/fr\/#website\",\"url\":\"https:\/\/www.salvaterra.fr\/fr\/\",\"name\":\"SalvaTerra, Bureau d\u2019\u00e9tudes en environnement, for\u00eat, agriculture et d\u00e9veloppement rural\",\"description\":\"\",\"potentialAction\":[{\"@type\":\"SearchAction\",\"target\":{\"@type\":\"EntryPoint\",\"urlTemplate\":\"https:\/\/www.salvaterra.fr\/fr\/?s={search_term_string}\"},\"query-input\":\"required name=search_term_string\"}],\"inLanguage\":\"fr-FR\"}]}<\/script>\n<!-- \/ Yoast SEO plugin. -->","yoast_head_json":{"title":"\u00c9valuation du Plan strat\u00e9gique de pays 2019-2023 du PAM en Mauritanie - SalvaTerra, Bureau d\u2019\u00e9tudes en environnement, for\u00eat, agriculture et d\u00e9veloppement rural","description":"\u00c9valuation du plan strat\u00e9gique de pays 2019-2023 du PAM en Mauritanie, couvrant sa mise en \u0153uvre jusqu'\u00e0 mi-2021 et incluant les volets suivants : assistance alimentaire et nutritionnelle aux populations r\u00e9fugi\u00e9es ; appui au d\u00e9ploiement du syst\u00e8me national de protection sociale ; r\u00e9silience int\u00e9gr\u00e9e ; renforcement des capacit\u00e9s institutionnelles. \u00c9valuation ax\u00e9e sur le positionnement strat\u00e9gique du PAM, l\u2019efficacit\u00e9 de la mise en \u0153uvre et les facteurs expliquant sa performance. Recommandations pour la formulation du prochain plan strat\u00e9gique.","robots":{"index":"index","follow":"follow","max-snippet":"max-snippet:-1","max-image-preview":"max-image-preview:large","max-video-preview":"max-video-preview:-1"},"canonical":"https:\/\/www.salvaterra.fr\/fr\/references\/evaluation-du-plan-strategique-de-pays-2019-2023-du-pam-en-mauritanie\/","og_locale":"fr_FR","og_type":"article","og_title":"\u00c9valuation du Plan strat\u00e9gique de pays 2019-2023 du PAM en Mauritanie - SalvaTerra, Bureau d\u2019\u00e9tudes en environnement, for\u00eat, agriculture et d\u00e9veloppement rural","og_description":"\u00c9valuation du plan strat\u00e9gique de pays 2019-2023 du PAM en Mauritanie, couvrant sa mise en \u0153uvre jusqu'\u00e0 mi-2021 et incluant les volets suivants : assistance alimentaire et nutritionnelle aux populations r\u00e9fugi\u00e9es ; appui au d\u00e9ploiement du syst\u00e8me national de protection sociale ; r\u00e9silience int\u00e9gr\u00e9e ; renforcement des capacit\u00e9s institutionnelles. \u00c9valuation ax\u00e9e sur le positionnement strat\u00e9gique du PAM, l\u2019efficacit\u00e9 de la mise en \u0153uvre et les facteurs expliquant sa performance. Recommandations pour la formulation du prochain plan strat\u00e9gique.","og_url":"https:\/\/www.salvaterra.fr\/fr\/references\/evaluation-du-plan-strategique-de-pays-2019-2023-du-pam-en-mauritanie\/","og_site_name":"SalvaTerra, Bureau d\u2019\u00e9tudes en environnement, for\u00eat, agriculture et d\u00e9veloppement rural","article_modified_time":"2025-03-28T17:24:42+00:00","og_image":[{"width":880,"height":660,"url":"https:\/\/www.salvaterra.fr\/wp-content\/uploads\/2021\/07\/screenshot.png","type":"image\/png"}],"twitter_card":"summary_large_image","schema":{"@context":"https:\/\/schema.org","@graph":[{"@type":"WebPage","@id":"https:\/\/www.salvaterra.fr\/fr\/references\/evaluation-du-plan-strategique-de-pays-2019-2023-du-pam-en-mauritanie\/","url":"https:\/\/www.salvaterra.fr\/fr\/references\/evaluation-du-plan-strategique-de-pays-2019-2023-du-pam-en-mauritanie\/","name":"\u00c9valuation du Plan strat\u00e9gique de pays 2019-2023 du PAM en Mauritanie - SalvaTerra, Bureau d\u2019\u00e9tudes en environnement, for\u00eat, agriculture et d\u00e9veloppement rural","isPartOf":{"@id":"https:\/\/www.salvaterra.fr\/fr\/#website"},"datePublished":"2023-01-18T15:10:10+00:00","dateModified":"2025-03-28T17:24:42+00:00","description":"\u00c9valuation du plan strat\u00e9gique de pays 2019-2023 du PAM en Mauritanie, couvrant sa mise en \u0153uvre jusqu'\u00e0 mi-2021 et incluant les volets suivants : assistance alimentaire et nutritionnelle aux populations r\u00e9fugi\u00e9es ; appui au d\u00e9ploiement du syst\u00e8me national de protection sociale ; r\u00e9silience int\u00e9gr\u00e9e ; renforcement des capacit\u00e9s institutionnelles. \u00c9valuation ax\u00e9e sur le positionnement strat\u00e9gique du PAM, l\u2019efficacit\u00e9 de la mise en \u0153uvre et les facteurs expliquant sa performance. Recommandations pour la formulation du prochain plan strat\u00e9gique.","breadcrumb":{"@id":"https:\/\/www.salvaterra.fr\/fr\/references\/evaluation-du-plan-strategique-de-pays-2019-2023-du-pam-en-mauritanie\/#breadcrumb"},"inLanguage":"fr-FR","potentialAction":[{"@type":"ReadAction","target":["https:\/\/www.salvaterra.fr\/fr\/references\/evaluation-du-plan-strategique-de-pays-2019-2023-du-pam-en-mauritanie\/"]}]},{"@type":"BreadcrumbList","@id":"https:\/\/www.salvaterra.fr\/fr\/references\/evaluation-du-plan-strategique-de-pays-2019-2023-du-pam-en-mauritanie\/#breadcrumb","itemListElement":[{"@type":"ListItem","position":1,"name":"Accueil","item":"https:\/\/www.salvaterra.fr\/fr\/"},{"@type":"ListItem","position":2,"name":"R\u00e9f\u00e9rences","item":"https:\/\/www.salvaterra.fr\/fr\/references\/"},{"@type":"ListItem","position":3,"name":"\u00c9valuation du Plan strat\u00e9gique de pays 2019-2023 du PAM en Mauritanie"}]},{"@type":"WebSite","@id":"https:\/\/www.salvaterra.fr\/fr\/#website","url":"https:\/\/www.salvaterra.fr\/fr\/","name":"SalvaTerra, Bureau d\u2019\u00e9tudes en environnement, for\u00eat, agriculture et d\u00e9veloppement rural","description":"","potentialAction":[{"@type":"SearchAction","target":{"@type":"EntryPoint","urlTemplate":"https:\/\/www.salvaterra.fr\/fr\/?s={search_term_string}"},"query-input":"required name=search_term_string"}],"inLanguage":"fr-FR"}]}},"pays":[153],"_links":{"self":[{"href":"https:\/\/www.salvaterra.fr\/fr\/wp-json\/wp\/v2\/references\/5992"}],"collection":[{"href":"https:\/\/www.salvaterra.fr\/fr\/wp-json\/wp\/v2\/references"}],"about":[{"href":"https:\/\/www.salvaterra.fr\/fr\/wp-json\/wp\/v2\/types\/references"}],"wp:attachment":[{"href":"https:\/\/www.salvaterra.fr\/fr\/wp-json\/wp\/v2\/media?parent=5992"}],"curies":[{"name":"wp","href":"https:\/\/api.w.org\/{rel}","templated":true}]}}