{"id":5723,"date":"2023-02-22T12:19:38","date_gmt":"2023-02-22T11:19:38","guid":{"rendered":"https:\/\/www.salvaterra.fr\/?post_type=references&#038;p=5723"},"modified":"2025-04-20T15:55:50","modified_gmt":"2025-04-20T13:55:50","slug":"etude-dimpact-environnemental-et-social-eies-dune-plantation-agroforestiere","status":"publish","type":"references","link":"https:\/\/www.salvaterra.fr\/fr\/references\/etude-dimpact-environnemental-et-social-eies-dune-plantation-agroforestiere\/","title":{"rendered":"\u00c9tude d&rsquo;impact environnemental et social (EIES) d&rsquo;une plantation agroforesti\u00e8re"},"template":"","acf":[],"yoast_head":"<!-- This site is optimized with the Yoast SEO plugin v22.4 - https:\/\/yoast.com\/wordpress\/plugins\/seo\/ -->\n<title>\u00c9tude d&#039;impact environnemental et social (EIES) d&#039;une plantation agroforesti\u00e8re - SalvaTerra, Bureau d\u2019\u00e9tudes en environnement, for\u00eat, agriculture et d\u00e9veloppement rural<\/title>\n<meta name=\"description\" content=\"\u00c9tude d&#039;impact environnemental et social (EIES), selon les normes de la Banque Mondiale, pour un projet de reboisement de 40 000 ha, incluant 2 000 ha de plantations agroforesti\u00e8res g\u00e9r\u00e9es par les communaut\u00e9s. Projet financ\u00e9 par des investissements priv\u00e9s (sous accord de confidentialit\u00e9), dans le cadre du Programme national de reboisement (PRONAR) du Congo. Coordination d&#039;une \u00e9quipe de 20 experts mobilis\u00e9s sur les aspects de biodiversit\u00e9 et sociaux de l&#039;\u00e9tude.\" \/>\n<meta name=\"robots\" content=\"index, follow, max-snippet:-1, max-image-preview:large, max-video-preview:-1\" \/>\n<link rel=\"canonical\" href=\"https:\/\/www.salvaterra.fr\/fr\/references\/etude-dimpact-environnemental-et-social-eies-dune-plantation-agroforestiere\/\" \/>\n<meta property=\"og:locale\" content=\"fr_FR\" \/>\n<meta property=\"og:type\" content=\"article\" \/>\n<meta property=\"og:title\" content=\"\u00c9tude d&#039;impact environnemental et social (EIES) d&#039;une plantation agroforesti\u00e8re - SalvaTerra, Bureau d\u2019\u00e9tudes en environnement, for\u00eat, agriculture et d\u00e9veloppement rural\" \/>\n<meta property=\"og:description\" content=\"\u00c9tude d&#039;impact environnemental et social (EIES), selon les normes de la Banque Mondiale, pour un projet de reboisement de 40 000 ha, incluant 2 000 ha de plantations agroforesti\u00e8res g\u00e9r\u00e9es par les communaut\u00e9s. Projet financ\u00e9 par des investissements priv\u00e9s (sous accord de confidentialit\u00e9), dans le cadre du Programme national de reboisement (PRONAR) du Congo. Coordination d&#039;une \u00e9quipe de 20 experts mobilis\u00e9s sur les aspects de biodiversit\u00e9 et sociaux de l&#039;\u00e9tude.\" \/>\n<meta property=\"og:url\" content=\"https:\/\/www.salvaterra.fr\/fr\/references\/etude-dimpact-environnemental-et-social-eies-dune-plantation-agroforestiere\/\" \/>\n<meta property=\"og:site_name\" content=\"SalvaTerra, Bureau d\u2019\u00e9tudes en environnement, for\u00eat, agriculture et d\u00e9veloppement rural\" \/>\n<meta property=\"article:modified_time\" content=\"2025-04-20T13:55:50+00:00\" \/>\n<meta property=\"og:image\" content=\"https:\/\/www.salvaterra.fr\/wp-content\/uploads\/2021\/07\/screenshot.png\" \/>\n\t<meta property=\"og:image:width\" content=\"880\" \/>\n\t<meta property=\"og:image:height\" content=\"660\" \/>\n\t<meta property=\"og:image:type\" content=\"image\/png\" \/>\n<meta name=\"twitter:card\" content=\"summary_large_image\" \/>\n<script type=\"application\/ld+json\" class=\"yoast-schema-graph\">{\"@context\":\"https:\/\/schema.org\",\"@graph\":[{\"@type\":\"WebPage\",\"@id\":\"https:\/\/www.salvaterra.fr\/fr\/references\/etude-dimpact-environnemental-et-social-eies-dune-plantation-agroforestiere\/\",\"url\":\"https:\/\/www.salvaterra.fr\/fr\/references\/etude-dimpact-environnemental-et-social-eies-dune-plantation-agroforestiere\/\",\"name\":\"\u00c9tude d'impact environnemental et social (EIES) d'une plantation agroforesti\u00e8re - SalvaTerra, Bureau d\u2019\u00e9tudes en environnement, for\u00eat, agriculture et d\u00e9veloppement rural\",\"isPartOf\":{\"@id\":\"https:\/\/www.salvaterra.fr\/fr\/#website\"},\"datePublished\":\"2023-02-22T11:19:38+00:00\",\"dateModified\":\"2025-04-20T13:55:50+00:00\",\"description\":\"\u00c9tude d'impact environnemental et social (EIES), selon les normes de la Banque Mondiale, pour un projet de reboisement de 40 000 ha, incluant 2 000 ha de plantations agroforesti\u00e8res g\u00e9r\u00e9es par les communaut\u00e9s. Projet financ\u00e9 par des investissements priv\u00e9s (sous accord de confidentialit\u00e9), dans le cadre du Programme national de reboisement (PRONAR) du Congo. Coordination d'une \u00e9quipe de 20 experts mobilis\u00e9s sur les aspects de biodiversit\u00e9 et sociaux de l'\u00e9tude.\",\"breadcrumb\":{\"@id\":\"https:\/\/www.salvaterra.fr\/fr\/references\/etude-dimpact-environnemental-et-social-eies-dune-plantation-agroforestiere\/#breadcrumb\"},\"inLanguage\":\"fr-FR\",\"potentialAction\":[{\"@type\":\"ReadAction\",\"target\":[\"https:\/\/www.salvaterra.fr\/fr\/references\/etude-dimpact-environnemental-et-social-eies-dune-plantation-agroforestiere\/\"]}]},{\"@type\":\"BreadcrumbList\",\"@id\":\"https:\/\/www.salvaterra.fr\/fr\/references\/etude-dimpact-environnemental-et-social-eies-dune-plantation-agroforestiere\/#breadcrumb\",\"itemListElement\":[{\"@type\":\"ListItem\",\"position\":1,\"name\":\"Accueil\",\"item\":\"https:\/\/www.salvaterra.fr\/fr\/\"},{\"@type\":\"ListItem\",\"position\":2,\"name\":\"R\u00e9f\u00e9rences\",\"item\":\"https:\/\/www.salvaterra.fr\/fr\/references\/\"},{\"@type\":\"ListItem\",\"position\":3,\"name\":\"\u00c9tude d&rsquo;impact environnemental et social (EIES) d&rsquo;une plantation agroforesti\u00e8re\"}]},{\"@type\":\"WebSite\",\"@id\":\"https:\/\/www.salvaterra.fr\/fr\/#website\",\"url\":\"https:\/\/www.salvaterra.fr\/fr\/\",\"name\":\"SalvaTerra, Bureau d\u2019\u00e9tudes en environnement, for\u00eat, agriculture et d\u00e9veloppement rural\",\"description\":\"\",\"potentialAction\":[{\"@type\":\"SearchAction\",\"target\":{\"@type\":\"EntryPoint\",\"urlTemplate\":\"https:\/\/www.salvaterra.fr\/fr\/?s={search_term_string}\"},\"query-input\":\"required name=search_term_string\"}],\"inLanguage\":\"fr-FR\"}]}<\/script>\n<!-- \/ Yoast SEO plugin. -->","yoast_head_json":{"title":"\u00c9tude d'impact environnemental et social (EIES) d'une plantation agroforesti\u00e8re - SalvaTerra, Bureau d\u2019\u00e9tudes en environnement, for\u00eat, agriculture et d\u00e9veloppement rural","description":"\u00c9tude d'impact environnemental et social (EIES), selon les normes de la Banque Mondiale, pour un projet de reboisement de 40 000 ha, incluant 2 000 ha de plantations agroforesti\u00e8res g\u00e9r\u00e9es par les communaut\u00e9s. Projet financ\u00e9 par des investissements priv\u00e9s (sous accord de confidentialit\u00e9), dans le cadre du Programme national de reboisement (PRONAR) du Congo. Coordination d'une \u00e9quipe de 20 experts mobilis\u00e9s sur les aspects de biodiversit\u00e9 et sociaux de l'\u00e9tude.","robots":{"index":"index","follow":"follow","max-snippet":"max-snippet:-1","max-image-preview":"max-image-preview:large","max-video-preview":"max-video-preview:-1"},"canonical":"https:\/\/www.salvaterra.fr\/fr\/references\/etude-dimpact-environnemental-et-social-eies-dune-plantation-agroforestiere\/","og_locale":"fr_FR","og_type":"article","og_title":"\u00c9tude d'impact environnemental et social (EIES) d'une plantation agroforesti\u00e8re - SalvaTerra, Bureau d\u2019\u00e9tudes en environnement, for\u00eat, agriculture et d\u00e9veloppement rural","og_description":"\u00c9tude d'impact environnemental et social (EIES), selon les normes de la Banque Mondiale, pour un projet de reboisement de 40 000 ha, incluant 2 000 ha de plantations agroforesti\u00e8res g\u00e9r\u00e9es par les communaut\u00e9s. Projet financ\u00e9 par des investissements priv\u00e9s (sous accord de confidentialit\u00e9), dans le cadre du Programme national de reboisement (PRONAR) du Congo. Coordination d'une \u00e9quipe de 20 experts mobilis\u00e9s sur les aspects de biodiversit\u00e9 et sociaux de l'\u00e9tude.","og_url":"https:\/\/www.salvaterra.fr\/fr\/references\/etude-dimpact-environnemental-et-social-eies-dune-plantation-agroforestiere\/","og_site_name":"SalvaTerra, Bureau d\u2019\u00e9tudes en environnement, for\u00eat, agriculture et d\u00e9veloppement rural","article_modified_time":"2025-04-20T13:55:50+00:00","og_image":[{"width":880,"height":660,"url":"https:\/\/www.salvaterra.fr\/wp-content\/uploads\/2021\/07\/screenshot.png","type":"image\/png"}],"twitter_card":"summary_large_image","schema":{"@context":"https:\/\/schema.org","@graph":[{"@type":"WebPage","@id":"https:\/\/www.salvaterra.fr\/fr\/references\/etude-dimpact-environnemental-et-social-eies-dune-plantation-agroforestiere\/","url":"https:\/\/www.salvaterra.fr\/fr\/references\/etude-dimpact-environnemental-et-social-eies-dune-plantation-agroforestiere\/","name":"\u00c9tude d'impact environnemental et social (EIES) d'une plantation agroforesti\u00e8re - SalvaTerra, Bureau d\u2019\u00e9tudes en environnement, for\u00eat, agriculture et d\u00e9veloppement rural","isPartOf":{"@id":"https:\/\/www.salvaterra.fr\/fr\/#website"},"datePublished":"2023-02-22T11:19:38+00:00","dateModified":"2025-04-20T13:55:50+00:00","description":"\u00c9tude d'impact environnemental et social (EIES), selon les normes de la Banque Mondiale, pour un projet de reboisement de 40 000 ha, incluant 2 000 ha de plantations agroforesti\u00e8res g\u00e9r\u00e9es par les communaut\u00e9s. Projet financ\u00e9 par des investissements priv\u00e9s (sous accord de confidentialit\u00e9), dans le cadre du Programme national de reboisement (PRONAR) du Congo. Coordination d'une \u00e9quipe de 20 experts mobilis\u00e9s sur les aspects de biodiversit\u00e9 et sociaux de l'\u00e9tude.","breadcrumb":{"@id":"https:\/\/www.salvaterra.fr\/fr\/references\/etude-dimpact-environnemental-et-social-eies-dune-plantation-agroforestiere\/#breadcrumb"},"inLanguage":"fr-FR","potentialAction":[{"@type":"ReadAction","target":["https:\/\/www.salvaterra.fr\/fr\/references\/etude-dimpact-environnemental-et-social-eies-dune-plantation-agroforestiere\/"]}]},{"@type":"BreadcrumbList","@id":"https:\/\/www.salvaterra.fr\/fr\/references\/etude-dimpact-environnemental-et-social-eies-dune-plantation-agroforestiere\/#breadcrumb","itemListElement":[{"@type":"ListItem","position":1,"name":"Accueil","item":"https:\/\/www.salvaterra.fr\/fr\/"},{"@type":"ListItem","position":2,"name":"R\u00e9f\u00e9rences","item":"https:\/\/www.salvaterra.fr\/fr\/references\/"},{"@type":"ListItem","position":3,"name":"\u00c9tude d&rsquo;impact environnemental et social (EIES) d&rsquo;une plantation agroforesti\u00e8re"}]},{"@type":"WebSite","@id":"https:\/\/www.salvaterra.fr\/fr\/#website","url":"https:\/\/www.salvaterra.fr\/fr\/","name":"SalvaTerra, Bureau d\u2019\u00e9tudes en environnement, for\u00eat, agriculture et d\u00e9veloppement rural","description":"","potentialAction":[{"@type":"SearchAction","target":{"@type":"EntryPoint","urlTemplate":"https:\/\/www.salvaterra.fr\/fr\/?s={search_term_string}"},"query-input":"required name=search_term_string"}],"inLanguage":"fr-FR"}]}},"pays":[63],"_links":{"self":[{"href":"https:\/\/www.salvaterra.fr\/fr\/wp-json\/wp\/v2\/references\/5723"}],"collection":[{"href":"https:\/\/www.salvaterra.fr\/fr\/wp-json\/wp\/v2\/references"}],"about":[{"href":"https:\/\/www.salvaterra.fr\/fr\/wp-json\/wp\/v2\/types\/references"}],"wp:attachment":[{"href":"https:\/\/www.salvaterra.fr\/fr\/wp-json\/wp\/v2\/media?parent=5723"}],"curies":[{"name":"wp","href":"https:\/\/api.w.org\/{rel}","templated":true}]}}