{"id":5716,"date":"2022-05-06T17:17:44","date_gmt":"2022-05-06T15:17:44","guid":{"rendered":"https:\/\/www.salvaterra.fr\/?post_type=references&#038;p=5716"},"modified":"2025-02-07T10:03:59","modified_gmt":"2025-02-07T09:03:59","slug":"evaluation-a-mi-parcours-du-projet-controle-de-lamenagement-forestier-caf","status":"publish","type":"references","link":"https:\/\/www.salvaterra.fr\/fr\/references\/evaluation-a-mi-parcours-du-projet-controle-de-lamenagement-forestier-caf\/","title":{"rendered":"\u00c9valuation \u00e0 mi-parcours du projet Contr\u00f4le de l\u2019am\u00e9nagement forestier (CAF)"},"template":"","acf":[],"yoast_head":"<!-- This site is optimized with the Yoast SEO plugin v22.4 - https:\/\/yoast.com\/wordpress\/plugins\/seo\/ -->\n<title>\u00c9valuation \u00e0 mi-parcours du projet Contr\u00f4le de l\u2019am\u00e9nagement forestier (CAF) - SalvaTerra, Bureau d\u2019\u00e9tudes en environnement, for\u00eat, agriculture et d\u00e9veloppement rural<\/title>\n<meta name=\"description\" content=\"\u00c9valuation \u00e0 mi-parcours du projet de Contr\u00f4le de l&#039;am\u00e9nagement forestier (CAF) financ\u00e9 \u00e0 hauteur de 12 millions d&#039;euros par l&#039;accord de conversion de dette France-Gabon : Analyse critique du d\u00e9roulement du projet ; \u00c9valuation des premiers r\u00e9sultats (application des directives du manuel de proc\u00e9dures du projet, impact des missions de contr\u00f4le et de police foresti\u00e8re, etc.) r\u00e9alis\u00e9e selon le crit\u00e8res du Comit\u00e9 d&#039;aide au d\u00e9veloppement (CAD) de l&#039;OCDE ; Recommandations op\u00e9rationnelles pour la suite.\" \/>\n<meta name=\"robots\" content=\"index, follow, max-snippet:-1, max-image-preview:large, max-video-preview:-1\" \/>\n<link rel=\"canonical\" href=\"https:\/\/www.salvaterra.fr\/fr\/references\/evaluation-a-mi-parcours-du-projet-controle-de-lamenagement-forestier-caf\/\" \/>\n<meta property=\"og:locale\" content=\"fr_FR\" \/>\n<meta property=\"og:type\" content=\"article\" \/>\n<meta property=\"og:title\" content=\"\u00c9valuation \u00e0 mi-parcours du projet Contr\u00f4le de l\u2019am\u00e9nagement forestier (CAF) - SalvaTerra, Bureau d\u2019\u00e9tudes en environnement, for\u00eat, agriculture et d\u00e9veloppement rural\" \/>\n<meta property=\"og:description\" content=\"\u00c9valuation \u00e0 mi-parcours du projet de Contr\u00f4le de l&#039;am\u00e9nagement forestier (CAF) financ\u00e9 \u00e0 hauteur de 12 millions d&#039;euros par l&#039;accord de conversion de dette France-Gabon : Analyse critique du d\u00e9roulement du projet ; \u00c9valuation des premiers r\u00e9sultats (application des directives du manuel de proc\u00e9dures du projet, impact des missions de contr\u00f4le et de police foresti\u00e8re, etc.) r\u00e9alis\u00e9e selon le crit\u00e8res du Comit\u00e9 d&#039;aide au d\u00e9veloppement (CAD) de l&#039;OCDE ; Recommandations op\u00e9rationnelles pour la suite.\" \/>\n<meta property=\"og:url\" content=\"https:\/\/www.salvaterra.fr\/fr\/references\/evaluation-a-mi-parcours-du-projet-controle-de-lamenagement-forestier-caf\/\" \/>\n<meta property=\"og:site_name\" content=\"SalvaTerra, Bureau d\u2019\u00e9tudes en environnement, for\u00eat, agriculture et d\u00e9veloppement rural\" \/>\n<meta property=\"article:modified_time\" content=\"2025-02-07T09:03:59+00:00\" \/>\n<meta property=\"og:image\" content=\"https:\/\/www.salvaterra.fr\/wp-content\/uploads\/2021\/07\/screenshot.png\" \/>\n\t<meta property=\"og:image:width\" content=\"880\" \/>\n\t<meta property=\"og:image:height\" content=\"660\" \/>\n\t<meta property=\"og:image:type\" content=\"image\/png\" \/>\n<meta name=\"twitter:card\" content=\"summary_large_image\" \/>\n<script type=\"application\/ld+json\" class=\"yoast-schema-graph\">{\"@context\":\"https:\/\/schema.org\",\"@graph\":[{\"@type\":\"WebPage\",\"@id\":\"https:\/\/www.salvaterra.fr\/fr\/references\/evaluation-a-mi-parcours-du-projet-controle-de-lamenagement-forestier-caf\/\",\"url\":\"https:\/\/www.salvaterra.fr\/fr\/references\/evaluation-a-mi-parcours-du-projet-controle-de-lamenagement-forestier-caf\/\",\"name\":\"\u00c9valuation \u00e0 mi-parcours du projet Contr\u00f4le de l\u2019am\u00e9nagement forestier (CAF) - SalvaTerra, Bureau d\u2019\u00e9tudes en environnement, for\u00eat, agriculture et d\u00e9veloppement rural\",\"isPartOf\":{\"@id\":\"https:\/\/www.salvaterra.fr\/fr\/#website\"},\"datePublished\":\"2022-05-06T15:17:44+00:00\",\"dateModified\":\"2025-02-07T09:03:59+00:00\",\"description\":\"\u00c9valuation \u00e0 mi-parcours du projet de Contr\u00f4le de l'am\u00e9nagement forestier (CAF) financ\u00e9 \u00e0 hauteur de 12 millions d'euros par l'accord de conversion de dette France-Gabon : Analyse critique du d\u00e9roulement du projet ; \u00c9valuation des premiers r\u00e9sultats (application des directives du manuel de proc\u00e9dures du projet, impact des missions de contr\u00f4le et de police foresti\u00e8re, etc.) r\u00e9alis\u00e9e selon le crit\u00e8res du Comit\u00e9 d'aide au d\u00e9veloppement (CAD) de l'OCDE ; Recommandations op\u00e9rationnelles pour la suite.\",\"breadcrumb\":{\"@id\":\"https:\/\/www.salvaterra.fr\/fr\/references\/evaluation-a-mi-parcours-du-projet-controle-de-lamenagement-forestier-caf\/#breadcrumb\"},\"inLanguage\":\"fr-FR\",\"potentialAction\":[{\"@type\":\"ReadAction\",\"target\":[\"https:\/\/www.salvaterra.fr\/fr\/references\/evaluation-a-mi-parcours-du-projet-controle-de-lamenagement-forestier-caf\/\"]}]},{\"@type\":\"BreadcrumbList\",\"@id\":\"https:\/\/www.salvaterra.fr\/fr\/references\/evaluation-a-mi-parcours-du-projet-controle-de-lamenagement-forestier-caf\/#breadcrumb\",\"itemListElement\":[{\"@type\":\"ListItem\",\"position\":1,\"name\":\"Accueil\",\"item\":\"https:\/\/www.salvaterra.fr\/fr\/\"},{\"@type\":\"ListItem\",\"position\":2,\"name\":\"R\u00e9f\u00e9rences\",\"item\":\"https:\/\/www.salvaterra.fr\/fr\/references\/\"},{\"@type\":\"ListItem\",\"position\":3,\"name\":\"\u00c9valuation \u00e0 mi-parcours du projet Contr\u00f4le de l\u2019am\u00e9nagement forestier (CAF)\"}]},{\"@type\":\"WebSite\",\"@id\":\"https:\/\/www.salvaterra.fr\/fr\/#website\",\"url\":\"https:\/\/www.salvaterra.fr\/fr\/\",\"name\":\"SalvaTerra, Bureau d\u2019\u00e9tudes en environnement, for\u00eat, agriculture et d\u00e9veloppement rural\",\"description\":\"\",\"potentialAction\":[{\"@type\":\"SearchAction\",\"target\":{\"@type\":\"EntryPoint\",\"urlTemplate\":\"https:\/\/www.salvaterra.fr\/fr\/?s={search_term_string}\"},\"query-input\":\"required name=search_term_string\"}],\"inLanguage\":\"fr-FR\"}]}<\/script>\n<!-- \/ Yoast SEO plugin. -->","yoast_head_json":{"title":"\u00c9valuation \u00e0 mi-parcours du projet Contr\u00f4le de l\u2019am\u00e9nagement forestier (CAF) - SalvaTerra, Bureau d\u2019\u00e9tudes en environnement, for\u00eat, agriculture et d\u00e9veloppement rural","description":"\u00c9valuation \u00e0 mi-parcours du projet de Contr\u00f4le de l'am\u00e9nagement forestier (CAF) financ\u00e9 \u00e0 hauteur de 12 millions d'euros par l'accord de conversion de dette France-Gabon : Analyse critique du d\u00e9roulement du projet ; \u00c9valuation des premiers r\u00e9sultats (application des directives du manuel de proc\u00e9dures du projet, impact des missions de contr\u00f4le et de police foresti\u00e8re, etc.) r\u00e9alis\u00e9e selon le crit\u00e8res du Comit\u00e9 d'aide au d\u00e9veloppement (CAD) de l'OCDE ; Recommandations op\u00e9rationnelles pour la suite.","robots":{"index":"index","follow":"follow","max-snippet":"max-snippet:-1","max-image-preview":"max-image-preview:large","max-video-preview":"max-video-preview:-1"},"canonical":"https:\/\/www.salvaterra.fr\/fr\/references\/evaluation-a-mi-parcours-du-projet-controle-de-lamenagement-forestier-caf\/","og_locale":"fr_FR","og_type":"article","og_title":"\u00c9valuation \u00e0 mi-parcours du projet Contr\u00f4le de l\u2019am\u00e9nagement forestier (CAF) - SalvaTerra, Bureau d\u2019\u00e9tudes en environnement, for\u00eat, agriculture et d\u00e9veloppement rural","og_description":"\u00c9valuation \u00e0 mi-parcours du projet de Contr\u00f4le de l'am\u00e9nagement forestier (CAF) financ\u00e9 \u00e0 hauteur de 12 millions d'euros par l'accord de conversion de dette France-Gabon : Analyse critique du d\u00e9roulement du projet ; \u00c9valuation des premiers r\u00e9sultats (application des directives du manuel de proc\u00e9dures du projet, impact des missions de contr\u00f4le et de police foresti\u00e8re, etc.) r\u00e9alis\u00e9e selon le crit\u00e8res du Comit\u00e9 d'aide au d\u00e9veloppement (CAD) de l'OCDE ; Recommandations op\u00e9rationnelles pour la suite.","og_url":"https:\/\/www.salvaterra.fr\/fr\/references\/evaluation-a-mi-parcours-du-projet-controle-de-lamenagement-forestier-caf\/","og_site_name":"SalvaTerra, Bureau d\u2019\u00e9tudes en environnement, for\u00eat, agriculture et d\u00e9veloppement rural","article_modified_time":"2025-02-07T09:03:59+00:00","og_image":[{"width":880,"height":660,"url":"https:\/\/www.salvaterra.fr\/wp-content\/uploads\/2021\/07\/screenshot.png","type":"image\/png"}],"twitter_card":"summary_large_image","schema":{"@context":"https:\/\/schema.org","@graph":[{"@type":"WebPage","@id":"https:\/\/www.salvaterra.fr\/fr\/references\/evaluation-a-mi-parcours-du-projet-controle-de-lamenagement-forestier-caf\/","url":"https:\/\/www.salvaterra.fr\/fr\/references\/evaluation-a-mi-parcours-du-projet-controle-de-lamenagement-forestier-caf\/","name":"\u00c9valuation \u00e0 mi-parcours du projet Contr\u00f4le de l\u2019am\u00e9nagement forestier (CAF) - SalvaTerra, Bureau d\u2019\u00e9tudes en environnement, for\u00eat, agriculture et d\u00e9veloppement rural","isPartOf":{"@id":"https:\/\/www.salvaterra.fr\/fr\/#website"},"datePublished":"2022-05-06T15:17:44+00:00","dateModified":"2025-02-07T09:03:59+00:00","description":"\u00c9valuation \u00e0 mi-parcours du projet de Contr\u00f4le de l'am\u00e9nagement forestier (CAF) financ\u00e9 \u00e0 hauteur de 12 millions d'euros par l'accord de conversion de dette France-Gabon : Analyse critique du d\u00e9roulement du projet ; \u00c9valuation des premiers r\u00e9sultats (application des directives du manuel de proc\u00e9dures du projet, impact des missions de contr\u00f4le et de police foresti\u00e8re, etc.) r\u00e9alis\u00e9e selon le crit\u00e8res du Comit\u00e9 d'aide au d\u00e9veloppement (CAD) de l'OCDE ; Recommandations op\u00e9rationnelles pour la suite.","breadcrumb":{"@id":"https:\/\/www.salvaterra.fr\/fr\/references\/evaluation-a-mi-parcours-du-projet-controle-de-lamenagement-forestier-caf\/#breadcrumb"},"inLanguage":"fr-FR","potentialAction":[{"@type":"ReadAction","target":["https:\/\/www.salvaterra.fr\/fr\/references\/evaluation-a-mi-parcours-du-projet-controle-de-lamenagement-forestier-caf\/"]}]},{"@type":"BreadcrumbList","@id":"https:\/\/www.salvaterra.fr\/fr\/references\/evaluation-a-mi-parcours-du-projet-controle-de-lamenagement-forestier-caf\/#breadcrumb","itemListElement":[{"@type":"ListItem","position":1,"name":"Accueil","item":"https:\/\/www.salvaterra.fr\/fr\/"},{"@type":"ListItem","position":2,"name":"R\u00e9f\u00e9rences","item":"https:\/\/www.salvaterra.fr\/fr\/references\/"},{"@type":"ListItem","position":3,"name":"\u00c9valuation \u00e0 mi-parcours du projet Contr\u00f4le de l\u2019am\u00e9nagement forestier (CAF)"}]},{"@type":"WebSite","@id":"https:\/\/www.salvaterra.fr\/fr\/#website","url":"https:\/\/www.salvaterra.fr\/fr\/","name":"SalvaTerra, Bureau d\u2019\u00e9tudes en environnement, for\u00eat, agriculture et d\u00e9veloppement rural","description":"","potentialAction":[{"@type":"SearchAction","target":{"@type":"EntryPoint","urlTemplate":"https:\/\/www.salvaterra.fr\/fr\/?s={search_term_string}"},"query-input":"required name=search_term_string"}],"inLanguage":"fr-FR"}]}},"pays":[93],"_links":{"self":[{"href":"https:\/\/www.salvaterra.fr\/fr\/wp-json\/wp\/v2\/references\/5716"}],"collection":[{"href":"https:\/\/www.salvaterra.fr\/fr\/wp-json\/wp\/v2\/references"}],"about":[{"href":"https:\/\/www.salvaterra.fr\/fr\/wp-json\/wp\/v2\/types\/references"}],"wp:attachment":[{"href":"https:\/\/www.salvaterra.fr\/fr\/wp-json\/wp\/v2\/media?parent=5716"}],"curies":[{"name":"wp","href":"https:\/\/api.w.org\/{rel}","templated":true}]}}