{"id":5382,"date":"2022-01-10T17:08:55","date_gmt":"2022-01-10T16:08:55","guid":{"rendered":"https:\/\/www.salvaterra.fr\/?post_type=references&#038;p=5382"},"modified":"2024-12-09T16:15:28","modified_gmt":"2024-12-09T15:15:28","slug":"evaluation-mi-parcours-et-finale-du-projet-fonabes-sahel-et-pre-faisabilite-dune-2nde-phase","status":"publish","type":"references","link":"https:\/\/www.salvaterra.fr\/fr\/references\/evaluation-mi-parcours-et-finale-du-projet-fonabes-sahel-et-pre-faisabilite-dune-2nde-phase\/","title":{"rendered":"\u00c9valuation mi-parcours et finale du projet FONABES Sahel et pr\u00e9-faisabilit\u00e9 d&rsquo;une 2nde phase"},"template":"","acf":[],"yoast_head":"<!-- This site is optimized with the Yoast SEO plugin v22.4 - https:\/\/yoast.com\/wordpress\/plugins\/seo\/ -->\n<title>\u00c9valuation mi-parcours et finale du projet FONABES Sahel et pr\u00e9-faisabilit\u00e9 d&#039;une 2nde phase - SalvaTerra, Bureau d\u2019\u00e9tudes en environnement, for\u00eat, agriculture et d\u00e9veloppement rural<\/title>\n<meta name=\"description\" content=\"\u00c9valuation \u00e0 mi-parcours et finale du Projet de \u00ab Gestion des for\u00eats naturelles et approvisionnement durable en bois \u00e9nergie des villes du Sahel \u00bb (FONABES) mis en \u0153uvre par le CIRAD de 2014 \u00e0 2021 au Burkina Faso, Niger et Mali : \u00c9valuation des r\u00e9sultats (Rationaliser la production et la consommation de bois ; D\u00e9centraliser la gestion des for\u00eats ; Contr\u00f4ler les flux de bois et les taxes ; Promouvoir une fiscalit\u00e9 incitative) ; Recommandations op\u00e9rationnelles ; \u00c9tude de pr\u00e9-faisabilit\u00e9 d&#039;une seconde phase.\" \/>\n<meta name=\"robots\" content=\"index, follow, max-snippet:-1, max-image-preview:large, max-video-preview:-1\" \/>\n<link rel=\"canonical\" href=\"https:\/\/www.salvaterra.fr\/fr\/references\/evaluation-mi-parcours-et-finale-du-projet-fonabes-sahel-et-pre-faisabilite-dune-2nde-phase\/\" \/>\n<meta property=\"og:locale\" content=\"fr_FR\" \/>\n<meta property=\"og:type\" content=\"article\" \/>\n<meta property=\"og:title\" content=\"\u00c9valuation mi-parcours et finale du projet FONABES Sahel et pr\u00e9-faisabilit\u00e9 d&#039;une 2nde phase - SalvaTerra, Bureau d\u2019\u00e9tudes en environnement, for\u00eat, agriculture et d\u00e9veloppement rural\" \/>\n<meta property=\"og:description\" content=\"\u00c9valuation \u00e0 mi-parcours et finale du Projet de \u00ab Gestion des for\u00eats naturelles et approvisionnement durable en bois \u00e9nergie des villes du Sahel \u00bb (FONABES) mis en \u0153uvre par le CIRAD de 2014 \u00e0 2021 au Burkina Faso, Niger et Mali : \u00c9valuation des r\u00e9sultats (Rationaliser la production et la consommation de bois ; D\u00e9centraliser la gestion des for\u00eats ; Contr\u00f4ler les flux de bois et les taxes ; Promouvoir une fiscalit\u00e9 incitative) ; Recommandations op\u00e9rationnelles ; \u00c9tude de pr\u00e9-faisabilit\u00e9 d&#039;une seconde phase.\" \/>\n<meta property=\"og:url\" content=\"https:\/\/www.salvaterra.fr\/fr\/references\/evaluation-mi-parcours-et-finale-du-projet-fonabes-sahel-et-pre-faisabilite-dune-2nde-phase\/\" \/>\n<meta property=\"og:site_name\" content=\"SalvaTerra, Bureau d\u2019\u00e9tudes en environnement, for\u00eat, agriculture et d\u00e9veloppement rural\" \/>\n<meta property=\"article:modified_time\" content=\"2024-12-09T15:15:28+00:00\" \/>\n<meta property=\"og:image\" content=\"https:\/\/www.salvaterra.fr\/wp-content\/uploads\/2021\/07\/screenshot.png\" \/>\n\t<meta property=\"og:image:width\" content=\"880\" \/>\n\t<meta property=\"og:image:height\" content=\"660\" \/>\n\t<meta property=\"og:image:type\" content=\"image\/png\" \/>\n<meta name=\"twitter:card\" content=\"summary_large_image\" \/>\n<script type=\"application\/ld+json\" class=\"yoast-schema-graph\">{\"@context\":\"https:\/\/schema.org\",\"@graph\":[{\"@type\":\"WebPage\",\"@id\":\"https:\/\/www.salvaterra.fr\/fr\/references\/evaluation-mi-parcours-et-finale-du-projet-fonabes-sahel-et-pre-faisabilite-dune-2nde-phase\/\",\"url\":\"https:\/\/www.salvaterra.fr\/fr\/references\/evaluation-mi-parcours-et-finale-du-projet-fonabes-sahel-et-pre-faisabilite-dune-2nde-phase\/\",\"name\":\"\u00c9valuation mi-parcours et finale du projet FONABES Sahel et pr\u00e9-faisabilit\u00e9 d'une 2nde phase - SalvaTerra, Bureau d\u2019\u00e9tudes en environnement, for\u00eat, agriculture et d\u00e9veloppement rural\",\"isPartOf\":{\"@id\":\"https:\/\/www.salvaterra.fr\/fr\/#website\"},\"datePublished\":\"2022-01-10T16:08:55+00:00\",\"dateModified\":\"2024-12-09T15:15:28+00:00\",\"description\":\"\u00c9valuation \u00e0 mi-parcours et finale du Projet de \u00ab Gestion des for\u00eats naturelles et approvisionnement durable en bois \u00e9nergie des villes du Sahel \u00bb (FONABES) mis en \u0153uvre par le CIRAD de 2014 \u00e0 2021 au Burkina Faso, Niger et Mali : \u00c9valuation des r\u00e9sultats (Rationaliser la production et la consommation de bois ; D\u00e9centraliser la gestion des for\u00eats ; Contr\u00f4ler les flux de bois et les taxes ; Promouvoir une fiscalit\u00e9 incitative) ; Recommandations op\u00e9rationnelles ; \u00c9tude de pr\u00e9-faisabilit\u00e9 d'une seconde phase.\",\"breadcrumb\":{\"@id\":\"https:\/\/www.salvaterra.fr\/fr\/references\/evaluation-mi-parcours-et-finale-du-projet-fonabes-sahel-et-pre-faisabilite-dune-2nde-phase\/#breadcrumb\"},\"inLanguage\":\"fr-FR\",\"potentialAction\":[{\"@type\":\"ReadAction\",\"target\":[\"https:\/\/www.salvaterra.fr\/fr\/references\/evaluation-mi-parcours-et-finale-du-projet-fonabes-sahel-et-pre-faisabilite-dune-2nde-phase\/\"]}]},{\"@type\":\"BreadcrumbList\",\"@id\":\"https:\/\/www.salvaterra.fr\/fr\/references\/evaluation-mi-parcours-et-finale-du-projet-fonabes-sahel-et-pre-faisabilite-dune-2nde-phase\/#breadcrumb\",\"itemListElement\":[{\"@type\":\"ListItem\",\"position\":1,\"name\":\"Accueil\",\"item\":\"https:\/\/www.salvaterra.fr\/fr\/\"},{\"@type\":\"ListItem\",\"position\":2,\"name\":\"R\u00e9f\u00e9rences\",\"item\":\"https:\/\/www.salvaterra.fr\/fr\/references\/\"},{\"@type\":\"ListItem\",\"position\":3,\"name\":\"\u00c9valuation mi-parcours et finale du projet FONABES Sahel et pr\u00e9-faisabilit\u00e9 d&rsquo;une 2nde phase\"}]},{\"@type\":\"WebSite\",\"@id\":\"https:\/\/www.salvaterra.fr\/fr\/#website\",\"url\":\"https:\/\/www.salvaterra.fr\/fr\/\",\"name\":\"SalvaTerra, Bureau d\u2019\u00e9tudes en environnement, for\u00eat, agriculture et d\u00e9veloppement rural\",\"description\":\"\",\"potentialAction\":[{\"@type\":\"SearchAction\",\"target\":{\"@type\":\"EntryPoint\",\"urlTemplate\":\"https:\/\/www.salvaterra.fr\/fr\/?s={search_term_string}\"},\"query-input\":\"required name=search_term_string\"}],\"inLanguage\":\"fr-FR\"}]}<\/script>\n<!-- \/ Yoast SEO plugin. -->","yoast_head_json":{"title":"\u00c9valuation mi-parcours et finale du projet FONABES Sahel et pr\u00e9-faisabilit\u00e9 d'une 2nde phase - SalvaTerra, Bureau d\u2019\u00e9tudes en environnement, for\u00eat, agriculture et d\u00e9veloppement rural","description":"\u00c9valuation \u00e0 mi-parcours et finale du Projet de \u00ab Gestion des for\u00eats naturelles et approvisionnement durable en bois \u00e9nergie des villes du Sahel \u00bb (FONABES) mis en \u0153uvre par le CIRAD de 2014 \u00e0 2021 au Burkina Faso, Niger et Mali : \u00c9valuation des r\u00e9sultats (Rationaliser la production et la consommation de bois ; D\u00e9centraliser la gestion des for\u00eats ; Contr\u00f4ler les flux de bois et les taxes ; Promouvoir une fiscalit\u00e9 incitative) ; Recommandations op\u00e9rationnelles ; \u00c9tude de pr\u00e9-faisabilit\u00e9 d'une seconde phase.","robots":{"index":"index","follow":"follow","max-snippet":"max-snippet:-1","max-image-preview":"max-image-preview:large","max-video-preview":"max-video-preview:-1"},"canonical":"https:\/\/www.salvaterra.fr\/fr\/references\/evaluation-mi-parcours-et-finale-du-projet-fonabes-sahel-et-pre-faisabilite-dune-2nde-phase\/","og_locale":"fr_FR","og_type":"article","og_title":"\u00c9valuation mi-parcours et finale du projet FONABES Sahel et pr\u00e9-faisabilit\u00e9 d'une 2nde phase - SalvaTerra, Bureau d\u2019\u00e9tudes en environnement, for\u00eat, agriculture et d\u00e9veloppement rural","og_description":"\u00c9valuation \u00e0 mi-parcours et finale du Projet de \u00ab Gestion des for\u00eats naturelles et approvisionnement durable en bois \u00e9nergie des villes du Sahel \u00bb (FONABES) mis en \u0153uvre par le CIRAD de 2014 \u00e0 2021 au Burkina Faso, Niger et Mali : \u00c9valuation des r\u00e9sultats (Rationaliser la production et la consommation de bois ; D\u00e9centraliser la gestion des for\u00eats ; Contr\u00f4ler les flux de bois et les taxes ; Promouvoir une fiscalit\u00e9 incitative) ; Recommandations op\u00e9rationnelles ; \u00c9tude de pr\u00e9-faisabilit\u00e9 d'une seconde phase.","og_url":"https:\/\/www.salvaterra.fr\/fr\/references\/evaluation-mi-parcours-et-finale-du-projet-fonabes-sahel-et-pre-faisabilite-dune-2nde-phase\/","og_site_name":"SalvaTerra, Bureau d\u2019\u00e9tudes en environnement, for\u00eat, agriculture et d\u00e9veloppement rural","article_modified_time":"2024-12-09T15:15:28+00:00","og_image":[{"width":880,"height":660,"url":"https:\/\/www.salvaterra.fr\/wp-content\/uploads\/2021\/07\/screenshot.png","type":"image\/png"}],"twitter_card":"summary_large_image","schema":{"@context":"https:\/\/schema.org","@graph":[{"@type":"WebPage","@id":"https:\/\/www.salvaterra.fr\/fr\/references\/evaluation-mi-parcours-et-finale-du-projet-fonabes-sahel-et-pre-faisabilite-dune-2nde-phase\/","url":"https:\/\/www.salvaterra.fr\/fr\/references\/evaluation-mi-parcours-et-finale-du-projet-fonabes-sahel-et-pre-faisabilite-dune-2nde-phase\/","name":"\u00c9valuation mi-parcours et finale du projet FONABES Sahel et pr\u00e9-faisabilit\u00e9 d'une 2nde phase - SalvaTerra, Bureau d\u2019\u00e9tudes en environnement, for\u00eat, agriculture et d\u00e9veloppement rural","isPartOf":{"@id":"https:\/\/www.salvaterra.fr\/fr\/#website"},"datePublished":"2022-01-10T16:08:55+00:00","dateModified":"2024-12-09T15:15:28+00:00","description":"\u00c9valuation \u00e0 mi-parcours et finale du Projet de \u00ab Gestion des for\u00eats naturelles et approvisionnement durable en bois \u00e9nergie des villes du Sahel \u00bb (FONABES) mis en \u0153uvre par le CIRAD de 2014 \u00e0 2021 au Burkina Faso, Niger et Mali : \u00c9valuation des r\u00e9sultats (Rationaliser la production et la consommation de bois ; D\u00e9centraliser la gestion des for\u00eats ; Contr\u00f4ler les flux de bois et les taxes ; Promouvoir une fiscalit\u00e9 incitative) ; Recommandations op\u00e9rationnelles ; \u00c9tude de pr\u00e9-faisabilit\u00e9 d'une seconde phase.","breadcrumb":{"@id":"https:\/\/www.salvaterra.fr\/fr\/references\/evaluation-mi-parcours-et-finale-du-projet-fonabes-sahel-et-pre-faisabilite-dune-2nde-phase\/#breadcrumb"},"inLanguage":"fr-FR","potentialAction":[{"@type":"ReadAction","target":["https:\/\/www.salvaterra.fr\/fr\/references\/evaluation-mi-parcours-et-finale-du-projet-fonabes-sahel-et-pre-faisabilite-dune-2nde-phase\/"]}]},{"@type":"BreadcrumbList","@id":"https:\/\/www.salvaterra.fr\/fr\/references\/evaluation-mi-parcours-et-finale-du-projet-fonabes-sahel-et-pre-faisabilite-dune-2nde-phase\/#breadcrumb","itemListElement":[{"@type":"ListItem","position":1,"name":"Accueil","item":"https:\/\/www.salvaterra.fr\/fr\/"},{"@type":"ListItem","position":2,"name":"R\u00e9f\u00e9rences","item":"https:\/\/www.salvaterra.fr\/fr\/references\/"},{"@type":"ListItem","position":3,"name":"\u00c9valuation mi-parcours et finale du projet FONABES Sahel et pr\u00e9-faisabilit\u00e9 d&rsquo;une 2nde phase"}]},{"@type":"WebSite","@id":"https:\/\/www.salvaterra.fr\/fr\/#website","url":"https:\/\/www.salvaterra.fr\/fr\/","name":"SalvaTerra, Bureau d\u2019\u00e9tudes en environnement, for\u00eat, agriculture et d\u00e9veloppement rural","description":"","potentialAction":[{"@type":"SearchAction","target":{"@type":"EntryPoint","urlTemplate":"https:\/\/www.salvaterra.fr\/fr\/?s={search_term_string}"},"query-input":"required name=search_term_string"}],"inLanguage":"fr-FR"}]}},"pays":[48,149,173],"_links":{"self":[{"href":"https:\/\/www.salvaterra.fr\/fr\/wp-json\/wp\/v2\/references\/5382"}],"collection":[{"href":"https:\/\/www.salvaterra.fr\/fr\/wp-json\/wp\/v2\/references"}],"about":[{"href":"https:\/\/www.salvaterra.fr\/fr\/wp-json\/wp\/v2\/types\/references"}],"wp:attachment":[{"href":"https:\/\/www.salvaterra.fr\/fr\/wp-json\/wp\/v2\/media?parent=5382"}],"curies":[{"name":"wp","href":"https:\/\/api.w.org\/{rel}","templated":true}]}}