{"id":4019,"date":"2022-04-11T18:06:56","date_gmt":"2022-04-11T16:06:56","guid":{"rendered":"https:\/\/www.salvaterra.fr\/?post_type=references&#038;p=4019"},"modified":"2025-03-19T14:30:19","modified_gmt":"2025-03-19T13:30:19","slug":"revision-du-volet-attenuation-de-la-contribution-determinee-au-niveau-national-cdn","status":"publish","type":"references","link":"https:\/\/www.salvaterra.fr\/fr\/references\/revision-du-volet-attenuation-de-la-contribution-determinee-au-niveau-national-cdn\/","title":{"rendered":"R\u00e9vision du volet att\u00e9nuation de la Contribution d\u00e9termin\u00e9e au niveau national (CDN)"},"template":"","acf":[],"yoast_head":"<!-- This site is optimized with the Yoast SEO plugin v22.4 - https:\/\/yoast.com\/wordpress\/plugins\/seo\/ -->\n<title>R\u00e9vision du volet att\u00e9nuation de la Contribution d\u00e9termin\u00e9e au niveau national (CDN) - SalvaTerra, Bureau d\u2019\u00e9tudes en environnement, for\u00eat, agriculture et d\u00e9veloppement rural<\/title>\n<meta name=\"description\" content=\"R\u00e9vision du volet att\u00e9nuation de la Contribution d\u00e9termin\u00e9e au niveau national (CDN) : Collecte des donn\u00e9es pass\u00e9es et projet\u00e9es sur les \u00e9missions de GES dans les secteurs de l&#039;\u00e9nergie, de l&#039;agriculture, des for\u00eats et autres usages des terres (AFOLU) ; Analyse des forces et faiblesses des pr\u00e9c\u00e9dents inventaires de GES et de leur traitement (Biennial Update Report, National Communications) ; Contribuer \u00e0 une feuille de route 2021-2024 pour la r\u00e9vision de la CDN et sa mise en conformit\u00e9 avec le Cadre de transparence de l\u2019Accord de Paris.\" \/>\n<meta name=\"robots\" content=\"index, follow, max-snippet:-1, max-image-preview:large, max-video-preview:-1\" \/>\n<link rel=\"canonical\" href=\"https:\/\/www.salvaterra.fr\/fr\/references\/revision-du-volet-attenuation-de-la-contribution-determinee-au-niveau-national-cdn\/\" \/>\n<meta property=\"og:locale\" content=\"fr_FR\" \/>\n<meta property=\"og:type\" content=\"article\" \/>\n<meta property=\"og:title\" content=\"R\u00e9vision du volet att\u00e9nuation de la Contribution d\u00e9termin\u00e9e au niveau national (CDN) - SalvaTerra, Bureau d\u2019\u00e9tudes en environnement, for\u00eat, agriculture et d\u00e9veloppement rural\" \/>\n<meta property=\"og:description\" content=\"R\u00e9vision du volet att\u00e9nuation de la Contribution d\u00e9termin\u00e9e au niveau national (CDN) : Collecte des donn\u00e9es pass\u00e9es et projet\u00e9es sur les \u00e9missions de GES dans les secteurs de l&#039;\u00e9nergie, de l&#039;agriculture, des for\u00eats et autres usages des terres (AFOLU) ; Analyse des forces et faiblesses des pr\u00e9c\u00e9dents inventaires de GES et de leur traitement (Biennial Update Report, National Communications) ; Contribuer \u00e0 une feuille de route 2021-2024 pour la r\u00e9vision de la CDN et sa mise en conformit\u00e9 avec le Cadre de transparence de l\u2019Accord de Paris.\" \/>\n<meta property=\"og:url\" content=\"https:\/\/www.salvaterra.fr\/fr\/references\/revision-du-volet-attenuation-de-la-contribution-determinee-au-niveau-national-cdn\/\" \/>\n<meta property=\"og:site_name\" content=\"SalvaTerra, Bureau d\u2019\u00e9tudes en environnement, for\u00eat, agriculture et d\u00e9veloppement rural\" \/>\n<meta property=\"article:modified_time\" content=\"2025-03-19T13:30:19+00:00\" \/>\n<meta property=\"og:image\" content=\"https:\/\/www.salvaterra.fr\/wp-content\/uploads\/2021\/07\/screenshot.png\" \/>\n\t<meta property=\"og:image:width\" content=\"880\" \/>\n\t<meta property=\"og:image:height\" content=\"660\" \/>\n\t<meta property=\"og:image:type\" content=\"image\/png\" \/>\n<meta name=\"twitter:card\" content=\"summary_large_image\" \/>\n<script type=\"application\/ld+json\" class=\"yoast-schema-graph\">{\"@context\":\"https:\/\/schema.org\",\"@graph\":[{\"@type\":\"WebPage\",\"@id\":\"https:\/\/www.salvaterra.fr\/fr\/references\/revision-du-volet-attenuation-de-la-contribution-determinee-au-niveau-national-cdn\/\",\"url\":\"https:\/\/www.salvaterra.fr\/fr\/references\/revision-du-volet-attenuation-de-la-contribution-determinee-au-niveau-national-cdn\/\",\"name\":\"R\u00e9vision du volet att\u00e9nuation de la Contribution d\u00e9termin\u00e9e au niveau national (CDN) - SalvaTerra, Bureau d\u2019\u00e9tudes en environnement, for\u00eat, agriculture et d\u00e9veloppement rural\",\"isPartOf\":{\"@id\":\"https:\/\/www.salvaterra.fr\/fr\/#website\"},\"datePublished\":\"2022-04-11T16:06:56+00:00\",\"dateModified\":\"2025-03-19T13:30:19+00:00\",\"description\":\"R\u00e9vision du volet att\u00e9nuation de la Contribution d\u00e9termin\u00e9e au niveau national (CDN) : Collecte des donn\u00e9es pass\u00e9es et projet\u00e9es sur les \u00e9missions de GES dans les secteurs de l'\u00e9nergie, de l'agriculture, des for\u00eats et autres usages des terres (AFOLU) ; Analyse des forces et faiblesses des pr\u00e9c\u00e9dents inventaires de GES et de leur traitement (Biennial Update Report, National Communications) ; Contribuer \u00e0 une feuille de route 2021-2024 pour la r\u00e9vision de la CDN et sa mise en conformit\u00e9 avec le Cadre de transparence de l\u2019Accord de Paris.\",\"breadcrumb\":{\"@id\":\"https:\/\/www.salvaterra.fr\/fr\/references\/revision-du-volet-attenuation-de-la-contribution-determinee-au-niveau-national-cdn\/#breadcrumb\"},\"inLanguage\":\"fr-FR\",\"potentialAction\":[{\"@type\":\"ReadAction\",\"target\":[\"https:\/\/www.salvaterra.fr\/fr\/references\/revision-du-volet-attenuation-de-la-contribution-determinee-au-niveau-national-cdn\/\"]}]},{\"@type\":\"BreadcrumbList\",\"@id\":\"https:\/\/www.salvaterra.fr\/fr\/references\/revision-du-volet-attenuation-de-la-contribution-determinee-au-niveau-national-cdn\/#breadcrumb\",\"itemListElement\":[{\"@type\":\"ListItem\",\"position\":1,\"name\":\"Accueil\",\"item\":\"https:\/\/www.salvaterra.fr\/fr\/\"},{\"@type\":\"ListItem\",\"position\":2,\"name\":\"R\u00e9f\u00e9rences\",\"item\":\"https:\/\/www.salvaterra.fr\/fr\/references\/\"},{\"@type\":\"ListItem\",\"position\":3,\"name\":\"R\u00e9vision du volet att\u00e9nuation de la Contribution d\u00e9termin\u00e9e au niveau national (CDN)\"}]},{\"@type\":\"WebSite\",\"@id\":\"https:\/\/www.salvaterra.fr\/fr\/#website\",\"url\":\"https:\/\/www.salvaterra.fr\/fr\/\",\"name\":\"SalvaTerra, Bureau d\u2019\u00e9tudes en environnement, for\u00eat, agriculture et d\u00e9veloppement rural\",\"description\":\"\",\"potentialAction\":[{\"@type\":\"SearchAction\",\"target\":{\"@type\":\"EntryPoint\",\"urlTemplate\":\"https:\/\/www.salvaterra.fr\/fr\/?s={search_term_string}\"},\"query-input\":\"required name=search_term_string\"}],\"inLanguage\":\"fr-FR\"}]}<\/script>\n<!-- \/ Yoast SEO plugin. -->","yoast_head_json":{"title":"R\u00e9vision du volet att\u00e9nuation de la Contribution d\u00e9termin\u00e9e au niveau national (CDN) - SalvaTerra, Bureau d\u2019\u00e9tudes en environnement, for\u00eat, agriculture et d\u00e9veloppement rural","description":"R\u00e9vision du volet att\u00e9nuation de la Contribution d\u00e9termin\u00e9e au niveau national (CDN) : Collecte des donn\u00e9es pass\u00e9es et projet\u00e9es sur les \u00e9missions de GES dans les secteurs de l'\u00e9nergie, de l'agriculture, des for\u00eats et autres usages des terres (AFOLU) ; Analyse des forces et faiblesses des pr\u00e9c\u00e9dents inventaires de GES et de leur traitement (Biennial Update Report, National Communications) ; Contribuer \u00e0 une feuille de route 2021-2024 pour la r\u00e9vision de la CDN et sa mise en conformit\u00e9 avec le Cadre de transparence de l\u2019Accord de Paris.","robots":{"index":"index","follow":"follow","max-snippet":"max-snippet:-1","max-image-preview":"max-image-preview:large","max-video-preview":"max-video-preview:-1"},"canonical":"https:\/\/www.salvaterra.fr\/fr\/references\/revision-du-volet-attenuation-de-la-contribution-determinee-au-niveau-national-cdn\/","og_locale":"fr_FR","og_type":"article","og_title":"R\u00e9vision du volet att\u00e9nuation de la Contribution d\u00e9termin\u00e9e au niveau national (CDN) - SalvaTerra, Bureau d\u2019\u00e9tudes en environnement, for\u00eat, agriculture et d\u00e9veloppement rural","og_description":"R\u00e9vision du volet att\u00e9nuation de la Contribution d\u00e9termin\u00e9e au niveau national (CDN) : Collecte des donn\u00e9es pass\u00e9es et projet\u00e9es sur les \u00e9missions de GES dans les secteurs de l'\u00e9nergie, de l'agriculture, des for\u00eats et autres usages des terres (AFOLU) ; Analyse des forces et faiblesses des pr\u00e9c\u00e9dents inventaires de GES et de leur traitement (Biennial Update Report, National Communications) ; Contribuer \u00e0 une feuille de route 2021-2024 pour la r\u00e9vision de la CDN et sa mise en conformit\u00e9 avec le Cadre de transparence de l\u2019Accord de Paris.","og_url":"https:\/\/www.salvaterra.fr\/fr\/references\/revision-du-volet-attenuation-de-la-contribution-determinee-au-niveau-national-cdn\/","og_site_name":"SalvaTerra, Bureau d\u2019\u00e9tudes en environnement, for\u00eat, agriculture et d\u00e9veloppement rural","article_modified_time":"2025-03-19T13:30:19+00:00","og_image":[{"width":880,"height":660,"url":"https:\/\/www.salvaterra.fr\/wp-content\/uploads\/2021\/07\/screenshot.png","type":"image\/png"}],"twitter_card":"summary_large_image","schema":{"@context":"https:\/\/schema.org","@graph":[{"@type":"WebPage","@id":"https:\/\/www.salvaterra.fr\/fr\/references\/revision-du-volet-attenuation-de-la-contribution-determinee-au-niveau-national-cdn\/","url":"https:\/\/www.salvaterra.fr\/fr\/references\/revision-du-volet-attenuation-de-la-contribution-determinee-au-niveau-national-cdn\/","name":"R\u00e9vision du volet att\u00e9nuation de la Contribution d\u00e9termin\u00e9e au niveau national (CDN) - SalvaTerra, Bureau d\u2019\u00e9tudes en environnement, for\u00eat, agriculture et d\u00e9veloppement rural","isPartOf":{"@id":"https:\/\/www.salvaterra.fr\/fr\/#website"},"datePublished":"2022-04-11T16:06:56+00:00","dateModified":"2025-03-19T13:30:19+00:00","description":"R\u00e9vision du volet att\u00e9nuation de la Contribution d\u00e9termin\u00e9e au niveau national (CDN) : Collecte des donn\u00e9es pass\u00e9es et projet\u00e9es sur les \u00e9missions de GES dans les secteurs de l'\u00e9nergie, de l'agriculture, des for\u00eats et autres usages des terres (AFOLU) ; Analyse des forces et faiblesses des pr\u00e9c\u00e9dents inventaires de GES et de leur traitement (Biennial Update Report, National Communications) ; Contribuer \u00e0 une feuille de route 2021-2024 pour la r\u00e9vision de la CDN et sa mise en conformit\u00e9 avec le Cadre de transparence de l\u2019Accord de Paris.","breadcrumb":{"@id":"https:\/\/www.salvaterra.fr\/fr\/references\/revision-du-volet-attenuation-de-la-contribution-determinee-au-niveau-national-cdn\/#breadcrumb"},"inLanguage":"fr-FR","potentialAction":[{"@type":"ReadAction","target":["https:\/\/www.salvaterra.fr\/fr\/references\/revision-du-volet-attenuation-de-la-contribution-determinee-au-niveau-national-cdn\/"]}]},{"@type":"BreadcrumbList","@id":"https:\/\/www.salvaterra.fr\/fr\/references\/revision-du-volet-attenuation-de-la-contribution-determinee-au-niveau-national-cdn\/#breadcrumb","itemListElement":[{"@type":"ListItem","position":1,"name":"Accueil","item":"https:\/\/www.salvaterra.fr\/fr\/"},{"@type":"ListItem","position":2,"name":"R\u00e9f\u00e9rences","item":"https:\/\/www.salvaterra.fr\/fr\/references\/"},{"@type":"ListItem","position":3,"name":"R\u00e9vision du volet att\u00e9nuation de la Contribution d\u00e9termin\u00e9e au niveau national (CDN)"}]},{"@type":"WebSite","@id":"https:\/\/www.salvaterra.fr\/fr\/#website","url":"https:\/\/www.salvaterra.fr\/fr\/","name":"SalvaTerra, Bureau d\u2019\u00e9tudes en environnement, for\u00eat, agriculture et d\u00e9veloppement rural","description":"","potentialAction":[{"@type":"SearchAction","target":{"@type":"EntryPoint","urlTemplate":"https:\/\/www.salvaterra.fr\/fr\/?s={search_term_string}"},"query-input":"required name=search_term_string"}],"inLanguage":"fr-FR"}]}},"pays":[107],"_links":{"self":[{"href":"https:\/\/www.salvaterra.fr\/fr\/wp-json\/wp\/v2\/references\/4019"}],"collection":[{"href":"https:\/\/www.salvaterra.fr\/fr\/wp-json\/wp\/v2\/references"}],"about":[{"href":"https:\/\/www.salvaterra.fr\/fr\/wp-json\/wp\/v2\/types\/references"}],"wp:attachment":[{"href":"https:\/\/www.salvaterra.fr\/fr\/wp-json\/wp\/v2\/media?parent=4019"}],"curies":[{"name":"wp","href":"https:\/\/api.w.org\/{rel}","templated":true}]}}