{"id":3174,"date":"2018-12-18T10:00:00","date_gmt":"2018-12-18T09:00:00","guid":{"rendered":"https:\/\/www.salvaterra.fr\/?post_type=references&#038;p=3174"},"modified":"2024-12-09T18:21:25","modified_gmt":"2024-12-09T17:21:25","slug":"elaboration-dun-projet-dappui-a-lexportation-de-miel-ethiopien-vers-lue","status":"publish","type":"references","link":"https:\/\/www.salvaterra.fr\/fr\/references\/elaboration-dun-projet-dappui-a-lexportation-de-miel-ethiopien-vers-lue\/","title":{"rendered":"\u00c9laboration d&rsquo;un projet d&rsquo;appui \u00e0 l&rsquo;exportation de miel \u00e9thiopien vers l&rsquo;UE"},"template":"","acf":[],"yoast_head":"<!-- This site is optimized with the Yoast SEO plugin v22.4 - https:\/\/yoast.com\/wordpress\/plugins\/seo\/ -->\n<title>\u00c9laboration d&#039;un projet d&#039;appui \u00e0 l&#039;exportation de miel \u00e9thiopien vers l&#039;UE - SalvaTerra, Bureau d\u2019\u00e9tudes en environnement, for\u00eat, agriculture et d\u00e9veloppement rural<\/title>\n<meta name=\"description\" content=\"\u00c9laboration d&#039;un projet d&#039;appui \u00e0 l&#039;exportation de miel \u00e9thiopien vers l&#039;UE : \u00c9valuation de la cha\u00eene de valeur focalis\u00e9e sur les besoins en infrastructure de qualit\u00e9 pour remplir les crit\u00e8res de tra\u00e7abilit\u00e9 et de contr\u00f4le des r\u00e9sidus pour l&#039;exportation vers le march\u00e9 europ\u00e9en ; Caract\u00e9risation et quantification des besoins et opportunit\u00e9s d&#039;am\u00e9lioration des capacit\u00e9s de institutions nationales de m\u00e9trologie, standardisation et accr\u00e9ditation ; (iv) R\u00e9daction d&#039;un document de projet.\" \/>\n<meta name=\"robots\" content=\"index, follow, max-snippet:-1, max-image-preview:large, max-video-preview:-1\" \/>\n<link rel=\"canonical\" href=\"https:\/\/www.salvaterra.fr\/fr\/references\/elaboration-dun-projet-dappui-a-lexportation-de-miel-ethiopien-vers-lue\/\" \/>\n<meta property=\"og:locale\" content=\"fr_FR\" \/>\n<meta property=\"og:type\" content=\"article\" \/>\n<meta property=\"og:title\" content=\"\u00c9laboration d&#039;un projet d&#039;appui \u00e0 l&#039;exportation de miel \u00e9thiopien vers l&#039;UE - SalvaTerra, Bureau d\u2019\u00e9tudes en environnement, for\u00eat, agriculture et d\u00e9veloppement rural\" \/>\n<meta property=\"og:description\" content=\"\u00c9laboration d&#039;un projet d&#039;appui \u00e0 l&#039;exportation de miel \u00e9thiopien vers l&#039;UE : \u00c9valuation de la cha\u00eene de valeur focalis\u00e9e sur les besoins en infrastructure de qualit\u00e9 pour remplir les crit\u00e8res de tra\u00e7abilit\u00e9 et de contr\u00f4le des r\u00e9sidus pour l&#039;exportation vers le march\u00e9 europ\u00e9en ; Caract\u00e9risation et quantification des besoins et opportunit\u00e9s d&#039;am\u00e9lioration des capacit\u00e9s de institutions nationales de m\u00e9trologie, standardisation et accr\u00e9ditation ; (iv) R\u00e9daction d&#039;un document de projet.\" \/>\n<meta property=\"og:url\" content=\"https:\/\/www.salvaterra.fr\/fr\/references\/elaboration-dun-projet-dappui-a-lexportation-de-miel-ethiopien-vers-lue\/\" \/>\n<meta property=\"og:site_name\" content=\"SalvaTerra, Bureau d\u2019\u00e9tudes en environnement, for\u00eat, agriculture et d\u00e9veloppement rural\" \/>\n<meta property=\"article:modified_time\" content=\"2024-12-09T17:21:25+00:00\" \/>\n<meta property=\"og:image\" content=\"https:\/\/www.salvaterra.fr\/wp-content\/uploads\/2021\/07\/screenshot.png\" \/>\n\t<meta property=\"og:image:width\" content=\"880\" \/>\n\t<meta property=\"og:image:height\" content=\"660\" \/>\n\t<meta property=\"og:image:type\" content=\"image\/png\" \/>\n<meta name=\"twitter:card\" content=\"summary_large_image\" \/>\n<script type=\"application\/ld+json\" class=\"yoast-schema-graph\">{\"@context\":\"https:\/\/schema.org\",\"@graph\":[{\"@type\":\"WebPage\",\"@id\":\"https:\/\/www.salvaterra.fr\/fr\/references\/elaboration-dun-projet-dappui-a-lexportation-de-miel-ethiopien-vers-lue\/\",\"url\":\"https:\/\/www.salvaterra.fr\/fr\/references\/elaboration-dun-projet-dappui-a-lexportation-de-miel-ethiopien-vers-lue\/\",\"name\":\"\u00c9laboration d'un projet d'appui \u00e0 l'exportation de miel \u00e9thiopien vers l'UE - SalvaTerra, Bureau d\u2019\u00e9tudes en environnement, for\u00eat, agriculture et d\u00e9veloppement rural\",\"isPartOf\":{\"@id\":\"https:\/\/www.salvaterra.fr\/fr\/#website\"},\"datePublished\":\"2018-12-18T09:00:00+00:00\",\"dateModified\":\"2024-12-09T17:21:25+00:00\",\"description\":\"\u00c9laboration d'un projet d'appui \u00e0 l'exportation de miel \u00e9thiopien vers l'UE : \u00c9valuation de la cha\u00eene de valeur focalis\u00e9e sur les besoins en infrastructure de qualit\u00e9 pour remplir les crit\u00e8res de tra\u00e7abilit\u00e9 et de contr\u00f4le des r\u00e9sidus pour l'exportation vers le march\u00e9 europ\u00e9en ; Caract\u00e9risation et quantification des besoins et opportunit\u00e9s d'am\u00e9lioration des capacit\u00e9s de institutions nationales de m\u00e9trologie, standardisation et accr\u00e9ditation ; (iv) R\u00e9daction d'un document de projet.\",\"breadcrumb\":{\"@id\":\"https:\/\/www.salvaterra.fr\/fr\/references\/elaboration-dun-projet-dappui-a-lexportation-de-miel-ethiopien-vers-lue\/#breadcrumb\"},\"inLanguage\":\"fr-FR\",\"potentialAction\":[{\"@type\":\"ReadAction\",\"target\":[\"https:\/\/www.salvaterra.fr\/fr\/references\/elaboration-dun-projet-dappui-a-lexportation-de-miel-ethiopien-vers-lue\/\"]}]},{\"@type\":\"BreadcrumbList\",\"@id\":\"https:\/\/www.salvaterra.fr\/fr\/references\/elaboration-dun-projet-dappui-a-lexportation-de-miel-ethiopien-vers-lue\/#breadcrumb\",\"itemListElement\":[{\"@type\":\"ListItem\",\"position\":1,\"name\":\"Accueil\",\"item\":\"https:\/\/www.salvaterra.fr\/fr\/\"},{\"@type\":\"ListItem\",\"position\":2,\"name\":\"R\u00e9f\u00e9rences\",\"item\":\"https:\/\/www.salvaterra.fr\/fr\/references\/\"},{\"@type\":\"ListItem\",\"position\":3,\"name\":\"\u00c9laboration d&rsquo;un projet d&rsquo;appui \u00e0 l&rsquo;exportation de miel \u00e9thiopien vers l&rsquo;UE\"}]},{\"@type\":\"WebSite\",\"@id\":\"https:\/\/www.salvaterra.fr\/fr\/#website\",\"url\":\"https:\/\/www.salvaterra.fr\/fr\/\",\"name\":\"SalvaTerra, Bureau d\u2019\u00e9tudes en environnement, for\u00eat, agriculture et d\u00e9veloppement rural\",\"description\":\"\",\"potentialAction\":[{\"@type\":\"SearchAction\",\"target\":{\"@type\":\"EntryPoint\",\"urlTemplate\":\"https:\/\/www.salvaterra.fr\/fr\/?s={search_term_string}\"},\"query-input\":\"required name=search_term_string\"}],\"inLanguage\":\"fr-FR\"}]}<\/script>\n<!-- \/ Yoast SEO plugin. -->","yoast_head_json":{"title":"\u00c9laboration d'un projet d'appui \u00e0 l'exportation de miel \u00e9thiopien vers l'UE - SalvaTerra, Bureau d\u2019\u00e9tudes en environnement, for\u00eat, agriculture et d\u00e9veloppement rural","description":"\u00c9laboration d'un projet d'appui \u00e0 l'exportation de miel \u00e9thiopien vers l'UE : \u00c9valuation de la cha\u00eene de valeur focalis\u00e9e sur les besoins en infrastructure de qualit\u00e9 pour remplir les crit\u00e8res de tra\u00e7abilit\u00e9 et de contr\u00f4le des r\u00e9sidus pour l'exportation vers le march\u00e9 europ\u00e9en ; Caract\u00e9risation et quantification des besoins et opportunit\u00e9s d'am\u00e9lioration des capacit\u00e9s de institutions nationales de m\u00e9trologie, standardisation et accr\u00e9ditation ; (iv) R\u00e9daction d'un document de projet.","robots":{"index":"index","follow":"follow","max-snippet":"max-snippet:-1","max-image-preview":"max-image-preview:large","max-video-preview":"max-video-preview:-1"},"canonical":"https:\/\/www.salvaterra.fr\/fr\/references\/elaboration-dun-projet-dappui-a-lexportation-de-miel-ethiopien-vers-lue\/","og_locale":"fr_FR","og_type":"article","og_title":"\u00c9laboration d'un projet d'appui \u00e0 l'exportation de miel \u00e9thiopien vers l'UE - SalvaTerra, Bureau d\u2019\u00e9tudes en environnement, for\u00eat, agriculture et d\u00e9veloppement rural","og_description":"\u00c9laboration d'un projet d'appui \u00e0 l'exportation de miel \u00e9thiopien vers l'UE : \u00c9valuation de la cha\u00eene de valeur focalis\u00e9e sur les besoins en infrastructure de qualit\u00e9 pour remplir les crit\u00e8res de tra\u00e7abilit\u00e9 et de contr\u00f4le des r\u00e9sidus pour l'exportation vers le march\u00e9 europ\u00e9en ; Caract\u00e9risation et quantification des besoins et opportunit\u00e9s d'am\u00e9lioration des capacit\u00e9s de institutions nationales de m\u00e9trologie, standardisation et accr\u00e9ditation ; (iv) R\u00e9daction d'un document de projet.","og_url":"https:\/\/www.salvaterra.fr\/fr\/references\/elaboration-dun-projet-dappui-a-lexportation-de-miel-ethiopien-vers-lue\/","og_site_name":"SalvaTerra, Bureau d\u2019\u00e9tudes en environnement, for\u00eat, agriculture et d\u00e9veloppement rural","article_modified_time":"2024-12-09T17:21:25+00:00","og_image":[{"width":880,"height":660,"url":"https:\/\/www.salvaterra.fr\/wp-content\/uploads\/2021\/07\/screenshot.png","type":"image\/png"}],"twitter_card":"summary_large_image","schema":{"@context":"https:\/\/schema.org","@graph":[{"@type":"WebPage","@id":"https:\/\/www.salvaterra.fr\/fr\/references\/elaboration-dun-projet-dappui-a-lexportation-de-miel-ethiopien-vers-lue\/","url":"https:\/\/www.salvaterra.fr\/fr\/references\/elaboration-dun-projet-dappui-a-lexportation-de-miel-ethiopien-vers-lue\/","name":"\u00c9laboration d'un projet d'appui \u00e0 l'exportation de miel \u00e9thiopien vers l'UE - SalvaTerra, Bureau d\u2019\u00e9tudes en environnement, for\u00eat, agriculture et d\u00e9veloppement rural","isPartOf":{"@id":"https:\/\/www.salvaterra.fr\/fr\/#website"},"datePublished":"2018-12-18T09:00:00+00:00","dateModified":"2024-12-09T17:21:25+00:00","description":"\u00c9laboration d'un projet d'appui \u00e0 l'exportation de miel \u00e9thiopien vers l'UE : \u00c9valuation de la cha\u00eene de valeur focalis\u00e9e sur les besoins en infrastructure de qualit\u00e9 pour remplir les crit\u00e8res de tra\u00e7abilit\u00e9 et de contr\u00f4le des r\u00e9sidus pour l'exportation vers le march\u00e9 europ\u00e9en ; Caract\u00e9risation et quantification des besoins et opportunit\u00e9s d'am\u00e9lioration des capacit\u00e9s de institutions nationales de m\u00e9trologie, standardisation et accr\u00e9ditation ; (iv) R\u00e9daction d'un document de projet.","breadcrumb":{"@id":"https:\/\/www.salvaterra.fr\/fr\/references\/elaboration-dun-projet-dappui-a-lexportation-de-miel-ethiopien-vers-lue\/#breadcrumb"},"inLanguage":"fr-FR","potentialAction":[{"@type":"ReadAction","target":["https:\/\/www.salvaterra.fr\/fr\/references\/elaboration-dun-projet-dappui-a-lexportation-de-miel-ethiopien-vers-lue\/"]}]},{"@type":"BreadcrumbList","@id":"https:\/\/www.salvaterra.fr\/fr\/references\/elaboration-dun-projet-dappui-a-lexportation-de-miel-ethiopien-vers-lue\/#breadcrumb","itemListElement":[{"@type":"ListItem","position":1,"name":"Accueil","item":"https:\/\/www.salvaterra.fr\/fr\/"},{"@type":"ListItem","position":2,"name":"R\u00e9f\u00e9rences","item":"https:\/\/www.salvaterra.fr\/fr\/references\/"},{"@type":"ListItem","position":3,"name":"\u00c9laboration d&rsquo;un projet d&rsquo;appui \u00e0 l&rsquo;exportation de miel \u00e9thiopien vers l&rsquo;UE"}]},{"@type":"WebSite","@id":"https:\/\/www.salvaterra.fr\/fr\/#website","url":"https:\/\/www.salvaterra.fr\/fr\/","name":"SalvaTerra, Bureau d\u2019\u00e9tudes en environnement, for\u00eat, agriculture et d\u00e9veloppement rural","description":"","potentialAction":[{"@type":"SearchAction","target":{"@type":"EntryPoint","urlTemplate":"https:\/\/www.salvaterra.fr\/fr\/?s={search_term_string}"},"query-input":"required name=search_term_string"}],"inLanguage":"fr-FR"}]}},"pays":[84],"_links":{"self":[{"href":"https:\/\/www.salvaterra.fr\/fr\/wp-json\/wp\/v2\/references\/3174"}],"collection":[{"href":"https:\/\/www.salvaterra.fr\/fr\/wp-json\/wp\/v2\/references"}],"about":[{"href":"https:\/\/www.salvaterra.fr\/fr\/wp-json\/wp\/v2\/types\/references"}],"wp:attachment":[{"href":"https:\/\/www.salvaterra.fr\/fr\/wp-json\/wp\/v2\/media?parent=3174"}],"curies":[{"name":"wp","href":"https:\/\/api.w.org\/{rel}","templated":true}]}}