{"id":3134,"date":"2017-11-01T10:00:00","date_gmt":"2017-11-01T09:00:00","guid":{"rendered":"https:\/\/www.salvaterra.fr\/?post_type=references&#038;p=3134"},"modified":"2025-03-23T22:34:13","modified_gmt":"2025-03-23T21:34:13","slug":"etude-de-faisabilite-du-programme-initiative-pour-la-foret-de-lafrique-centrale","status":"publish","type":"references","link":"https:\/\/www.salvaterra.fr\/fr\/references\/etude-de-faisabilite-du-programme-initiative-pour-la-foret-de-lafrique-centrale\/","title":{"rendered":"\u00c9tude de faisabilit\u00e9 du Programme \u00ab\u00a0Initiative pour la for\u00eat de l&rsquo;Afrique Centrale\u00a0\u00bb"},"template":"","acf":[],"yoast_head":"<!-- This site is optimized with the Yoast SEO plugin v22.4 - https:\/\/yoast.com\/wordpress\/plugins\/seo\/ -->\n<title>\u00c9tude de faisabilit\u00e9 du Programme &quot;Initiative pour la for\u00eat de l&#039;Afrique Centrale&quot; - SalvaTerra, Bureau d\u2019\u00e9tudes en environnement, for\u00eat, agriculture et d\u00e9veloppement rural<\/title>\n<meta name=\"description\" content=\"\u00c9tude de faisabilit\u00e9 et \u00e9laboration d&#039;un document de Programme (18 M\u20ac) dans le cadre du partenariat entre le Gabon et l&#039;Initiative pour les for\u00eats d&#039;Afrique centrale (CAFI), avec deux composantes principales : Plan national d&#039;affectation des terres (PNAT) et Syst\u00e8me national d&#039;observation des ressources naturelles et des for\u00eats (SNORNF).\" \/>\n<meta name=\"robots\" content=\"index, follow, max-snippet:-1, max-image-preview:large, max-video-preview:-1\" \/>\n<link rel=\"canonical\" href=\"https:\/\/www.salvaterra.fr\/fr\/references\/etude-de-faisabilite-du-programme-initiative-pour-la-foret-de-lafrique-centrale\/\" \/>\n<meta property=\"og:locale\" content=\"fr_FR\" \/>\n<meta property=\"og:type\" content=\"article\" \/>\n<meta property=\"og:title\" content=\"\u00c9tude de faisabilit\u00e9 du Programme &quot;Initiative pour la for\u00eat de l&#039;Afrique Centrale&quot; - SalvaTerra, Bureau d\u2019\u00e9tudes en environnement, for\u00eat, agriculture et d\u00e9veloppement rural\" \/>\n<meta property=\"og:description\" content=\"\u00c9tude de faisabilit\u00e9 et \u00e9laboration d&#039;un document de Programme (18 M\u20ac) dans le cadre du partenariat entre le Gabon et l&#039;Initiative pour les for\u00eats d&#039;Afrique centrale (CAFI), avec deux composantes principales : Plan national d&#039;affectation des terres (PNAT) et Syst\u00e8me national d&#039;observation des ressources naturelles et des for\u00eats (SNORNF).\" \/>\n<meta property=\"og:url\" content=\"https:\/\/www.salvaterra.fr\/fr\/references\/etude-de-faisabilite-du-programme-initiative-pour-la-foret-de-lafrique-centrale\/\" \/>\n<meta property=\"og:site_name\" content=\"SalvaTerra, Bureau d\u2019\u00e9tudes en environnement, for\u00eat, agriculture et d\u00e9veloppement rural\" \/>\n<meta property=\"article:modified_time\" content=\"2025-03-23T21:34:13+00:00\" \/>\n<meta property=\"og:image\" content=\"https:\/\/www.salvaterra.fr\/wp-content\/uploads\/2021\/07\/screenshot.png\" \/>\n\t<meta property=\"og:image:width\" content=\"880\" \/>\n\t<meta property=\"og:image:height\" content=\"660\" \/>\n\t<meta property=\"og:image:type\" content=\"image\/png\" \/>\n<meta name=\"twitter:card\" content=\"summary_large_image\" \/>\n<script type=\"application\/ld+json\" class=\"yoast-schema-graph\">{\"@context\":\"https:\/\/schema.org\",\"@graph\":[{\"@type\":\"WebPage\",\"@id\":\"https:\/\/www.salvaterra.fr\/fr\/references\/etude-de-faisabilite-du-programme-initiative-pour-la-foret-de-lafrique-centrale\/\",\"url\":\"https:\/\/www.salvaterra.fr\/fr\/references\/etude-de-faisabilite-du-programme-initiative-pour-la-foret-de-lafrique-centrale\/\",\"name\":\"\u00c9tude de faisabilit\u00e9 du Programme \\\"Initiative pour la for\u00eat de l'Afrique Centrale\\\" - SalvaTerra, Bureau d\u2019\u00e9tudes en environnement, for\u00eat, agriculture et d\u00e9veloppement rural\",\"isPartOf\":{\"@id\":\"https:\/\/www.salvaterra.fr\/fr\/#website\"},\"datePublished\":\"2017-11-01T09:00:00+00:00\",\"dateModified\":\"2025-03-23T21:34:13+00:00\",\"description\":\"\u00c9tude de faisabilit\u00e9 et \u00e9laboration d'un document de Programme (18 M\u20ac) dans le cadre du partenariat entre le Gabon et l'Initiative pour les for\u00eats d'Afrique centrale (CAFI), avec deux composantes principales : Plan national d'affectation des terres (PNAT) et Syst\u00e8me national d'observation des ressources naturelles et des for\u00eats (SNORNF).\",\"breadcrumb\":{\"@id\":\"https:\/\/www.salvaterra.fr\/fr\/references\/etude-de-faisabilite-du-programme-initiative-pour-la-foret-de-lafrique-centrale\/#breadcrumb\"},\"inLanguage\":\"fr-FR\",\"potentialAction\":[{\"@type\":\"ReadAction\",\"target\":[\"https:\/\/www.salvaterra.fr\/fr\/references\/etude-de-faisabilite-du-programme-initiative-pour-la-foret-de-lafrique-centrale\/\"]}]},{\"@type\":\"BreadcrumbList\",\"@id\":\"https:\/\/www.salvaterra.fr\/fr\/references\/etude-de-faisabilite-du-programme-initiative-pour-la-foret-de-lafrique-centrale\/#breadcrumb\",\"itemListElement\":[{\"@type\":\"ListItem\",\"position\":1,\"name\":\"Accueil\",\"item\":\"https:\/\/www.salvaterra.fr\/fr\/\"},{\"@type\":\"ListItem\",\"position\":2,\"name\":\"R\u00e9f\u00e9rences\",\"item\":\"https:\/\/www.salvaterra.fr\/fr\/references\/\"},{\"@type\":\"ListItem\",\"position\":3,\"name\":\"\u00c9tude de faisabilit\u00e9 du Programme \u00ab\u00a0Initiative pour la for\u00eat de l&rsquo;Afrique Centrale\u00a0\u00bb\"}]},{\"@type\":\"WebSite\",\"@id\":\"https:\/\/www.salvaterra.fr\/fr\/#website\",\"url\":\"https:\/\/www.salvaterra.fr\/fr\/\",\"name\":\"SalvaTerra, Bureau d\u2019\u00e9tudes en environnement, for\u00eat, agriculture et d\u00e9veloppement rural\",\"description\":\"\",\"potentialAction\":[{\"@type\":\"SearchAction\",\"target\":{\"@type\":\"EntryPoint\",\"urlTemplate\":\"https:\/\/www.salvaterra.fr\/fr\/?s={search_term_string}\"},\"query-input\":\"required name=search_term_string\"}],\"inLanguage\":\"fr-FR\"}]}<\/script>\n<!-- \/ Yoast SEO plugin. -->","yoast_head_json":{"title":"\u00c9tude de faisabilit\u00e9 du Programme \"Initiative pour la for\u00eat de l'Afrique Centrale\" - SalvaTerra, Bureau d\u2019\u00e9tudes en environnement, for\u00eat, agriculture et d\u00e9veloppement rural","description":"\u00c9tude de faisabilit\u00e9 et \u00e9laboration d'un document de Programme (18 M\u20ac) dans le cadre du partenariat entre le Gabon et l'Initiative pour les for\u00eats d'Afrique centrale (CAFI), avec deux composantes principales : Plan national d'affectation des terres (PNAT) et Syst\u00e8me national d'observation des ressources naturelles et des for\u00eats (SNORNF).","robots":{"index":"index","follow":"follow","max-snippet":"max-snippet:-1","max-image-preview":"max-image-preview:large","max-video-preview":"max-video-preview:-1"},"canonical":"https:\/\/www.salvaterra.fr\/fr\/references\/etude-de-faisabilite-du-programme-initiative-pour-la-foret-de-lafrique-centrale\/","og_locale":"fr_FR","og_type":"article","og_title":"\u00c9tude de faisabilit\u00e9 du Programme \"Initiative pour la for\u00eat de l'Afrique Centrale\" - SalvaTerra, Bureau d\u2019\u00e9tudes en environnement, for\u00eat, agriculture et d\u00e9veloppement rural","og_description":"\u00c9tude de faisabilit\u00e9 et \u00e9laboration d'un document de Programme (18 M\u20ac) dans le cadre du partenariat entre le Gabon et l'Initiative pour les for\u00eats d'Afrique centrale (CAFI), avec deux composantes principales : Plan national d'affectation des terres (PNAT) et Syst\u00e8me national d'observation des ressources naturelles et des for\u00eats (SNORNF).","og_url":"https:\/\/www.salvaterra.fr\/fr\/references\/etude-de-faisabilite-du-programme-initiative-pour-la-foret-de-lafrique-centrale\/","og_site_name":"SalvaTerra, Bureau d\u2019\u00e9tudes en environnement, for\u00eat, agriculture et d\u00e9veloppement rural","article_modified_time":"2025-03-23T21:34:13+00:00","og_image":[{"width":880,"height":660,"url":"https:\/\/www.salvaterra.fr\/wp-content\/uploads\/2021\/07\/screenshot.png","type":"image\/png"}],"twitter_card":"summary_large_image","schema":{"@context":"https:\/\/schema.org","@graph":[{"@type":"WebPage","@id":"https:\/\/www.salvaterra.fr\/fr\/references\/etude-de-faisabilite-du-programme-initiative-pour-la-foret-de-lafrique-centrale\/","url":"https:\/\/www.salvaterra.fr\/fr\/references\/etude-de-faisabilite-du-programme-initiative-pour-la-foret-de-lafrique-centrale\/","name":"\u00c9tude de faisabilit\u00e9 du Programme \"Initiative pour la for\u00eat de l'Afrique Centrale\" - SalvaTerra, Bureau d\u2019\u00e9tudes en environnement, for\u00eat, agriculture et d\u00e9veloppement rural","isPartOf":{"@id":"https:\/\/www.salvaterra.fr\/fr\/#website"},"datePublished":"2017-11-01T09:00:00+00:00","dateModified":"2025-03-23T21:34:13+00:00","description":"\u00c9tude de faisabilit\u00e9 et \u00e9laboration d'un document de Programme (18 M\u20ac) dans le cadre du partenariat entre le Gabon et l'Initiative pour les for\u00eats d'Afrique centrale (CAFI), avec deux composantes principales : Plan national d'affectation des terres (PNAT) et Syst\u00e8me national d'observation des ressources naturelles et des for\u00eats (SNORNF).","breadcrumb":{"@id":"https:\/\/www.salvaterra.fr\/fr\/references\/etude-de-faisabilite-du-programme-initiative-pour-la-foret-de-lafrique-centrale\/#breadcrumb"},"inLanguage":"fr-FR","potentialAction":[{"@type":"ReadAction","target":["https:\/\/www.salvaterra.fr\/fr\/references\/etude-de-faisabilite-du-programme-initiative-pour-la-foret-de-lafrique-centrale\/"]}]},{"@type":"BreadcrumbList","@id":"https:\/\/www.salvaterra.fr\/fr\/references\/etude-de-faisabilite-du-programme-initiative-pour-la-foret-de-lafrique-centrale\/#breadcrumb","itemListElement":[{"@type":"ListItem","position":1,"name":"Accueil","item":"https:\/\/www.salvaterra.fr\/fr\/"},{"@type":"ListItem","position":2,"name":"R\u00e9f\u00e9rences","item":"https:\/\/www.salvaterra.fr\/fr\/references\/"},{"@type":"ListItem","position":3,"name":"\u00c9tude de faisabilit\u00e9 du Programme \u00ab\u00a0Initiative pour la for\u00eat de l&rsquo;Afrique Centrale\u00a0\u00bb"}]},{"@type":"WebSite","@id":"https:\/\/www.salvaterra.fr\/fr\/#website","url":"https:\/\/www.salvaterra.fr\/fr\/","name":"SalvaTerra, Bureau d\u2019\u00e9tudes en environnement, for\u00eat, agriculture et d\u00e9veloppement rural","description":"","potentialAction":[{"@type":"SearchAction","target":{"@type":"EntryPoint","urlTemplate":"https:\/\/www.salvaterra.fr\/fr\/?s={search_term_string}"},"query-input":"required name=search_term_string"}],"inLanguage":"fr-FR"}]}},"pays":[93],"_links":{"self":[{"href":"https:\/\/www.salvaterra.fr\/fr\/wp-json\/wp\/v2\/references\/3134"}],"collection":[{"href":"https:\/\/www.salvaterra.fr\/fr\/wp-json\/wp\/v2\/references"}],"about":[{"href":"https:\/\/www.salvaterra.fr\/fr\/wp-json\/wp\/v2\/types\/references"}],"wp:attachment":[{"href":"https:\/\/www.salvaterra.fr\/fr\/wp-json\/wp\/v2\/media?parent=3134"}],"curies":[{"name":"wp","href":"https:\/\/api.w.org\/{rel}","templated":true}]}}