{"id":3119,"date":"2017-06-01T10:00:00","date_gmt":"2017-06-01T08:00:00","guid":{"rendered":"https:\/\/www.salvaterra.fr\/?post_type=references&#038;p=3119"},"modified":"2023-09-12T10:43:35","modified_gmt":"2023-09-12T08:43:35","slug":"evaluation-technique-et-financiere-des-mesures-agro-environnementales-et-climatiques","status":"publish","type":"references","link":"https:\/\/www.salvaterra.fr\/fr\/references\/evaluation-technique-et-financiere-des-mesures-agro-environnementales-et-climatiques\/","title":{"rendered":"\u00c9valuation technique et financi\u00e8re des mesures agro-environnementales et climatiques"},"template":"","acf":[],"yoast_head":"<!-- This site is optimized with the Yoast SEO plugin v22.4 - https:\/\/yoast.com\/wordpress\/plugins\/seo\/ -->\n<title>\u00c9valuation technique et financi\u00e8re des mesures agro-environnementales et climatiques - SalvaTerra, Bureau d\u2019\u00e9tudes en environnement, for\u00eat, agriculture et d\u00e9veloppement rural<\/title>\n<meta name=\"description\" content=\"\u00c9valuation de mesures agro-environnementales et climatiques (MAEC) financ\u00e9es par l&#039;UE (FEADER) pour le maintien de l&#039;agroforesterie (jardin mahorais), des haies, des ripisylves, des prairies humides, ainsi que pour la r\u00e9duction de l&#039;\u00e9rosion, et l&#039;adoption de pratiques nouvelles de cultures sous couvert : Revue bibliographique ; Enqu\u00eates de terrain tr\u00e8s d\u00e9taill\u00e9es aupr\u00e8s de 40 exploitants agricoles ; Propositions op\u00e9rationnelles (renforcement de certaines MAEC, modification voire abandon des autres).\" \/>\n<meta name=\"robots\" content=\"index, follow, max-snippet:-1, max-image-preview:large, max-video-preview:-1\" \/>\n<link rel=\"canonical\" href=\"https:\/\/www.salvaterra.fr\/fr\/references\/evaluation-technique-et-financiere-des-mesures-agro-environnementales-et-climatiques\/\" \/>\n<meta property=\"og:locale\" content=\"fr_FR\" \/>\n<meta property=\"og:type\" content=\"article\" \/>\n<meta property=\"og:title\" content=\"\u00c9valuation technique et financi\u00e8re des mesures agro-environnementales et climatiques - SalvaTerra, Bureau d\u2019\u00e9tudes en environnement, for\u00eat, agriculture et d\u00e9veloppement rural\" \/>\n<meta property=\"og:description\" content=\"\u00c9valuation de mesures agro-environnementales et climatiques (MAEC) financ\u00e9es par l&#039;UE (FEADER) pour le maintien de l&#039;agroforesterie (jardin mahorais), des haies, des ripisylves, des prairies humides, ainsi que pour la r\u00e9duction de l&#039;\u00e9rosion, et l&#039;adoption de pratiques nouvelles de cultures sous couvert : Revue bibliographique ; Enqu\u00eates de terrain tr\u00e8s d\u00e9taill\u00e9es aupr\u00e8s de 40 exploitants agricoles ; Propositions op\u00e9rationnelles (renforcement de certaines MAEC, modification voire abandon des autres).\" \/>\n<meta property=\"og:url\" content=\"https:\/\/www.salvaterra.fr\/fr\/references\/evaluation-technique-et-financiere-des-mesures-agro-environnementales-et-climatiques\/\" \/>\n<meta property=\"og:site_name\" content=\"SalvaTerra, Bureau d\u2019\u00e9tudes en environnement, for\u00eat, agriculture et d\u00e9veloppement rural\" \/>\n<meta property=\"article:modified_time\" content=\"2023-09-12T08:43:35+00:00\" \/>\n<meta property=\"og:image\" content=\"https:\/\/www.salvaterra.fr\/wp-content\/uploads\/2021\/07\/screenshot.png\" \/>\n\t<meta property=\"og:image:width\" content=\"880\" \/>\n\t<meta property=\"og:image:height\" content=\"660\" \/>\n\t<meta property=\"og:image:type\" content=\"image\/png\" \/>\n<meta name=\"twitter:card\" content=\"summary_large_image\" \/>\n<script type=\"application\/ld+json\" class=\"yoast-schema-graph\">{\"@context\":\"https:\/\/schema.org\",\"@graph\":[{\"@type\":\"WebPage\",\"@id\":\"https:\/\/www.salvaterra.fr\/fr\/references\/evaluation-technique-et-financiere-des-mesures-agro-environnementales-et-climatiques\/\",\"url\":\"https:\/\/www.salvaterra.fr\/fr\/references\/evaluation-technique-et-financiere-des-mesures-agro-environnementales-et-climatiques\/\",\"name\":\"\u00c9valuation technique et financi\u00e8re des mesures agro-environnementales et climatiques - SalvaTerra, Bureau d\u2019\u00e9tudes en environnement, for\u00eat, agriculture et d\u00e9veloppement rural\",\"isPartOf\":{\"@id\":\"https:\/\/www.salvaterra.fr\/fr\/#website\"},\"datePublished\":\"2017-06-01T08:00:00+00:00\",\"dateModified\":\"2023-09-12T08:43:35+00:00\",\"description\":\"\u00c9valuation de mesures agro-environnementales et climatiques (MAEC) financ\u00e9es par l'UE (FEADER) pour le maintien de l'agroforesterie (jardin mahorais), des haies, des ripisylves, des prairies humides, ainsi que pour la r\u00e9duction de l'\u00e9rosion, et l'adoption de pratiques nouvelles de cultures sous couvert : Revue bibliographique ; Enqu\u00eates de terrain tr\u00e8s d\u00e9taill\u00e9es aupr\u00e8s de 40 exploitants agricoles ; Propositions op\u00e9rationnelles (renforcement de certaines MAEC, modification voire abandon des autres).\",\"breadcrumb\":{\"@id\":\"https:\/\/www.salvaterra.fr\/fr\/references\/evaluation-technique-et-financiere-des-mesures-agro-environnementales-et-climatiques\/#breadcrumb\"},\"inLanguage\":\"fr-FR\",\"potentialAction\":[{\"@type\":\"ReadAction\",\"target\":[\"https:\/\/www.salvaterra.fr\/fr\/references\/evaluation-technique-et-financiere-des-mesures-agro-environnementales-et-climatiques\/\"]}]},{\"@type\":\"BreadcrumbList\",\"@id\":\"https:\/\/www.salvaterra.fr\/fr\/references\/evaluation-technique-et-financiere-des-mesures-agro-environnementales-et-climatiques\/#breadcrumb\",\"itemListElement\":[{\"@type\":\"ListItem\",\"position\":1,\"name\":\"Accueil\",\"item\":\"https:\/\/www.salvaterra.fr\/fr\/\"},{\"@type\":\"ListItem\",\"position\":2,\"name\":\"R\u00e9f\u00e9rences\",\"item\":\"https:\/\/www.salvaterra.fr\/fr\/references\/\"},{\"@type\":\"ListItem\",\"position\":3,\"name\":\"\u00c9valuation technique et financi\u00e8re des mesures agro-environnementales et climatiques\"}]},{\"@type\":\"WebSite\",\"@id\":\"https:\/\/www.salvaterra.fr\/fr\/#website\",\"url\":\"https:\/\/www.salvaterra.fr\/fr\/\",\"name\":\"SalvaTerra, Bureau d\u2019\u00e9tudes en environnement, for\u00eat, agriculture et d\u00e9veloppement rural\",\"description\":\"\",\"potentialAction\":[{\"@type\":\"SearchAction\",\"target\":{\"@type\":\"EntryPoint\",\"urlTemplate\":\"https:\/\/www.salvaterra.fr\/fr\/?s={search_term_string}\"},\"query-input\":\"required name=search_term_string\"}],\"inLanguage\":\"fr-FR\"}]}<\/script>\n<!-- \/ Yoast SEO plugin. -->","yoast_head_json":{"title":"\u00c9valuation technique et financi\u00e8re des mesures agro-environnementales et climatiques - SalvaTerra, Bureau d\u2019\u00e9tudes en environnement, for\u00eat, agriculture et d\u00e9veloppement rural","description":"\u00c9valuation de mesures agro-environnementales et climatiques (MAEC) financ\u00e9es par l'UE (FEADER) pour le maintien de l'agroforesterie (jardin mahorais), des haies, des ripisylves, des prairies humides, ainsi que pour la r\u00e9duction de l'\u00e9rosion, et l'adoption de pratiques nouvelles de cultures sous couvert : Revue bibliographique ; Enqu\u00eates de terrain tr\u00e8s d\u00e9taill\u00e9es aupr\u00e8s de 40 exploitants agricoles ; Propositions op\u00e9rationnelles (renforcement de certaines MAEC, modification voire abandon des autres).","robots":{"index":"index","follow":"follow","max-snippet":"max-snippet:-1","max-image-preview":"max-image-preview:large","max-video-preview":"max-video-preview:-1"},"canonical":"https:\/\/www.salvaterra.fr\/fr\/references\/evaluation-technique-et-financiere-des-mesures-agro-environnementales-et-climatiques\/","og_locale":"fr_FR","og_type":"article","og_title":"\u00c9valuation technique et financi\u00e8re des mesures agro-environnementales et climatiques - SalvaTerra, Bureau d\u2019\u00e9tudes en environnement, for\u00eat, agriculture et d\u00e9veloppement rural","og_description":"\u00c9valuation de mesures agro-environnementales et climatiques (MAEC) financ\u00e9es par l'UE (FEADER) pour le maintien de l'agroforesterie (jardin mahorais), des haies, des ripisylves, des prairies humides, ainsi que pour la r\u00e9duction de l'\u00e9rosion, et l'adoption de pratiques nouvelles de cultures sous couvert : Revue bibliographique ; Enqu\u00eates de terrain tr\u00e8s d\u00e9taill\u00e9es aupr\u00e8s de 40 exploitants agricoles ; Propositions op\u00e9rationnelles (renforcement de certaines MAEC, modification voire abandon des autres).","og_url":"https:\/\/www.salvaterra.fr\/fr\/references\/evaluation-technique-et-financiere-des-mesures-agro-environnementales-et-climatiques\/","og_site_name":"SalvaTerra, Bureau d\u2019\u00e9tudes en environnement, for\u00eat, agriculture et d\u00e9veloppement rural","article_modified_time":"2023-09-12T08:43:35+00:00","og_image":[{"width":880,"height":660,"url":"https:\/\/www.salvaterra.fr\/wp-content\/uploads\/2021\/07\/screenshot.png","type":"image\/png"}],"twitter_card":"summary_large_image","schema":{"@context":"https:\/\/schema.org","@graph":[{"@type":"WebPage","@id":"https:\/\/www.salvaterra.fr\/fr\/references\/evaluation-technique-et-financiere-des-mesures-agro-environnementales-et-climatiques\/","url":"https:\/\/www.salvaterra.fr\/fr\/references\/evaluation-technique-et-financiere-des-mesures-agro-environnementales-et-climatiques\/","name":"\u00c9valuation technique et financi\u00e8re des mesures agro-environnementales et climatiques - SalvaTerra, Bureau d\u2019\u00e9tudes en environnement, for\u00eat, agriculture et d\u00e9veloppement rural","isPartOf":{"@id":"https:\/\/www.salvaterra.fr\/fr\/#website"},"datePublished":"2017-06-01T08:00:00+00:00","dateModified":"2023-09-12T08:43:35+00:00","description":"\u00c9valuation de mesures agro-environnementales et climatiques (MAEC) financ\u00e9es par l'UE (FEADER) pour le maintien de l'agroforesterie (jardin mahorais), des haies, des ripisylves, des prairies humides, ainsi que pour la r\u00e9duction de l'\u00e9rosion, et l'adoption de pratiques nouvelles de cultures sous couvert : Revue bibliographique ; Enqu\u00eates de terrain tr\u00e8s d\u00e9taill\u00e9es aupr\u00e8s de 40 exploitants agricoles ; Propositions op\u00e9rationnelles (renforcement de certaines MAEC, modification voire abandon des autres).","breadcrumb":{"@id":"https:\/\/www.salvaterra.fr\/fr\/references\/evaluation-technique-et-financiere-des-mesures-agro-environnementales-et-climatiques\/#breadcrumb"},"inLanguage":"fr-FR","potentialAction":[{"@type":"ReadAction","target":["https:\/\/www.salvaterra.fr\/fr\/references\/evaluation-technique-et-financiere-des-mesures-agro-environnementales-et-climatiques\/"]}]},{"@type":"BreadcrumbList","@id":"https:\/\/www.salvaterra.fr\/fr\/references\/evaluation-technique-et-financiere-des-mesures-agro-environnementales-et-climatiques\/#breadcrumb","itemListElement":[{"@type":"ListItem","position":1,"name":"Accueil","item":"https:\/\/www.salvaterra.fr\/fr\/"},{"@type":"ListItem","position":2,"name":"R\u00e9f\u00e9rences","item":"https:\/\/www.salvaterra.fr\/fr\/references\/"},{"@type":"ListItem","position":3,"name":"\u00c9valuation technique et financi\u00e8re des mesures agro-environnementales et climatiques"}]},{"@type":"WebSite","@id":"https:\/\/www.salvaterra.fr\/fr\/#website","url":"https:\/\/www.salvaterra.fr\/fr\/","name":"SalvaTerra, Bureau d\u2019\u00e9tudes en environnement, for\u00eat, agriculture et d\u00e9veloppement rural","description":"","potentialAction":[{"@type":"SearchAction","target":{"@type":"EntryPoint","urlTemplate":"https:\/\/www.salvaterra.fr\/fr\/?s={search_term_string}"},"query-input":"required name=search_term_string"}],"inLanguage":"fr-FR"}]}},"pays":[155],"_links":{"self":[{"href":"https:\/\/www.salvaterra.fr\/fr\/wp-json\/wp\/v2\/references\/3119"}],"collection":[{"href":"https:\/\/www.salvaterra.fr\/fr\/wp-json\/wp\/v2\/references"}],"about":[{"href":"https:\/\/www.salvaterra.fr\/fr\/wp-json\/wp\/v2\/types\/references"}],"wp:attachment":[{"href":"https:\/\/www.salvaterra.fr\/fr\/wp-json\/wp\/v2\/media?parent=3119"}],"curies":[{"name":"wp","href":"https:\/\/api.w.org\/{rel}","templated":true}]}}