{"id":3083,"date":"2013-12-01T10:00:00","date_gmt":"2013-12-01T09:00:00","guid":{"rendered":"https:\/\/www.salvaterra.fr\/?post_type=references&#038;p=3083"},"modified":"2023-06-06T15:18:54","modified_gmt":"2023-06-06T13:18:54","slug":"plan-dinvestissement-redd","status":"publish","type":"references","link":"https:\/\/www.salvaterra.fr\/fr\/references\/plan-dinvestissement-redd\/","title":{"rendered":"Appui \u00e0 l&rsquo;\u00e9laboration du Plan investissement REDD+ de la RDC"},"template":"","acf":[],"yoast_head":"<!-- This site is optimized with the Yoast SEO plugin v22.4 - https:\/\/yoast.com\/wordpress\/plugins\/seo\/ -->\n<title>Appui \u00e0 l&#039;\u00e9laboration du Plan investissement REDD+ de la RDC - SalvaTerra, Bureau d\u2019\u00e9tudes en environnement, for\u00eat, agriculture et d\u00e9veloppement rural<\/title>\n<meta name=\"description\" content=\"Appui au Gouvernement congolais pour la pr\u00e9paration de son Plan d&#039;investissement REDD+ pour 2013-2016 (200 millions USD) : (i) Am\u00e9nagement du territoire, (ii) S\u00e9curisation fonci\u00e8re, (iii) Contr\u00f4le d\u00e9mographique, (iv) Am\u00e9lioration de la gouvernance \u00e9conomique et environnementale, (v) Gestion foresti\u00e8re durable, (vi) Intensification agricole durable, (vii) Augmentation de l&#039;offre en bois-\u00e9nergie durable et am\u00e9lioration de l&#039;efficacit\u00e9 \u00e9nerg\u00e9tique.\" \/>\n<meta name=\"robots\" content=\"index, follow, max-snippet:-1, max-image-preview:large, max-video-preview:-1\" \/>\n<link rel=\"canonical\" href=\"https:\/\/www.salvaterra.fr\/fr\/references\/plan-dinvestissement-redd\/\" \/>\n<meta property=\"og:locale\" content=\"fr_FR\" \/>\n<meta property=\"og:type\" content=\"article\" \/>\n<meta property=\"og:title\" content=\"Appui \u00e0 l&#039;\u00e9laboration du Plan investissement REDD+ de la RDC - SalvaTerra, Bureau d\u2019\u00e9tudes en environnement, for\u00eat, agriculture et d\u00e9veloppement rural\" \/>\n<meta property=\"og:description\" content=\"Appui au Gouvernement congolais pour la pr\u00e9paration de son Plan d&#039;investissement REDD+ pour 2013-2016 (200 millions USD) : (i) Am\u00e9nagement du territoire, (ii) S\u00e9curisation fonci\u00e8re, (iii) Contr\u00f4le d\u00e9mographique, (iv) Am\u00e9lioration de la gouvernance \u00e9conomique et environnementale, (v) Gestion foresti\u00e8re durable, (vi) Intensification agricole durable, (vii) Augmentation de l&#039;offre en bois-\u00e9nergie durable et am\u00e9lioration de l&#039;efficacit\u00e9 \u00e9nerg\u00e9tique.\" \/>\n<meta property=\"og:url\" content=\"https:\/\/www.salvaterra.fr\/fr\/references\/plan-dinvestissement-redd\/\" \/>\n<meta property=\"og:site_name\" content=\"SalvaTerra, Bureau d\u2019\u00e9tudes en environnement, for\u00eat, agriculture et d\u00e9veloppement rural\" \/>\n<meta property=\"article:modified_time\" content=\"2023-06-06T13:18:54+00:00\" \/>\n<meta property=\"og:image\" content=\"https:\/\/www.salvaterra.fr\/wp-content\/uploads\/2021\/07\/screenshot.png\" \/>\n\t<meta property=\"og:image:width\" content=\"880\" \/>\n\t<meta property=\"og:image:height\" content=\"660\" \/>\n\t<meta property=\"og:image:type\" content=\"image\/png\" \/>\n<meta name=\"twitter:card\" content=\"summary_large_image\" \/>\n<script type=\"application\/ld+json\" class=\"yoast-schema-graph\">{\"@context\":\"https:\/\/schema.org\",\"@graph\":[{\"@type\":\"WebPage\",\"@id\":\"https:\/\/www.salvaterra.fr\/fr\/references\/plan-dinvestissement-redd\/\",\"url\":\"https:\/\/www.salvaterra.fr\/fr\/references\/plan-dinvestissement-redd\/\",\"name\":\"Appui \u00e0 l'\u00e9laboration du Plan investissement REDD+ de la RDC - SalvaTerra, Bureau d\u2019\u00e9tudes en environnement, for\u00eat, agriculture et d\u00e9veloppement rural\",\"isPartOf\":{\"@id\":\"https:\/\/www.salvaterra.fr\/fr\/#website\"},\"datePublished\":\"2013-12-01T09:00:00+00:00\",\"dateModified\":\"2023-06-06T13:18:54+00:00\",\"description\":\"Appui au Gouvernement congolais pour la pr\u00e9paration de son Plan d'investissement REDD+ pour 2013-2016 (200 millions USD) : (i) Am\u00e9nagement du territoire, (ii) S\u00e9curisation fonci\u00e8re, (iii) Contr\u00f4le d\u00e9mographique, (iv) Am\u00e9lioration de la gouvernance \u00e9conomique et environnementale, (v) Gestion foresti\u00e8re durable, (vi) Intensification agricole durable, (vii) Augmentation de l'offre en bois-\u00e9nergie durable et am\u00e9lioration de l'efficacit\u00e9 \u00e9nerg\u00e9tique.\",\"breadcrumb\":{\"@id\":\"https:\/\/www.salvaterra.fr\/fr\/references\/plan-dinvestissement-redd\/#breadcrumb\"},\"inLanguage\":\"fr-FR\",\"potentialAction\":[{\"@type\":\"ReadAction\",\"target\":[\"https:\/\/www.salvaterra.fr\/fr\/references\/plan-dinvestissement-redd\/\"]}]},{\"@type\":\"BreadcrumbList\",\"@id\":\"https:\/\/www.salvaterra.fr\/fr\/references\/plan-dinvestissement-redd\/#breadcrumb\",\"itemListElement\":[{\"@type\":\"ListItem\",\"position\":1,\"name\":\"Accueil\",\"item\":\"https:\/\/www.salvaterra.fr\/fr\/\"},{\"@type\":\"ListItem\",\"position\":2,\"name\":\"R\u00e9f\u00e9rences\",\"item\":\"https:\/\/www.salvaterra.fr\/fr\/references\/\"},{\"@type\":\"ListItem\",\"position\":3,\"name\":\"Appui \u00e0 l&rsquo;\u00e9laboration du Plan investissement REDD+ de la RDC\"}]},{\"@type\":\"WebSite\",\"@id\":\"https:\/\/www.salvaterra.fr\/fr\/#website\",\"url\":\"https:\/\/www.salvaterra.fr\/fr\/\",\"name\":\"SalvaTerra, Bureau d\u2019\u00e9tudes en environnement, for\u00eat, agriculture et d\u00e9veloppement rural\",\"description\":\"\",\"potentialAction\":[{\"@type\":\"SearchAction\",\"target\":{\"@type\":\"EntryPoint\",\"urlTemplate\":\"https:\/\/www.salvaterra.fr\/fr\/?s={search_term_string}\"},\"query-input\":\"required name=search_term_string\"}],\"inLanguage\":\"fr-FR\"}]}<\/script>\n<!-- \/ Yoast SEO plugin. -->","yoast_head_json":{"title":"Appui \u00e0 l'\u00e9laboration du Plan investissement REDD+ de la RDC - SalvaTerra, Bureau d\u2019\u00e9tudes en environnement, for\u00eat, agriculture et d\u00e9veloppement rural","description":"Appui au Gouvernement congolais pour la pr\u00e9paration de son Plan d'investissement REDD+ pour 2013-2016 (200 millions USD) : (i) Am\u00e9nagement du territoire, (ii) S\u00e9curisation fonci\u00e8re, (iii) Contr\u00f4le d\u00e9mographique, (iv) Am\u00e9lioration de la gouvernance \u00e9conomique et environnementale, (v) Gestion foresti\u00e8re durable, (vi) Intensification agricole durable, (vii) Augmentation de l'offre en bois-\u00e9nergie durable et am\u00e9lioration de l'efficacit\u00e9 \u00e9nerg\u00e9tique.","robots":{"index":"index","follow":"follow","max-snippet":"max-snippet:-1","max-image-preview":"max-image-preview:large","max-video-preview":"max-video-preview:-1"},"canonical":"https:\/\/www.salvaterra.fr\/fr\/references\/plan-dinvestissement-redd\/","og_locale":"fr_FR","og_type":"article","og_title":"Appui \u00e0 l'\u00e9laboration du Plan investissement REDD+ de la RDC - SalvaTerra, Bureau d\u2019\u00e9tudes en environnement, for\u00eat, agriculture et d\u00e9veloppement rural","og_description":"Appui au Gouvernement congolais pour la pr\u00e9paration de son Plan d'investissement REDD+ pour 2013-2016 (200 millions USD) : (i) Am\u00e9nagement du territoire, (ii) S\u00e9curisation fonci\u00e8re, (iii) Contr\u00f4le d\u00e9mographique, (iv) Am\u00e9lioration de la gouvernance \u00e9conomique et environnementale, (v) Gestion foresti\u00e8re durable, (vi) Intensification agricole durable, (vii) Augmentation de l'offre en bois-\u00e9nergie durable et am\u00e9lioration de l'efficacit\u00e9 \u00e9nerg\u00e9tique.","og_url":"https:\/\/www.salvaterra.fr\/fr\/references\/plan-dinvestissement-redd\/","og_site_name":"SalvaTerra, Bureau d\u2019\u00e9tudes en environnement, for\u00eat, agriculture et d\u00e9veloppement rural","article_modified_time":"2023-06-06T13:18:54+00:00","og_image":[{"width":880,"height":660,"url":"https:\/\/www.salvaterra.fr\/wp-content\/uploads\/2021\/07\/screenshot.png","type":"image\/png"}],"twitter_card":"summary_large_image","schema":{"@context":"https:\/\/schema.org","@graph":[{"@type":"WebPage","@id":"https:\/\/www.salvaterra.fr\/fr\/references\/plan-dinvestissement-redd\/","url":"https:\/\/www.salvaterra.fr\/fr\/references\/plan-dinvestissement-redd\/","name":"Appui \u00e0 l'\u00e9laboration du Plan investissement REDD+ de la RDC - SalvaTerra, Bureau d\u2019\u00e9tudes en environnement, for\u00eat, agriculture et d\u00e9veloppement rural","isPartOf":{"@id":"https:\/\/www.salvaterra.fr\/fr\/#website"},"datePublished":"2013-12-01T09:00:00+00:00","dateModified":"2023-06-06T13:18:54+00:00","description":"Appui au Gouvernement congolais pour la pr\u00e9paration de son Plan d'investissement REDD+ pour 2013-2016 (200 millions USD) : (i) Am\u00e9nagement du territoire, (ii) S\u00e9curisation fonci\u00e8re, (iii) Contr\u00f4le d\u00e9mographique, (iv) Am\u00e9lioration de la gouvernance \u00e9conomique et environnementale, (v) Gestion foresti\u00e8re durable, (vi) Intensification agricole durable, (vii) Augmentation de l'offre en bois-\u00e9nergie durable et am\u00e9lioration de l'efficacit\u00e9 \u00e9nerg\u00e9tique.","breadcrumb":{"@id":"https:\/\/www.salvaterra.fr\/fr\/references\/plan-dinvestissement-redd\/#breadcrumb"},"inLanguage":"fr-FR","potentialAction":[{"@type":"ReadAction","target":["https:\/\/www.salvaterra.fr\/fr\/references\/plan-dinvestissement-redd\/"]}]},{"@type":"BreadcrumbList","@id":"https:\/\/www.salvaterra.fr\/fr\/references\/plan-dinvestissement-redd\/#breadcrumb","itemListElement":[{"@type":"ListItem","position":1,"name":"Accueil","item":"https:\/\/www.salvaterra.fr\/fr\/"},{"@type":"ListItem","position":2,"name":"R\u00e9f\u00e9rences","item":"https:\/\/www.salvaterra.fr\/fr\/references\/"},{"@type":"ListItem","position":3,"name":"Appui \u00e0 l&rsquo;\u00e9laboration du Plan investissement REDD+ de la RDC"}]},{"@type":"WebSite","@id":"https:\/\/www.salvaterra.fr\/fr\/#website","url":"https:\/\/www.salvaterra.fr\/fr\/","name":"SalvaTerra, Bureau d\u2019\u00e9tudes en environnement, for\u00eat, agriculture et d\u00e9veloppement rural","description":"","potentialAction":[{"@type":"SearchAction","target":{"@type":"EntryPoint","urlTemplate":"https:\/\/www.salvaterra.fr\/fr\/?s={search_term_string}"},"query-input":"required name=search_term_string"}],"inLanguage":"fr-FR"}]}},"pays":[64],"_links":{"self":[{"href":"https:\/\/www.salvaterra.fr\/fr\/wp-json\/wp\/v2\/references\/3083"}],"collection":[{"href":"https:\/\/www.salvaterra.fr\/fr\/wp-json\/wp\/v2\/references"}],"about":[{"href":"https:\/\/www.salvaterra.fr\/fr\/wp-json\/wp\/v2\/types\/references"}],"wp:attachment":[{"href":"https:\/\/www.salvaterra.fr\/fr\/wp-json\/wp\/v2\/media?parent=3083"}],"curies":[{"name":"wp","href":"https:\/\/api.w.org\/{rel}","templated":true}]}}