{"id":3058,"date":"2012-06-01T10:00:00","date_gmt":"2012-06-01T08:00:00","guid":{"rendered":"https:\/\/www.salvaterra.fr\/?post_type=references&#038;p=3058"},"modified":"2023-03-16T16:54:57","modified_gmt":"2023-03-16T15:54:57","slug":"montage-dun-projet-regional-redd-guyanes","status":"publish","type":"references","link":"https:\/\/www.salvaterra.fr\/fr\/references\/montage-dun-projet-regional-redd-guyanes\/","title":{"rendered":"Montage d&rsquo;un projet r\u00e9gional REDD+ sur le plateau des Guyanes"},"template":"","acf":[],"yoast_head":"<!-- This site is optimized with the Yoast SEO plugin v22.4 - https:\/\/yoast.com\/wordpress\/plugins\/seo\/ -->\n<title>Montage d&#039;un projet r\u00e9gional REDD+ sur le plateau des Guyanes - SalvaTerra, Bureau d\u2019\u00e9tudes en environnement, for\u00eat, agriculture et d\u00e9veloppement rural<\/title>\n<meta name=\"description\" content=\"\u00c9laboration du projet &quot;Plateforme r\u00e9gionale de d\u00e9veloppement du m\u00e9canisme REDD+ sur le Plateau des Guyanes&quot;. Soumission de dossiers de financement \u00e0 l&#039;Interreg IV Cara\u00efbes (Union europ\u00e9enne), au Fonds fran\u00e7ais pour l&#039;environnement mondial (FFEM), au Conseil R\u00e9gional de Guyane et \u00e0 l&#039;Office national des for\u00eats (ONF) et obtention de 2,7 M\u20ac de financement.\" \/>\n<meta name=\"robots\" content=\"index, follow, max-snippet:-1, max-image-preview:large, max-video-preview:-1\" \/>\n<link rel=\"canonical\" href=\"https:\/\/www.salvaterra.fr\/fr\/references\/montage-dun-projet-regional-redd-guyanes\/\" \/>\n<meta property=\"og:locale\" content=\"fr_FR\" \/>\n<meta property=\"og:type\" content=\"article\" \/>\n<meta property=\"og:title\" content=\"Montage d&#039;un projet r\u00e9gional REDD+ sur le plateau des Guyanes - SalvaTerra, Bureau d\u2019\u00e9tudes en environnement, for\u00eat, agriculture et d\u00e9veloppement rural\" \/>\n<meta property=\"og:description\" content=\"\u00c9laboration du projet &quot;Plateforme r\u00e9gionale de d\u00e9veloppement du m\u00e9canisme REDD+ sur le Plateau des Guyanes&quot;. Soumission de dossiers de financement \u00e0 l&#039;Interreg IV Cara\u00efbes (Union europ\u00e9enne), au Fonds fran\u00e7ais pour l&#039;environnement mondial (FFEM), au Conseil R\u00e9gional de Guyane et \u00e0 l&#039;Office national des for\u00eats (ONF) et obtention de 2,7 M\u20ac de financement.\" \/>\n<meta property=\"og:url\" content=\"https:\/\/www.salvaterra.fr\/fr\/references\/montage-dun-projet-regional-redd-guyanes\/\" \/>\n<meta property=\"og:site_name\" content=\"SalvaTerra, Bureau d\u2019\u00e9tudes en environnement, for\u00eat, agriculture et d\u00e9veloppement rural\" \/>\n<meta property=\"article:modified_time\" content=\"2023-03-16T15:54:57+00:00\" \/>\n<meta property=\"og:image\" content=\"https:\/\/www.salvaterra.fr\/wp-content\/uploads\/2021\/07\/screenshot.png\" \/>\n\t<meta property=\"og:image:width\" content=\"880\" \/>\n\t<meta property=\"og:image:height\" content=\"660\" \/>\n\t<meta property=\"og:image:type\" content=\"image\/png\" \/>\n<meta name=\"twitter:card\" content=\"summary_large_image\" \/>\n<script type=\"application\/ld+json\" class=\"yoast-schema-graph\">{\"@context\":\"https:\/\/schema.org\",\"@graph\":[{\"@type\":\"WebPage\",\"@id\":\"https:\/\/www.salvaterra.fr\/fr\/references\/montage-dun-projet-regional-redd-guyanes\/\",\"url\":\"https:\/\/www.salvaterra.fr\/fr\/references\/montage-dun-projet-regional-redd-guyanes\/\",\"name\":\"Montage d'un projet r\u00e9gional REDD+ sur le plateau des Guyanes - SalvaTerra, Bureau d\u2019\u00e9tudes en environnement, for\u00eat, agriculture et d\u00e9veloppement rural\",\"isPartOf\":{\"@id\":\"https:\/\/www.salvaterra.fr\/fr\/#website\"},\"datePublished\":\"2012-06-01T08:00:00+00:00\",\"dateModified\":\"2023-03-16T15:54:57+00:00\",\"description\":\"\u00c9laboration du projet \\\"Plateforme r\u00e9gionale de d\u00e9veloppement du m\u00e9canisme REDD+ sur le Plateau des Guyanes\\\". Soumission de dossiers de financement \u00e0 l'Interreg IV Cara\u00efbes (Union europ\u00e9enne), au Fonds fran\u00e7ais pour l'environnement mondial (FFEM), au Conseil R\u00e9gional de Guyane et \u00e0 l'Office national des for\u00eats (ONF) et obtention de 2,7 M\u20ac de financement.\",\"breadcrumb\":{\"@id\":\"https:\/\/www.salvaterra.fr\/fr\/references\/montage-dun-projet-regional-redd-guyanes\/#breadcrumb\"},\"inLanguage\":\"fr-FR\",\"potentialAction\":[{\"@type\":\"ReadAction\",\"target\":[\"https:\/\/www.salvaterra.fr\/fr\/references\/montage-dun-projet-regional-redd-guyanes\/\"]}]},{\"@type\":\"BreadcrumbList\",\"@id\":\"https:\/\/www.salvaterra.fr\/fr\/references\/montage-dun-projet-regional-redd-guyanes\/#breadcrumb\",\"itemListElement\":[{\"@type\":\"ListItem\",\"position\":1,\"name\":\"Accueil\",\"item\":\"https:\/\/www.salvaterra.fr\/fr\/\"},{\"@type\":\"ListItem\",\"position\":2,\"name\":\"R\u00e9f\u00e9rences\",\"item\":\"https:\/\/www.salvaterra.fr\/fr\/references\/\"},{\"@type\":\"ListItem\",\"position\":3,\"name\":\"Montage d&rsquo;un projet r\u00e9gional REDD+ sur le plateau des Guyanes\"}]},{\"@type\":\"WebSite\",\"@id\":\"https:\/\/www.salvaterra.fr\/fr\/#website\",\"url\":\"https:\/\/www.salvaterra.fr\/fr\/\",\"name\":\"SalvaTerra, Bureau d\u2019\u00e9tudes en environnement, for\u00eat, agriculture et d\u00e9veloppement rural\",\"description\":\"\",\"potentialAction\":[{\"@type\":\"SearchAction\",\"target\":{\"@type\":\"EntryPoint\",\"urlTemplate\":\"https:\/\/www.salvaterra.fr\/fr\/?s={search_term_string}\"},\"query-input\":\"required name=search_term_string\"}],\"inLanguage\":\"fr-FR\"}]}<\/script>\n<!-- \/ Yoast SEO plugin. -->","yoast_head_json":{"title":"Montage d'un projet r\u00e9gional REDD+ sur le plateau des Guyanes - SalvaTerra, Bureau d\u2019\u00e9tudes en environnement, for\u00eat, agriculture et d\u00e9veloppement rural","description":"\u00c9laboration du projet \"Plateforme r\u00e9gionale de d\u00e9veloppement du m\u00e9canisme REDD+ sur le Plateau des Guyanes\". Soumission de dossiers de financement \u00e0 l'Interreg IV Cara\u00efbes (Union europ\u00e9enne), au Fonds fran\u00e7ais pour l'environnement mondial (FFEM), au Conseil R\u00e9gional de Guyane et \u00e0 l'Office national des for\u00eats (ONF) et obtention de 2,7 M\u20ac de financement.","robots":{"index":"index","follow":"follow","max-snippet":"max-snippet:-1","max-image-preview":"max-image-preview:large","max-video-preview":"max-video-preview:-1"},"canonical":"https:\/\/www.salvaterra.fr\/fr\/references\/montage-dun-projet-regional-redd-guyanes\/","og_locale":"fr_FR","og_type":"article","og_title":"Montage d'un projet r\u00e9gional REDD+ sur le plateau des Guyanes - SalvaTerra, Bureau d\u2019\u00e9tudes en environnement, for\u00eat, agriculture et d\u00e9veloppement rural","og_description":"\u00c9laboration du projet \"Plateforme r\u00e9gionale de d\u00e9veloppement du m\u00e9canisme REDD+ sur le Plateau des Guyanes\". Soumission de dossiers de financement \u00e0 l'Interreg IV Cara\u00efbes (Union europ\u00e9enne), au Fonds fran\u00e7ais pour l'environnement mondial (FFEM), au Conseil R\u00e9gional de Guyane et \u00e0 l'Office national des for\u00eats (ONF) et obtention de 2,7 M\u20ac de financement.","og_url":"https:\/\/www.salvaterra.fr\/fr\/references\/montage-dun-projet-regional-redd-guyanes\/","og_site_name":"SalvaTerra, Bureau d\u2019\u00e9tudes en environnement, for\u00eat, agriculture et d\u00e9veloppement rural","article_modified_time":"2023-03-16T15:54:57+00:00","og_image":[{"width":880,"height":660,"url":"https:\/\/www.salvaterra.fr\/wp-content\/uploads\/2021\/07\/screenshot.png","type":"image\/png"}],"twitter_card":"summary_large_image","schema":{"@context":"https:\/\/schema.org","@graph":[{"@type":"WebPage","@id":"https:\/\/www.salvaterra.fr\/fr\/references\/montage-dun-projet-regional-redd-guyanes\/","url":"https:\/\/www.salvaterra.fr\/fr\/references\/montage-dun-projet-regional-redd-guyanes\/","name":"Montage d'un projet r\u00e9gional REDD+ sur le plateau des Guyanes - SalvaTerra, Bureau d\u2019\u00e9tudes en environnement, for\u00eat, agriculture et d\u00e9veloppement rural","isPartOf":{"@id":"https:\/\/www.salvaterra.fr\/fr\/#website"},"datePublished":"2012-06-01T08:00:00+00:00","dateModified":"2023-03-16T15:54:57+00:00","description":"\u00c9laboration du projet \"Plateforme r\u00e9gionale de d\u00e9veloppement du m\u00e9canisme REDD+ sur le Plateau des Guyanes\". Soumission de dossiers de financement \u00e0 l'Interreg IV Cara\u00efbes (Union europ\u00e9enne), au Fonds fran\u00e7ais pour l'environnement mondial (FFEM), au Conseil R\u00e9gional de Guyane et \u00e0 l'Office national des for\u00eats (ONF) et obtention de 2,7 M\u20ac de financement.","breadcrumb":{"@id":"https:\/\/www.salvaterra.fr\/fr\/references\/montage-dun-projet-regional-redd-guyanes\/#breadcrumb"},"inLanguage":"fr-FR","potentialAction":[{"@type":"ReadAction","target":["https:\/\/www.salvaterra.fr\/fr\/references\/montage-dun-projet-regional-redd-guyanes\/"]}]},{"@type":"BreadcrumbList","@id":"https:\/\/www.salvaterra.fr\/fr\/references\/montage-dun-projet-regional-redd-guyanes\/#breadcrumb","itemListElement":[{"@type":"ListItem","position":1,"name":"Accueil","item":"https:\/\/www.salvaterra.fr\/fr\/"},{"@type":"ListItem","position":2,"name":"R\u00e9f\u00e9rences","item":"https:\/\/www.salvaterra.fr\/fr\/references\/"},{"@type":"ListItem","position":3,"name":"Montage d&rsquo;un projet r\u00e9gional REDD+ sur le plateau des Guyanes"}]},{"@type":"WebSite","@id":"https:\/\/www.salvaterra.fr\/fr\/#website","url":"https:\/\/www.salvaterra.fr\/fr\/","name":"SalvaTerra, Bureau d\u2019\u00e9tudes en environnement, for\u00eat, agriculture et d\u00e9veloppement rural","description":"","potentialAction":[{"@type":"SearchAction","target":{"@type":"EntryPoint","urlTemplate":"https:\/\/www.salvaterra.fr\/fr\/?s={search_term_string}"},"query-input":"required name=search_term_string"}],"inLanguage":"fr-FR"}]}},"pays":[44,90,108,225],"_links":{"self":[{"href":"https:\/\/www.salvaterra.fr\/fr\/wp-json\/wp\/v2\/references\/3058"}],"collection":[{"href":"https:\/\/www.salvaterra.fr\/fr\/wp-json\/wp\/v2\/references"}],"about":[{"href":"https:\/\/www.salvaterra.fr\/fr\/wp-json\/wp\/v2\/types\/references"}],"wp:attachment":[{"href":"https:\/\/www.salvaterra.fr\/fr\/wp-json\/wp\/v2\/media?parent=3058"}],"curies":[{"name":"wp","href":"https:\/\/api.w.org\/{rel}","templated":true}]}}