{"id":3019,"date":"2021-03-11T15:32:03","date_gmt":"2021-03-11T14:32:03","guid":{"rendered":"https:\/\/www.salvaterra.fr\/?post_type=references&#038;p=3019"},"modified":"2023-03-09T17:10:54","modified_gmt":"2023-03-09T16:10:54","slug":"etude-de-la-filiere-cafe-dominicaine-en-vue-du-developpement-de-la-certification-de-filieres-cafes-speciaux","status":"publish","type":"references","link":"https:\/\/www.salvaterra.fr\/fr\/references\/etude-de-la-filiere-cafe-dominicaine-en-vue-du-developpement-de-la-certification-de-filieres-cafes-speciaux\/","title":{"rendered":"\u00c9tude de la fili\u00e8re caf\u00e9 dominicaine et du potentiel de certification de caf\u00e9s sp\u00e9ciaux"},"template":"","acf":[],"yoast_head":"<!-- This site is optimized with the Yoast SEO plugin v22.4 - https:\/\/yoast.com\/wordpress\/plugins\/seo\/ -->\n<title>\u00c9tude de la fili\u00e8re caf\u00e9 dominicaine et du potentiel de certification de caf\u00e9s sp\u00e9ciaux - SalvaTerra, Bureau d\u2019\u00e9tudes en environnement, for\u00eat, agriculture et d\u00e9veloppement rural<\/title>\n<meta name=\"description\" content=\"&quot;Etude compl\u00e8te de la fili\u00e8re caf\u00e9 dominicaine (de la production \u00e0 l&#039;exportation) et des initiatives locales existantes en mati\u00e8re de caf\u00e9s sp\u00e9ciaux. Identification des forces\/faiblesses de la fili\u00e8re \u00e0 tous ses \u00e9chelons, ainsi que la r\u00e9partition des marges et volumes entre acteurs. Analyse de march\u00e9 \u00e0 large \u00e9chelle afin de cerner les go\u00fbts et crit\u00e8res de choix des transformateurs \/ d\u00e9taillants \/ consommateurs de caf\u00e9s sp\u00e9ciaux. Revue des cadres \u00e9conomiques th\u00e9oriques existants permettant l&#039;analyse de la certification des caf\u00e9s sp\u00e9ciaux. Recommandations pratiques en termes de cr\u00e9ation de label collectif de qualit\u00e9 pour les caf\u00e9s sp\u00e9ciaux dominicains.&quot;\" \/>\n<meta name=\"robots\" content=\"index, follow, max-snippet:-1, max-image-preview:large, max-video-preview:-1\" \/>\n<link rel=\"canonical\" href=\"https:\/\/www.salvaterra.fr\/fr\/references\/etude-de-la-filiere-cafe-dominicaine-en-vue-du-developpement-de-la-certification-de-filieres-cafes-speciaux\/\" \/>\n<meta property=\"og:locale\" content=\"fr_FR\" \/>\n<meta property=\"og:type\" content=\"article\" \/>\n<meta property=\"og:title\" content=\"\u00c9tude de la fili\u00e8re caf\u00e9 dominicaine et du potentiel de certification de caf\u00e9s sp\u00e9ciaux - SalvaTerra, Bureau d\u2019\u00e9tudes en environnement, for\u00eat, agriculture et d\u00e9veloppement rural\" \/>\n<meta property=\"og:description\" content=\"&quot;Etude compl\u00e8te de la fili\u00e8re caf\u00e9 dominicaine (de la production \u00e0 l&#039;exportation) et des initiatives locales existantes en mati\u00e8re de caf\u00e9s sp\u00e9ciaux. Identification des forces\/faiblesses de la fili\u00e8re \u00e0 tous ses \u00e9chelons, ainsi que la r\u00e9partition des marges et volumes entre acteurs. Analyse de march\u00e9 \u00e0 large \u00e9chelle afin de cerner les go\u00fbts et crit\u00e8res de choix des transformateurs \/ d\u00e9taillants \/ consommateurs de caf\u00e9s sp\u00e9ciaux. Revue des cadres \u00e9conomiques th\u00e9oriques existants permettant l&#039;analyse de la certification des caf\u00e9s sp\u00e9ciaux. Recommandations pratiques en termes de cr\u00e9ation de label collectif de qualit\u00e9 pour les caf\u00e9s sp\u00e9ciaux dominicains.&quot;\" \/>\n<meta property=\"og:url\" content=\"https:\/\/www.salvaterra.fr\/fr\/references\/etude-de-la-filiere-cafe-dominicaine-en-vue-du-developpement-de-la-certification-de-filieres-cafes-speciaux\/\" \/>\n<meta property=\"og:site_name\" content=\"SalvaTerra, Bureau d\u2019\u00e9tudes en environnement, for\u00eat, agriculture et d\u00e9veloppement rural\" \/>\n<meta property=\"article:modified_time\" content=\"2023-03-09T16:10:54+00:00\" \/>\n<meta property=\"og:image\" content=\"https:\/\/www.salvaterra.fr\/wp-content\/uploads\/2021\/07\/screenshot.png\" \/>\n\t<meta property=\"og:image:width\" content=\"880\" \/>\n\t<meta property=\"og:image:height\" content=\"660\" \/>\n\t<meta property=\"og:image:type\" content=\"image\/png\" \/>\n<meta name=\"twitter:card\" content=\"summary_large_image\" \/>\n<script type=\"application\/ld+json\" class=\"yoast-schema-graph\">{\"@context\":\"https:\/\/schema.org\",\"@graph\":[{\"@type\":\"WebPage\",\"@id\":\"https:\/\/www.salvaterra.fr\/fr\/references\/etude-de-la-filiere-cafe-dominicaine-en-vue-du-developpement-de-la-certification-de-filieres-cafes-speciaux\/\",\"url\":\"https:\/\/www.salvaterra.fr\/fr\/references\/etude-de-la-filiere-cafe-dominicaine-en-vue-du-developpement-de-la-certification-de-filieres-cafes-speciaux\/\",\"name\":\"\u00c9tude de la fili\u00e8re caf\u00e9 dominicaine et du potentiel de certification de caf\u00e9s sp\u00e9ciaux - SalvaTerra, Bureau d\u2019\u00e9tudes en environnement, for\u00eat, agriculture et d\u00e9veloppement rural\",\"isPartOf\":{\"@id\":\"https:\/\/www.salvaterra.fr\/fr\/#website\"},\"datePublished\":\"2021-03-11T14:32:03+00:00\",\"dateModified\":\"2023-03-09T16:10:54+00:00\",\"description\":\"\\\"Etude compl\u00e8te de la fili\u00e8re caf\u00e9 dominicaine (de la production \u00e0 l'exportation) et des initiatives locales existantes en mati\u00e8re de caf\u00e9s sp\u00e9ciaux. Identification des forces\/faiblesses de la fili\u00e8re \u00e0 tous ses \u00e9chelons, ainsi que la r\u00e9partition des marges et volumes entre acteurs. Analyse de march\u00e9 \u00e0 large \u00e9chelle afin de cerner les go\u00fbts et crit\u00e8res de choix des transformateurs \/ d\u00e9taillants \/ consommateurs de caf\u00e9s sp\u00e9ciaux. Revue des cadres \u00e9conomiques th\u00e9oriques existants permettant l'analyse de la certification des caf\u00e9s sp\u00e9ciaux. Recommandations pratiques en termes de cr\u00e9ation de label collectif de qualit\u00e9 pour les caf\u00e9s sp\u00e9ciaux dominicains.\\\"\",\"breadcrumb\":{\"@id\":\"https:\/\/www.salvaterra.fr\/fr\/references\/etude-de-la-filiere-cafe-dominicaine-en-vue-du-developpement-de-la-certification-de-filieres-cafes-speciaux\/#breadcrumb\"},\"inLanguage\":\"fr-FR\",\"potentialAction\":[{\"@type\":\"ReadAction\",\"target\":[\"https:\/\/www.salvaterra.fr\/fr\/references\/etude-de-la-filiere-cafe-dominicaine-en-vue-du-developpement-de-la-certification-de-filieres-cafes-speciaux\/\"]}]},{\"@type\":\"BreadcrumbList\",\"@id\":\"https:\/\/www.salvaterra.fr\/fr\/references\/etude-de-la-filiere-cafe-dominicaine-en-vue-du-developpement-de-la-certification-de-filieres-cafes-speciaux\/#breadcrumb\",\"itemListElement\":[{\"@type\":\"ListItem\",\"position\":1,\"name\":\"Accueil\",\"item\":\"https:\/\/www.salvaterra.fr\/fr\/\"},{\"@type\":\"ListItem\",\"position\":2,\"name\":\"R\u00e9f\u00e9rences\",\"item\":\"https:\/\/www.salvaterra.fr\/fr\/references\/\"},{\"@type\":\"ListItem\",\"position\":3,\"name\":\"\u00c9tude de la fili\u00e8re caf\u00e9 dominicaine et du potentiel de certification de caf\u00e9s sp\u00e9ciaux\"}]},{\"@type\":\"WebSite\",\"@id\":\"https:\/\/www.salvaterra.fr\/fr\/#website\",\"url\":\"https:\/\/www.salvaterra.fr\/fr\/\",\"name\":\"SalvaTerra, Bureau d\u2019\u00e9tudes en environnement, for\u00eat, agriculture et d\u00e9veloppement rural\",\"description\":\"\",\"potentialAction\":[{\"@type\":\"SearchAction\",\"target\":{\"@type\":\"EntryPoint\",\"urlTemplate\":\"https:\/\/www.salvaterra.fr\/fr\/?s={search_term_string}\"},\"query-input\":\"required name=search_term_string\"}],\"inLanguage\":\"fr-FR\"}]}<\/script>\n<!-- \/ Yoast SEO plugin. -->","yoast_head_json":{"title":"\u00c9tude de la fili\u00e8re caf\u00e9 dominicaine et du potentiel de certification de caf\u00e9s sp\u00e9ciaux - SalvaTerra, Bureau d\u2019\u00e9tudes en environnement, for\u00eat, agriculture et d\u00e9veloppement rural","description":"\"Etude compl\u00e8te de la fili\u00e8re caf\u00e9 dominicaine (de la production \u00e0 l'exportation) et des initiatives locales existantes en mati\u00e8re de caf\u00e9s sp\u00e9ciaux. Identification des forces\/faiblesses de la fili\u00e8re \u00e0 tous ses \u00e9chelons, ainsi que la r\u00e9partition des marges et volumes entre acteurs. Analyse de march\u00e9 \u00e0 large \u00e9chelle afin de cerner les go\u00fbts et crit\u00e8res de choix des transformateurs \/ d\u00e9taillants \/ consommateurs de caf\u00e9s sp\u00e9ciaux. Revue des cadres \u00e9conomiques th\u00e9oriques existants permettant l'analyse de la certification des caf\u00e9s sp\u00e9ciaux. Recommandations pratiques en termes de cr\u00e9ation de label collectif de qualit\u00e9 pour les caf\u00e9s sp\u00e9ciaux dominicains.\"","robots":{"index":"index","follow":"follow","max-snippet":"max-snippet:-1","max-image-preview":"max-image-preview:large","max-video-preview":"max-video-preview:-1"},"canonical":"https:\/\/www.salvaterra.fr\/fr\/references\/etude-de-la-filiere-cafe-dominicaine-en-vue-du-developpement-de-la-certification-de-filieres-cafes-speciaux\/","og_locale":"fr_FR","og_type":"article","og_title":"\u00c9tude de la fili\u00e8re caf\u00e9 dominicaine et du potentiel de certification de caf\u00e9s sp\u00e9ciaux - SalvaTerra, Bureau d\u2019\u00e9tudes en environnement, for\u00eat, agriculture et d\u00e9veloppement rural","og_description":"\"Etude compl\u00e8te de la fili\u00e8re caf\u00e9 dominicaine (de la production \u00e0 l'exportation) et des initiatives locales existantes en mati\u00e8re de caf\u00e9s sp\u00e9ciaux. Identification des forces\/faiblesses de la fili\u00e8re \u00e0 tous ses \u00e9chelons, ainsi que la r\u00e9partition des marges et volumes entre acteurs. Analyse de march\u00e9 \u00e0 large \u00e9chelle afin de cerner les go\u00fbts et crit\u00e8res de choix des transformateurs \/ d\u00e9taillants \/ consommateurs de caf\u00e9s sp\u00e9ciaux. Revue des cadres \u00e9conomiques th\u00e9oriques existants permettant l'analyse de la certification des caf\u00e9s sp\u00e9ciaux. Recommandations pratiques en termes de cr\u00e9ation de label collectif de qualit\u00e9 pour les caf\u00e9s sp\u00e9ciaux dominicains.\"","og_url":"https:\/\/www.salvaterra.fr\/fr\/references\/etude-de-la-filiere-cafe-dominicaine-en-vue-du-developpement-de-la-certification-de-filieres-cafes-speciaux\/","og_site_name":"SalvaTerra, Bureau d\u2019\u00e9tudes en environnement, for\u00eat, agriculture et d\u00e9veloppement rural","article_modified_time":"2023-03-09T16:10:54+00:00","og_image":[{"width":880,"height":660,"url":"https:\/\/www.salvaterra.fr\/wp-content\/uploads\/2021\/07\/screenshot.png","type":"image\/png"}],"twitter_card":"summary_large_image","schema":{"@context":"https:\/\/schema.org","@graph":[{"@type":"WebPage","@id":"https:\/\/www.salvaterra.fr\/fr\/references\/etude-de-la-filiere-cafe-dominicaine-en-vue-du-developpement-de-la-certification-de-filieres-cafes-speciaux\/","url":"https:\/\/www.salvaterra.fr\/fr\/references\/etude-de-la-filiere-cafe-dominicaine-en-vue-du-developpement-de-la-certification-de-filieres-cafes-speciaux\/","name":"\u00c9tude de la fili\u00e8re caf\u00e9 dominicaine et du potentiel de certification de caf\u00e9s sp\u00e9ciaux - SalvaTerra, Bureau d\u2019\u00e9tudes en environnement, for\u00eat, agriculture et d\u00e9veloppement rural","isPartOf":{"@id":"https:\/\/www.salvaterra.fr\/fr\/#website"},"datePublished":"2021-03-11T14:32:03+00:00","dateModified":"2023-03-09T16:10:54+00:00","description":"\"Etude compl\u00e8te de la fili\u00e8re caf\u00e9 dominicaine (de la production \u00e0 l'exportation) et des initiatives locales existantes en mati\u00e8re de caf\u00e9s sp\u00e9ciaux. Identification des forces\/faiblesses de la fili\u00e8re \u00e0 tous ses \u00e9chelons, ainsi que la r\u00e9partition des marges et volumes entre acteurs. Analyse de march\u00e9 \u00e0 large \u00e9chelle afin de cerner les go\u00fbts et crit\u00e8res de choix des transformateurs \/ d\u00e9taillants \/ consommateurs de caf\u00e9s sp\u00e9ciaux. Revue des cadres \u00e9conomiques th\u00e9oriques existants permettant l'analyse de la certification des caf\u00e9s sp\u00e9ciaux. Recommandations pratiques en termes de cr\u00e9ation de label collectif de qualit\u00e9 pour les caf\u00e9s sp\u00e9ciaux dominicains.\"","breadcrumb":{"@id":"https:\/\/www.salvaterra.fr\/fr\/references\/etude-de-la-filiere-cafe-dominicaine-en-vue-du-developpement-de-la-certification-de-filieres-cafes-speciaux\/#breadcrumb"},"inLanguage":"fr-FR","potentialAction":[{"@type":"ReadAction","target":["https:\/\/www.salvaterra.fr\/fr\/references\/etude-de-la-filiere-cafe-dominicaine-en-vue-du-developpement-de-la-certification-de-filieres-cafes-speciaux\/"]}]},{"@type":"BreadcrumbList","@id":"https:\/\/www.salvaterra.fr\/fr\/references\/etude-de-la-filiere-cafe-dominicaine-en-vue-du-developpement-de-la-certification-de-filieres-cafes-speciaux\/#breadcrumb","itemListElement":[{"@type":"ListItem","position":1,"name":"Accueil","item":"https:\/\/www.salvaterra.fr\/fr\/"},{"@type":"ListItem","position":2,"name":"R\u00e9f\u00e9rences","item":"https:\/\/www.salvaterra.fr\/fr\/references\/"},{"@type":"ListItem","position":3,"name":"\u00c9tude de la fili\u00e8re caf\u00e9 dominicaine et du potentiel de certification de caf\u00e9s sp\u00e9ciaux"}]},{"@type":"WebSite","@id":"https:\/\/www.salvaterra.fr\/fr\/#website","url":"https:\/\/www.salvaterra.fr\/fr\/","name":"SalvaTerra, Bureau d\u2019\u00e9tudes en environnement, for\u00eat, agriculture et d\u00e9veloppement rural","description":"","potentialAction":[{"@type":"SearchAction","target":{"@type":"EntryPoint","urlTemplate":"https:\/\/www.salvaterra.fr\/fr\/?s={search_term_string}"},"query-input":"required name=search_term_string"}],"inLanguage":"fr-FR"}]}},"pays":[76],"_links":{"self":[{"href":"https:\/\/www.salvaterra.fr\/fr\/wp-json\/wp\/v2\/references\/3019"}],"collection":[{"href":"https:\/\/www.salvaterra.fr\/fr\/wp-json\/wp\/v2\/references"}],"about":[{"href":"https:\/\/www.salvaterra.fr\/fr\/wp-json\/wp\/v2\/types\/references"}],"wp:attachment":[{"href":"https:\/\/www.salvaterra.fr\/fr\/wp-json\/wp\/v2\/media?parent=3019"}],"curies":[{"name":"wp","href":"https:\/\/api.w.org\/{rel}","templated":true}]}}