{"id":12802,"date":"2025-03-21T11:46:20","date_gmt":"2025-03-21T10:46:20","guid":{"rendered":"https:\/\/www.salvaterra.fr\/?post_type=references&#038;p=12802"},"modified":"2026-01-14T18:18:25","modified_gmt":"2026-01-14T17:18:25","slug":"etude-de-faisabilite-dun-projet-de-conservation-du-jaguar-sur-le-plateau-des-guyanes","status":"publish","type":"references","link":"https:\/\/www.salvaterra.fr\/fr\/references\/etude-de-faisabilite-dun-projet-de-conservation-du-jaguar-sur-le-plateau-des-guyanes\/","title":{"rendered":"Etude de faisabilit\u00e9 d&rsquo;un projet de conservation du jaguar sur le plateau des Guyanes"},"template":"","acf":[],"yoast_head":"<!-- This site is optimized with the Yoast SEO plugin v22.4 - https:\/\/yoast.com\/wordpress\/plugins\/seo\/ -->\n<title>Etude de faisabilit\u00e9 d&#039;un projet de conservation du jaguar sur le plateau des Guyanes - SalvaTerra, Bureau d\u2019\u00e9tudes en environnement, for\u00eat, agriculture et d\u00e9veloppement rural<\/title>\n<meta name=\"description\" content=\"Le projet \u00ab For\u00eats, Jaguars et peuples du plateau des Guyanes \u00bb de Panthera a pour objectifs de renforcer la connaissance sur le jaguar, impliquer les communaut\u00e9s dans sa protection, d\u00e9velopper avec elles des AGR alternatives aux pratiques destructrices, et renforcer la coop\u00e9ration entre Etats sur ces sujets et sur leur financement. Le FFEM, sollicit\u00e9 pour un cofinancement de 2M\u20ac, a confi\u00e9 \u00e0 SalvaTerra une \u00e9tude de faisabilit\u00e9 pour r\u00e9ajuster le projet \u00e0 son p\u00e9rim\u00e8tre, son calendrier et son budget.\" \/>\n<meta name=\"robots\" content=\"index, follow, max-snippet:-1, max-image-preview:large, max-video-preview:-1\" \/>\n<link rel=\"canonical\" href=\"https:\/\/www.salvaterra.fr\/fr\/references\/etude-de-faisabilite-dun-projet-de-conservation-du-jaguar-sur-le-plateau-des-guyanes\/\" \/>\n<meta property=\"og:locale\" content=\"fr_FR\" \/>\n<meta property=\"og:type\" content=\"article\" \/>\n<meta property=\"og:title\" content=\"Etude de faisabilit\u00e9 d&#039;un projet de conservation du jaguar sur le plateau des Guyanes - SalvaTerra, Bureau d\u2019\u00e9tudes en environnement, for\u00eat, agriculture et d\u00e9veloppement rural\" \/>\n<meta property=\"og:description\" content=\"Le projet \u00ab For\u00eats, Jaguars et peuples du plateau des Guyanes \u00bb de Panthera a pour objectifs de renforcer la connaissance sur le jaguar, impliquer les communaut\u00e9s dans sa protection, d\u00e9velopper avec elles des AGR alternatives aux pratiques destructrices, et renforcer la coop\u00e9ration entre Etats sur ces sujets et sur leur financement. Le FFEM, sollicit\u00e9 pour un cofinancement de 2M\u20ac, a confi\u00e9 \u00e0 SalvaTerra une \u00e9tude de faisabilit\u00e9 pour r\u00e9ajuster le projet \u00e0 son p\u00e9rim\u00e8tre, son calendrier et son budget.\" \/>\n<meta property=\"og:url\" content=\"https:\/\/www.salvaterra.fr\/fr\/references\/etude-de-faisabilite-dun-projet-de-conservation-du-jaguar-sur-le-plateau-des-guyanes\/\" \/>\n<meta property=\"og:site_name\" content=\"SalvaTerra, Bureau d\u2019\u00e9tudes en environnement, for\u00eat, agriculture et d\u00e9veloppement rural\" \/>\n<meta property=\"article:modified_time\" content=\"2026-01-14T17:18:25+00:00\" \/>\n<meta property=\"og:image\" content=\"https:\/\/www.salvaterra.fr\/wp-content\/uploads\/2021\/07\/screenshot.png\" \/>\n\t<meta property=\"og:image:width\" content=\"880\" \/>\n\t<meta property=\"og:image:height\" content=\"660\" \/>\n\t<meta property=\"og:image:type\" content=\"image\/png\" \/>\n<meta name=\"twitter:card\" content=\"summary_large_image\" \/>\n<script type=\"application\/ld+json\" class=\"yoast-schema-graph\">{\"@context\":\"https:\/\/schema.org\",\"@graph\":[{\"@type\":\"WebPage\",\"@id\":\"https:\/\/www.salvaterra.fr\/fr\/references\/etude-de-faisabilite-dun-projet-de-conservation-du-jaguar-sur-le-plateau-des-guyanes\/\",\"url\":\"https:\/\/www.salvaterra.fr\/fr\/references\/etude-de-faisabilite-dun-projet-de-conservation-du-jaguar-sur-le-plateau-des-guyanes\/\",\"name\":\"Etude de faisabilit\u00e9 d'un projet de conservation du jaguar sur le plateau des Guyanes - SalvaTerra, Bureau d\u2019\u00e9tudes en environnement, for\u00eat, agriculture et d\u00e9veloppement rural\",\"isPartOf\":{\"@id\":\"https:\/\/www.salvaterra.fr\/fr\/#website\"},\"datePublished\":\"2025-03-21T10:46:20+00:00\",\"dateModified\":\"2026-01-14T17:18:25+00:00\",\"description\":\"Le projet \u00ab For\u00eats, Jaguars et peuples du plateau des Guyanes \u00bb de Panthera a pour objectifs de renforcer la connaissance sur le jaguar, impliquer les communaut\u00e9s dans sa protection, d\u00e9velopper avec elles des AGR alternatives aux pratiques destructrices, et renforcer la coop\u00e9ration entre Etats sur ces sujets et sur leur financement. Le FFEM, sollicit\u00e9 pour un cofinancement de 2M\u20ac, a confi\u00e9 \u00e0 SalvaTerra une \u00e9tude de faisabilit\u00e9 pour r\u00e9ajuster le projet \u00e0 son p\u00e9rim\u00e8tre, son calendrier et son budget.\",\"breadcrumb\":{\"@id\":\"https:\/\/www.salvaterra.fr\/fr\/references\/etude-de-faisabilite-dun-projet-de-conservation-du-jaguar-sur-le-plateau-des-guyanes\/#breadcrumb\"},\"inLanguage\":\"fr-FR\",\"potentialAction\":[{\"@type\":\"ReadAction\",\"target\":[\"https:\/\/www.salvaterra.fr\/fr\/references\/etude-de-faisabilite-dun-projet-de-conservation-du-jaguar-sur-le-plateau-des-guyanes\/\"]}]},{\"@type\":\"BreadcrumbList\",\"@id\":\"https:\/\/www.salvaterra.fr\/fr\/references\/etude-de-faisabilite-dun-projet-de-conservation-du-jaguar-sur-le-plateau-des-guyanes\/#breadcrumb\",\"itemListElement\":[{\"@type\":\"ListItem\",\"position\":1,\"name\":\"Accueil\",\"item\":\"https:\/\/www.salvaterra.fr\/fr\/\"},{\"@type\":\"ListItem\",\"position\":2,\"name\":\"R\u00e9f\u00e9rences\",\"item\":\"https:\/\/www.salvaterra.fr\/fr\/references\/\"},{\"@type\":\"ListItem\",\"position\":3,\"name\":\"Etude de faisabilit\u00e9 d&rsquo;un projet de conservation du jaguar sur le plateau des Guyanes\"}]},{\"@type\":\"WebSite\",\"@id\":\"https:\/\/www.salvaterra.fr\/fr\/#website\",\"url\":\"https:\/\/www.salvaterra.fr\/fr\/\",\"name\":\"SalvaTerra, Bureau d\u2019\u00e9tudes en environnement, for\u00eat, agriculture et d\u00e9veloppement rural\",\"description\":\"\",\"potentialAction\":[{\"@type\":\"SearchAction\",\"target\":{\"@type\":\"EntryPoint\",\"urlTemplate\":\"https:\/\/www.salvaterra.fr\/fr\/?s={search_term_string}\"},\"query-input\":\"required name=search_term_string\"}],\"inLanguage\":\"fr-FR\"}]}<\/script>\n<!-- \/ Yoast SEO plugin. -->","yoast_head_json":{"title":"Etude de faisabilit\u00e9 d'un projet de conservation du jaguar sur le plateau des Guyanes - SalvaTerra, Bureau d\u2019\u00e9tudes en environnement, for\u00eat, agriculture et d\u00e9veloppement rural","description":"Le projet \u00ab For\u00eats, Jaguars et peuples du plateau des Guyanes \u00bb de Panthera a pour objectifs de renforcer la connaissance sur le jaguar, impliquer les communaut\u00e9s dans sa protection, d\u00e9velopper avec elles des AGR alternatives aux pratiques destructrices, et renforcer la coop\u00e9ration entre Etats sur ces sujets et sur leur financement. Le FFEM, sollicit\u00e9 pour un cofinancement de 2M\u20ac, a confi\u00e9 \u00e0 SalvaTerra une \u00e9tude de faisabilit\u00e9 pour r\u00e9ajuster le projet \u00e0 son p\u00e9rim\u00e8tre, son calendrier et son budget.","robots":{"index":"index","follow":"follow","max-snippet":"max-snippet:-1","max-image-preview":"max-image-preview:large","max-video-preview":"max-video-preview:-1"},"canonical":"https:\/\/www.salvaterra.fr\/fr\/references\/etude-de-faisabilite-dun-projet-de-conservation-du-jaguar-sur-le-plateau-des-guyanes\/","og_locale":"fr_FR","og_type":"article","og_title":"Etude de faisabilit\u00e9 d'un projet de conservation du jaguar sur le plateau des Guyanes - SalvaTerra, Bureau d\u2019\u00e9tudes en environnement, for\u00eat, agriculture et d\u00e9veloppement rural","og_description":"Le projet \u00ab For\u00eats, Jaguars et peuples du plateau des Guyanes \u00bb de Panthera a pour objectifs de renforcer la connaissance sur le jaguar, impliquer les communaut\u00e9s dans sa protection, d\u00e9velopper avec elles des AGR alternatives aux pratiques destructrices, et renforcer la coop\u00e9ration entre Etats sur ces sujets et sur leur financement. Le FFEM, sollicit\u00e9 pour un cofinancement de 2M\u20ac, a confi\u00e9 \u00e0 SalvaTerra une \u00e9tude de faisabilit\u00e9 pour r\u00e9ajuster le projet \u00e0 son p\u00e9rim\u00e8tre, son calendrier et son budget.","og_url":"https:\/\/www.salvaterra.fr\/fr\/references\/etude-de-faisabilite-dun-projet-de-conservation-du-jaguar-sur-le-plateau-des-guyanes\/","og_site_name":"SalvaTerra, Bureau d\u2019\u00e9tudes en environnement, for\u00eat, agriculture et d\u00e9veloppement rural","article_modified_time":"2026-01-14T17:18:25+00:00","og_image":[{"width":880,"height":660,"url":"https:\/\/www.salvaterra.fr\/wp-content\/uploads\/2021\/07\/screenshot.png","type":"image\/png"}],"twitter_card":"summary_large_image","schema":{"@context":"https:\/\/schema.org","@graph":[{"@type":"WebPage","@id":"https:\/\/www.salvaterra.fr\/fr\/references\/etude-de-faisabilite-dun-projet-de-conservation-du-jaguar-sur-le-plateau-des-guyanes\/","url":"https:\/\/www.salvaterra.fr\/fr\/references\/etude-de-faisabilite-dun-projet-de-conservation-du-jaguar-sur-le-plateau-des-guyanes\/","name":"Etude de faisabilit\u00e9 d'un projet de conservation du jaguar sur le plateau des Guyanes - SalvaTerra, Bureau d\u2019\u00e9tudes en environnement, for\u00eat, agriculture et d\u00e9veloppement rural","isPartOf":{"@id":"https:\/\/www.salvaterra.fr\/fr\/#website"},"datePublished":"2025-03-21T10:46:20+00:00","dateModified":"2026-01-14T17:18:25+00:00","description":"Le projet \u00ab For\u00eats, Jaguars et peuples du plateau des Guyanes \u00bb de Panthera a pour objectifs de renforcer la connaissance sur le jaguar, impliquer les communaut\u00e9s dans sa protection, d\u00e9velopper avec elles des AGR alternatives aux pratiques destructrices, et renforcer la coop\u00e9ration entre Etats sur ces sujets et sur leur financement. Le FFEM, sollicit\u00e9 pour un cofinancement de 2M\u20ac, a confi\u00e9 \u00e0 SalvaTerra une \u00e9tude de faisabilit\u00e9 pour r\u00e9ajuster le projet \u00e0 son p\u00e9rim\u00e8tre, son calendrier et son budget.","breadcrumb":{"@id":"https:\/\/www.salvaterra.fr\/fr\/references\/etude-de-faisabilite-dun-projet-de-conservation-du-jaguar-sur-le-plateau-des-guyanes\/#breadcrumb"},"inLanguage":"fr-FR","potentialAction":[{"@type":"ReadAction","target":["https:\/\/www.salvaterra.fr\/fr\/references\/etude-de-faisabilite-dun-projet-de-conservation-du-jaguar-sur-le-plateau-des-guyanes\/"]}]},{"@type":"BreadcrumbList","@id":"https:\/\/www.salvaterra.fr\/fr\/references\/etude-de-faisabilite-dun-projet-de-conservation-du-jaguar-sur-le-plateau-des-guyanes\/#breadcrumb","itemListElement":[{"@type":"ListItem","position":1,"name":"Accueil","item":"https:\/\/www.salvaterra.fr\/fr\/"},{"@type":"ListItem","position":2,"name":"R\u00e9f\u00e9rences","item":"https:\/\/www.salvaterra.fr\/fr\/references\/"},{"@type":"ListItem","position":3,"name":"Etude de faisabilit\u00e9 d&rsquo;un projet de conservation du jaguar sur le plateau des Guyanes"}]},{"@type":"WebSite","@id":"https:\/\/www.salvaterra.fr\/fr\/#website","url":"https:\/\/www.salvaterra.fr\/fr\/","name":"SalvaTerra, Bureau d\u2019\u00e9tudes en environnement, for\u00eat, agriculture et d\u00e9veloppement rural","description":"","potentialAction":[{"@type":"SearchAction","target":{"@type":"EntryPoint","urlTemplate":"https:\/\/www.salvaterra.fr\/fr\/?s={search_term_string}"},"query-input":"required name=search_term_string"}],"inLanguage":"fr-FR"}]}},"pays":[44,225,108,90],"_links":{"self":[{"href":"https:\/\/www.salvaterra.fr\/fr\/wp-json\/wp\/v2\/references\/12802"}],"collection":[{"href":"https:\/\/www.salvaterra.fr\/fr\/wp-json\/wp\/v2\/references"}],"about":[{"href":"https:\/\/www.salvaterra.fr\/fr\/wp-json\/wp\/v2\/types\/references"}],"wp:attachment":[{"href":"https:\/\/www.salvaterra.fr\/fr\/wp-json\/wp\/v2\/media?parent=12802"}],"curies":[{"name":"wp","href":"https:\/\/api.w.org\/{rel}","templated":true}]}}