{"id":12169,"date":"2024-12-05T18:24:59","date_gmt":"2024-12-05T17:24:59","guid":{"rendered":"https:\/\/www.salvaterra.fr\/?post_type=references&#038;p=12169"},"modified":"2025-09-05T15:12:03","modified_gmt":"2025-09-05T13:12:03","slug":"evaluation-a-mi-parcours-dun-projet-de-transition-agroecologique-et-systemes-alimentaires-durables","status":"publish","type":"references","link":"https:\/\/www.salvaterra.fr\/fr\/references\/evaluation-a-mi-parcours-dun-projet-de-transition-agroecologique-et-systemes-alimentaires-durables\/","title":{"rendered":"\u00c9valuation \u00e0 mi-parcours d&rsquo;un projet de transition agro\u00e9cologique et syst\u00e8mes alimentaires durables"},"template":"","acf":[],"yoast_head":"<!-- This site is optimized with the Yoast SEO plugin v22.4 - https:\/\/yoast.com\/wordpress\/plugins\/seo\/ -->\n<title>\u00c9valuation \u00e0 mi-parcours d&#039;un projet de transition agro\u00e9cologique et syst\u00e8mes alimentaires durables - SalvaTerra, Bureau d\u2019\u00e9tudes en environnement, for\u00eat, agriculture et d\u00e9veloppement rural<\/title>\n<meta name=\"description\" content=\"Evaluation \u00e0 mi-parcours d\u2019un projet de promotion de syst\u00e8mes alimentaires durables (SAD) et transition agro\u00e9cologique, mis en \u0153uvre par deux ONG belges (Humundi et Iles de Paix) et 6 partenaires nationaux : \u00e9valuation i) des synergies entre partenaires et actions pilotes dans la r\u00e9gion du Rwenzori, ii) des appuis aux dynamiques sociales et citoyennes en mati\u00e8re de consommation responsable et durable, iii) des progr\u00e8s en mati\u00e8re de gouvernance alimentaire territoriale ; recommandations pour la suite des interventions \u00e0 l&#039;\u00e9chelle nationale et locale.\" \/>\n<meta name=\"robots\" content=\"index, follow, max-snippet:-1, max-image-preview:large, max-video-preview:-1\" \/>\n<link rel=\"canonical\" href=\"https:\/\/www.salvaterra.fr\/fr\/references\/evaluation-a-mi-parcours-dun-projet-de-transition-agroecologique-et-systemes-alimentaires-durables\/\" \/>\n<meta property=\"og:locale\" content=\"fr_FR\" \/>\n<meta property=\"og:type\" content=\"article\" \/>\n<meta property=\"og:title\" content=\"\u00c9valuation \u00e0 mi-parcours d&#039;un projet de transition agro\u00e9cologique et syst\u00e8mes alimentaires durables - SalvaTerra, Bureau d\u2019\u00e9tudes en environnement, for\u00eat, agriculture et d\u00e9veloppement rural\" \/>\n<meta property=\"og:description\" content=\"Evaluation \u00e0 mi-parcours d\u2019un projet de promotion de syst\u00e8mes alimentaires durables (SAD) et transition agro\u00e9cologique, mis en \u0153uvre par deux ONG belges (Humundi et Iles de Paix) et 6 partenaires nationaux : \u00e9valuation i) des synergies entre partenaires et actions pilotes dans la r\u00e9gion du Rwenzori, ii) des appuis aux dynamiques sociales et citoyennes en mati\u00e8re de consommation responsable et durable, iii) des progr\u00e8s en mati\u00e8re de gouvernance alimentaire territoriale ; recommandations pour la suite des interventions \u00e0 l&#039;\u00e9chelle nationale et locale.\" \/>\n<meta property=\"og:url\" content=\"https:\/\/www.salvaterra.fr\/fr\/references\/evaluation-a-mi-parcours-dun-projet-de-transition-agroecologique-et-systemes-alimentaires-durables\/\" \/>\n<meta property=\"og:site_name\" content=\"SalvaTerra, Bureau d\u2019\u00e9tudes en environnement, for\u00eat, agriculture et d\u00e9veloppement rural\" \/>\n<meta property=\"article:modified_time\" content=\"2025-09-05T13:12:03+00:00\" \/>\n<meta property=\"og:image\" content=\"https:\/\/www.salvaterra.fr\/wp-content\/uploads\/2021\/07\/screenshot.png\" \/>\n\t<meta property=\"og:image:width\" content=\"880\" \/>\n\t<meta property=\"og:image:height\" content=\"660\" \/>\n\t<meta property=\"og:image:type\" content=\"image\/png\" \/>\n<meta name=\"twitter:card\" content=\"summary_large_image\" \/>\n<script type=\"application\/ld+json\" class=\"yoast-schema-graph\">{\"@context\":\"https:\/\/schema.org\",\"@graph\":[{\"@type\":\"WebPage\",\"@id\":\"https:\/\/www.salvaterra.fr\/fr\/references\/evaluation-a-mi-parcours-dun-projet-de-transition-agroecologique-et-systemes-alimentaires-durables\/\",\"url\":\"https:\/\/www.salvaterra.fr\/fr\/references\/evaluation-a-mi-parcours-dun-projet-de-transition-agroecologique-et-systemes-alimentaires-durables\/\",\"name\":\"\u00c9valuation \u00e0 mi-parcours d'un projet de transition agro\u00e9cologique et syst\u00e8mes alimentaires durables - SalvaTerra, Bureau d\u2019\u00e9tudes en environnement, for\u00eat, agriculture et d\u00e9veloppement rural\",\"isPartOf\":{\"@id\":\"https:\/\/www.salvaterra.fr\/fr\/#website\"},\"datePublished\":\"2024-12-05T17:24:59+00:00\",\"dateModified\":\"2025-09-05T13:12:03+00:00\",\"description\":\"Evaluation \u00e0 mi-parcours d\u2019un projet de promotion de syst\u00e8mes alimentaires durables (SAD) et transition agro\u00e9cologique, mis en \u0153uvre par deux ONG belges (Humundi et Iles de Paix) et 6 partenaires nationaux : \u00e9valuation i) des synergies entre partenaires et actions pilotes dans la r\u00e9gion du Rwenzori, ii) des appuis aux dynamiques sociales et citoyennes en mati\u00e8re de consommation responsable et durable, iii) des progr\u00e8s en mati\u00e8re de gouvernance alimentaire territoriale ; recommandations pour la suite des interventions \u00e0 l'\u00e9chelle nationale et locale.\",\"breadcrumb\":{\"@id\":\"https:\/\/www.salvaterra.fr\/fr\/references\/evaluation-a-mi-parcours-dun-projet-de-transition-agroecologique-et-systemes-alimentaires-durables\/#breadcrumb\"},\"inLanguage\":\"fr-FR\",\"potentialAction\":[{\"@type\":\"ReadAction\",\"target\":[\"https:\/\/www.salvaterra.fr\/fr\/references\/evaluation-a-mi-parcours-dun-projet-de-transition-agroecologique-et-systemes-alimentaires-durables\/\"]}]},{\"@type\":\"BreadcrumbList\",\"@id\":\"https:\/\/www.salvaterra.fr\/fr\/references\/evaluation-a-mi-parcours-dun-projet-de-transition-agroecologique-et-systemes-alimentaires-durables\/#breadcrumb\",\"itemListElement\":[{\"@type\":\"ListItem\",\"position\":1,\"name\":\"Accueil\",\"item\":\"https:\/\/www.salvaterra.fr\/fr\/\"},{\"@type\":\"ListItem\",\"position\":2,\"name\":\"R\u00e9f\u00e9rences\",\"item\":\"https:\/\/www.salvaterra.fr\/fr\/references\/\"},{\"@type\":\"ListItem\",\"position\":3,\"name\":\"\u00c9valuation \u00e0 mi-parcours d&rsquo;un projet de transition agro\u00e9cologique et syst\u00e8mes alimentaires durables\"}]},{\"@type\":\"WebSite\",\"@id\":\"https:\/\/www.salvaterra.fr\/fr\/#website\",\"url\":\"https:\/\/www.salvaterra.fr\/fr\/\",\"name\":\"SalvaTerra, Bureau d\u2019\u00e9tudes en environnement, for\u00eat, agriculture et d\u00e9veloppement rural\",\"description\":\"\",\"potentialAction\":[{\"@type\":\"SearchAction\",\"target\":{\"@type\":\"EntryPoint\",\"urlTemplate\":\"https:\/\/www.salvaterra.fr\/fr\/?s={search_term_string}\"},\"query-input\":\"required name=search_term_string\"}],\"inLanguage\":\"fr-FR\"}]}<\/script>\n<!-- \/ Yoast SEO plugin. -->","yoast_head_json":{"title":"\u00c9valuation \u00e0 mi-parcours d'un projet de transition agro\u00e9cologique et syst\u00e8mes alimentaires durables - SalvaTerra, Bureau d\u2019\u00e9tudes en environnement, for\u00eat, agriculture et d\u00e9veloppement rural","description":"Evaluation \u00e0 mi-parcours d\u2019un projet de promotion de syst\u00e8mes alimentaires durables (SAD) et transition agro\u00e9cologique, mis en \u0153uvre par deux ONG belges (Humundi et Iles de Paix) et 6 partenaires nationaux : \u00e9valuation i) des synergies entre partenaires et actions pilotes dans la r\u00e9gion du Rwenzori, ii) des appuis aux dynamiques sociales et citoyennes en mati\u00e8re de consommation responsable et durable, iii) des progr\u00e8s en mati\u00e8re de gouvernance alimentaire territoriale ; recommandations pour la suite des interventions \u00e0 l'\u00e9chelle nationale et locale.","robots":{"index":"index","follow":"follow","max-snippet":"max-snippet:-1","max-image-preview":"max-image-preview:large","max-video-preview":"max-video-preview:-1"},"canonical":"https:\/\/www.salvaterra.fr\/fr\/references\/evaluation-a-mi-parcours-dun-projet-de-transition-agroecologique-et-systemes-alimentaires-durables\/","og_locale":"fr_FR","og_type":"article","og_title":"\u00c9valuation \u00e0 mi-parcours d'un projet de transition agro\u00e9cologique et syst\u00e8mes alimentaires durables - SalvaTerra, Bureau d\u2019\u00e9tudes en environnement, for\u00eat, agriculture et d\u00e9veloppement rural","og_description":"Evaluation \u00e0 mi-parcours d\u2019un projet de promotion de syst\u00e8mes alimentaires durables (SAD) et transition agro\u00e9cologique, mis en \u0153uvre par deux ONG belges (Humundi et Iles de Paix) et 6 partenaires nationaux : \u00e9valuation i) des synergies entre partenaires et actions pilotes dans la r\u00e9gion du Rwenzori, ii) des appuis aux dynamiques sociales et citoyennes en mati\u00e8re de consommation responsable et durable, iii) des progr\u00e8s en mati\u00e8re de gouvernance alimentaire territoriale ; recommandations pour la suite des interventions \u00e0 l'\u00e9chelle nationale et locale.","og_url":"https:\/\/www.salvaterra.fr\/fr\/references\/evaluation-a-mi-parcours-dun-projet-de-transition-agroecologique-et-systemes-alimentaires-durables\/","og_site_name":"SalvaTerra, Bureau d\u2019\u00e9tudes en environnement, for\u00eat, agriculture et d\u00e9veloppement rural","article_modified_time":"2025-09-05T13:12:03+00:00","og_image":[{"width":880,"height":660,"url":"https:\/\/www.salvaterra.fr\/wp-content\/uploads\/2021\/07\/screenshot.png","type":"image\/png"}],"twitter_card":"summary_large_image","schema":{"@context":"https:\/\/schema.org","@graph":[{"@type":"WebPage","@id":"https:\/\/www.salvaterra.fr\/fr\/references\/evaluation-a-mi-parcours-dun-projet-de-transition-agroecologique-et-systemes-alimentaires-durables\/","url":"https:\/\/www.salvaterra.fr\/fr\/references\/evaluation-a-mi-parcours-dun-projet-de-transition-agroecologique-et-systemes-alimentaires-durables\/","name":"\u00c9valuation \u00e0 mi-parcours d'un projet de transition agro\u00e9cologique et syst\u00e8mes alimentaires durables - SalvaTerra, Bureau d\u2019\u00e9tudes en environnement, for\u00eat, agriculture et d\u00e9veloppement rural","isPartOf":{"@id":"https:\/\/www.salvaterra.fr\/fr\/#website"},"datePublished":"2024-12-05T17:24:59+00:00","dateModified":"2025-09-05T13:12:03+00:00","description":"Evaluation \u00e0 mi-parcours d\u2019un projet de promotion de syst\u00e8mes alimentaires durables (SAD) et transition agro\u00e9cologique, mis en \u0153uvre par deux ONG belges (Humundi et Iles de Paix) et 6 partenaires nationaux : \u00e9valuation i) des synergies entre partenaires et actions pilotes dans la r\u00e9gion du Rwenzori, ii) des appuis aux dynamiques sociales et citoyennes en mati\u00e8re de consommation responsable et durable, iii) des progr\u00e8s en mati\u00e8re de gouvernance alimentaire territoriale ; recommandations pour la suite des interventions \u00e0 l'\u00e9chelle nationale et locale.","breadcrumb":{"@id":"https:\/\/www.salvaterra.fr\/fr\/references\/evaluation-a-mi-parcours-dun-projet-de-transition-agroecologique-et-systemes-alimentaires-durables\/#breadcrumb"},"inLanguage":"fr-FR","potentialAction":[{"@type":"ReadAction","target":["https:\/\/www.salvaterra.fr\/fr\/references\/evaluation-a-mi-parcours-dun-projet-de-transition-agroecologique-et-systemes-alimentaires-durables\/"]}]},{"@type":"BreadcrumbList","@id":"https:\/\/www.salvaterra.fr\/fr\/references\/evaluation-a-mi-parcours-dun-projet-de-transition-agroecologique-et-systemes-alimentaires-durables\/#breadcrumb","itemListElement":[{"@type":"ListItem","position":1,"name":"Accueil","item":"https:\/\/www.salvaterra.fr\/fr\/"},{"@type":"ListItem","position":2,"name":"R\u00e9f\u00e9rences","item":"https:\/\/www.salvaterra.fr\/fr\/references\/"},{"@type":"ListItem","position":3,"name":"\u00c9valuation \u00e0 mi-parcours d&rsquo;un projet de transition agro\u00e9cologique et syst\u00e8mes alimentaires durables"}]},{"@type":"WebSite","@id":"https:\/\/www.salvaterra.fr\/fr\/#website","url":"https:\/\/www.salvaterra.fr\/fr\/","name":"SalvaTerra, Bureau d\u2019\u00e9tudes en environnement, for\u00eat, agriculture et d\u00e9veloppement rural","description":"","potentialAction":[{"@type":"SearchAction","target":{"@type":"EntryPoint","urlTemplate":"https:\/\/www.salvaterra.fr\/fr\/?s={search_term_string}"},"query-input":"required name=search_term_string"}],"inLanguage":"fr-FR"}]}},"pays":[244],"_links":{"self":[{"href":"https:\/\/www.salvaterra.fr\/fr\/wp-json\/wp\/v2\/references\/12169"}],"collection":[{"href":"https:\/\/www.salvaterra.fr\/fr\/wp-json\/wp\/v2\/references"}],"about":[{"href":"https:\/\/www.salvaterra.fr\/fr\/wp-json\/wp\/v2\/types\/references"}],"wp:attachment":[{"href":"https:\/\/www.salvaterra.fr\/fr\/wp-json\/wp\/v2\/media?parent=12169"}],"curies":[{"name":"wp","href":"https:\/\/api.w.org\/{rel}","templated":true}]}}