{"id":12161,"date":"2024-12-05T18:13:09","date_gmt":"2024-12-05T17:13:09","guid":{"rendered":"https:\/\/www.salvaterra.fr\/?post_type=references&#038;p=12161"},"modified":"2025-09-12T12:27:22","modified_gmt":"2025-09-12T10:27:22","slug":"developpement-de-la-strategie-de-developpement-communautaire-du-complexe-dap-binder-lere-capbl","status":"publish","type":"references","link":"https:\/\/www.salvaterra.fr\/fr\/references\/developpement-de-la-strategie-de-developpement-communautaire-du-complexe-dap-binder-lere-capbl\/","title":{"rendered":"D\u00e9veloppement de la strat\u00e9gie de d\u00e9veloppement communautaire du complexe d&rsquo;AP Binder-L\u00e9r\u00e9 (CAPBL)"},"template":"","acf":[],"yoast_head":"<!-- This site is optimized with the Yoast SEO plugin v22.4 - https:\/\/yoast.com\/wordpress\/plugins\/seo\/ -->\n<title>D\u00e9veloppement de la strat\u00e9gie de d\u00e9veloppement communautaire du complexe d&#039;AP Binder-L\u00e9r\u00e9 (CAPBL) - SalvaTerra, Bureau d\u2019\u00e9tudes en environnement, for\u00eat, agriculture et d\u00e9veloppement rural<\/title>\n<meta name=\"description\" content=\"\u00c9laboration de la strat\u00e9gie d\u2019intervention et du plan d\u2019action du d\u00e9partement D\u00e9veloppement communautaire du Complexe d&#039;aires prot\u00e9g\u00e9es de Binder L\u00e9r\u00e9, au Tchad (sous gestion de No\u00e9). La mission, conduite dans le cadre du projet ELLESadAPt (Baastel\u2013DID), combine diagnostic de terrain, \u00e9laboration strat\u00e9gique et validation participative pour proposer un cadre d\u2019action sensible au genre et r\u00e9silient aux changements climatiques dans une zone de conservation frontali\u00e8re soumise \u00e0 de nombreuses pressions.\" \/>\n<meta name=\"robots\" content=\"index, follow, max-snippet:-1, max-image-preview:large, max-video-preview:-1\" \/>\n<link rel=\"canonical\" href=\"https:\/\/www.salvaterra.fr\/fr\/references\/developpement-de-la-strategie-de-developpement-communautaire-du-complexe-dap-binder-lere-capbl\/\" \/>\n<meta property=\"og:locale\" content=\"fr_FR\" \/>\n<meta property=\"og:type\" content=\"article\" \/>\n<meta property=\"og:title\" content=\"D\u00e9veloppement de la strat\u00e9gie de d\u00e9veloppement communautaire du complexe d&#039;AP Binder-L\u00e9r\u00e9 (CAPBL) - SalvaTerra, Bureau d\u2019\u00e9tudes en environnement, for\u00eat, agriculture et d\u00e9veloppement rural\" \/>\n<meta property=\"og:description\" content=\"\u00c9laboration de la strat\u00e9gie d\u2019intervention et du plan d\u2019action du d\u00e9partement D\u00e9veloppement communautaire du Complexe d&#039;aires prot\u00e9g\u00e9es de Binder L\u00e9r\u00e9, au Tchad (sous gestion de No\u00e9). La mission, conduite dans le cadre du projet ELLESadAPt (Baastel\u2013DID), combine diagnostic de terrain, \u00e9laboration strat\u00e9gique et validation participative pour proposer un cadre d\u2019action sensible au genre et r\u00e9silient aux changements climatiques dans une zone de conservation frontali\u00e8re soumise \u00e0 de nombreuses pressions.\" \/>\n<meta property=\"og:url\" content=\"https:\/\/www.salvaterra.fr\/fr\/references\/developpement-de-la-strategie-de-developpement-communautaire-du-complexe-dap-binder-lere-capbl\/\" \/>\n<meta property=\"og:site_name\" content=\"SalvaTerra, Bureau d\u2019\u00e9tudes en environnement, for\u00eat, agriculture et d\u00e9veloppement rural\" \/>\n<meta property=\"article:modified_time\" content=\"2025-09-12T10:27:22+00:00\" \/>\n<meta property=\"og:image\" content=\"https:\/\/www.salvaterra.fr\/wp-content\/uploads\/2021\/07\/screenshot.png\" \/>\n\t<meta property=\"og:image:width\" content=\"880\" \/>\n\t<meta property=\"og:image:height\" content=\"660\" \/>\n\t<meta property=\"og:image:type\" content=\"image\/png\" \/>\n<meta name=\"twitter:card\" content=\"summary_large_image\" \/>\n<script type=\"application\/ld+json\" class=\"yoast-schema-graph\">{\"@context\":\"https:\/\/schema.org\",\"@graph\":[{\"@type\":\"WebPage\",\"@id\":\"https:\/\/www.salvaterra.fr\/fr\/references\/developpement-de-la-strategie-de-developpement-communautaire-du-complexe-dap-binder-lere-capbl\/\",\"url\":\"https:\/\/www.salvaterra.fr\/fr\/references\/developpement-de-la-strategie-de-developpement-communautaire-du-complexe-dap-binder-lere-capbl\/\",\"name\":\"D\u00e9veloppement de la strat\u00e9gie de d\u00e9veloppement communautaire du complexe d'AP Binder-L\u00e9r\u00e9 (CAPBL) - SalvaTerra, Bureau d\u2019\u00e9tudes en environnement, for\u00eat, agriculture et d\u00e9veloppement rural\",\"isPartOf\":{\"@id\":\"https:\/\/www.salvaterra.fr\/fr\/#website\"},\"datePublished\":\"2024-12-05T17:13:09+00:00\",\"dateModified\":\"2025-09-12T10:27:22+00:00\",\"description\":\"\u00c9laboration de la strat\u00e9gie d\u2019intervention et du plan d\u2019action du d\u00e9partement D\u00e9veloppement communautaire du Complexe d'aires prot\u00e9g\u00e9es de Binder L\u00e9r\u00e9, au Tchad (sous gestion de No\u00e9). La mission, conduite dans le cadre du projet ELLESadAPt (Baastel\u2013DID), combine diagnostic de terrain, \u00e9laboration strat\u00e9gique et validation participative pour proposer un cadre d\u2019action sensible au genre et r\u00e9silient aux changements climatiques dans une zone de conservation frontali\u00e8re soumise \u00e0 de nombreuses pressions.\",\"breadcrumb\":{\"@id\":\"https:\/\/www.salvaterra.fr\/fr\/references\/developpement-de-la-strategie-de-developpement-communautaire-du-complexe-dap-binder-lere-capbl\/#breadcrumb\"},\"inLanguage\":\"fr-FR\",\"potentialAction\":[{\"@type\":\"ReadAction\",\"target\":[\"https:\/\/www.salvaterra.fr\/fr\/references\/developpement-de-la-strategie-de-developpement-communautaire-du-complexe-dap-binder-lere-capbl\/\"]}]},{\"@type\":\"BreadcrumbList\",\"@id\":\"https:\/\/www.salvaterra.fr\/fr\/references\/developpement-de-la-strategie-de-developpement-communautaire-du-complexe-dap-binder-lere-capbl\/#breadcrumb\",\"itemListElement\":[{\"@type\":\"ListItem\",\"position\":1,\"name\":\"Accueil\",\"item\":\"https:\/\/www.salvaterra.fr\/fr\/\"},{\"@type\":\"ListItem\",\"position\":2,\"name\":\"R\u00e9f\u00e9rences\",\"item\":\"https:\/\/www.salvaterra.fr\/fr\/references\/\"},{\"@type\":\"ListItem\",\"position\":3,\"name\":\"D\u00e9veloppement de la strat\u00e9gie de d\u00e9veloppement communautaire du complexe d&rsquo;AP Binder-L\u00e9r\u00e9 (CAPBL)\"}]},{\"@type\":\"WebSite\",\"@id\":\"https:\/\/www.salvaterra.fr\/fr\/#website\",\"url\":\"https:\/\/www.salvaterra.fr\/fr\/\",\"name\":\"SalvaTerra, Bureau d\u2019\u00e9tudes en environnement, for\u00eat, agriculture et d\u00e9veloppement rural\",\"description\":\"\",\"potentialAction\":[{\"@type\":\"SearchAction\",\"target\":{\"@type\":\"EntryPoint\",\"urlTemplate\":\"https:\/\/www.salvaterra.fr\/fr\/?s={search_term_string}\"},\"query-input\":\"required name=search_term_string\"}],\"inLanguage\":\"fr-FR\"}]}<\/script>\n<!-- \/ Yoast SEO plugin. -->","yoast_head_json":{"title":"D\u00e9veloppement de la strat\u00e9gie de d\u00e9veloppement communautaire du complexe d'AP Binder-L\u00e9r\u00e9 (CAPBL) - SalvaTerra, Bureau d\u2019\u00e9tudes en environnement, for\u00eat, agriculture et d\u00e9veloppement rural","description":"\u00c9laboration de la strat\u00e9gie d\u2019intervention et du plan d\u2019action du d\u00e9partement D\u00e9veloppement communautaire du Complexe d'aires prot\u00e9g\u00e9es de Binder L\u00e9r\u00e9, au Tchad (sous gestion de No\u00e9). La mission, conduite dans le cadre du projet ELLESadAPt (Baastel\u2013DID), combine diagnostic de terrain, \u00e9laboration strat\u00e9gique et validation participative pour proposer un cadre d\u2019action sensible au genre et r\u00e9silient aux changements climatiques dans une zone de conservation frontali\u00e8re soumise \u00e0 de nombreuses pressions.","robots":{"index":"index","follow":"follow","max-snippet":"max-snippet:-1","max-image-preview":"max-image-preview:large","max-video-preview":"max-video-preview:-1"},"canonical":"https:\/\/www.salvaterra.fr\/fr\/references\/developpement-de-la-strategie-de-developpement-communautaire-du-complexe-dap-binder-lere-capbl\/","og_locale":"fr_FR","og_type":"article","og_title":"D\u00e9veloppement de la strat\u00e9gie de d\u00e9veloppement communautaire du complexe d'AP Binder-L\u00e9r\u00e9 (CAPBL) - SalvaTerra, Bureau d\u2019\u00e9tudes en environnement, for\u00eat, agriculture et d\u00e9veloppement rural","og_description":"\u00c9laboration de la strat\u00e9gie d\u2019intervention et du plan d\u2019action du d\u00e9partement D\u00e9veloppement communautaire du Complexe d'aires prot\u00e9g\u00e9es de Binder L\u00e9r\u00e9, au Tchad (sous gestion de No\u00e9). La mission, conduite dans le cadre du projet ELLESadAPt (Baastel\u2013DID), combine diagnostic de terrain, \u00e9laboration strat\u00e9gique et validation participative pour proposer un cadre d\u2019action sensible au genre et r\u00e9silient aux changements climatiques dans une zone de conservation frontali\u00e8re soumise \u00e0 de nombreuses pressions.","og_url":"https:\/\/www.salvaterra.fr\/fr\/references\/developpement-de-la-strategie-de-developpement-communautaire-du-complexe-dap-binder-lere-capbl\/","og_site_name":"SalvaTerra, Bureau d\u2019\u00e9tudes en environnement, for\u00eat, agriculture et d\u00e9veloppement rural","article_modified_time":"2025-09-12T10:27:22+00:00","og_image":[{"width":880,"height":660,"url":"https:\/\/www.salvaterra.fr\/wp-content\/uploads\/2021\/07\/screenshot.png","type":"image\/png"}],"twitter_card":"summary_large_image","schema":{"@context":"https:\/\/schema.org","@graph":[{"@type":"WebPage","@id":"https:\/\/www.salvaterra.fr\/fr\/references\/developpement-de-la-strategie-de-developpement-communautaire-du-complexe-dap-binder-lere-capbl\/","url":"https:\/\/www.salvaterra.fr\/fr\/references\/developpement-de-la-strategie-de-developpement-communautaire-du-complexe-dap-binder-lere-capbl\/","name":"D\u00e9veloppement de la strat\u00e9gie de d\u00e9veloppement communautaire du complexe d'AP Binder-L\u00e9r\u00e9 (CAPBL) - SalvaTerra, Bureau d\u2019\u00e9tudes en environnement, for\u00eat, agriculture et d\u00e9veloppement rural","isPartOf":{"@id":"https:\/\/www.salvaterra.fr\/fr\/#website"},"datePublished":"2024-12-05T17:13:09+00:00","dateModified":"2025-09-12T10:27:22+00:00","description":"\u00c9laboration de la strat\u00e9gie d\u2019intervention et du plan d\u2019action du d\u00e9partement D\u00e9veloppement communautaire du Complexe d'aires prot\u00e9g\u00e9es de Binder L\u00e9r\u00e9, au Tchad (sous gestion de No\u00e9). La mission, conduite dans le cadre du projet ELLESadAPt (Baastel\u2013DID), combine diagnostic de terrain, \u00e9laboration strat\u00e9gique et validation participative pour proposer un cadre d\u2019action sensible au genre et r\u00e9silient aux changements climatiques dans une zone de conservation frontali\u00e8re soumise \u00e0 de nombreuses pressions.","breadcrumb":{"@id":"https:\/\/www.salvaterra.fr\/fr\/references\/developpement-de-la-strategie-de-developpement-communautaire-du-complexe-dap-binder-lere-capbl\/#breadcrumb"},"inLanguage":"fr-FR","potentialAction":[{"@type":"ReadAction","target":["https:\/\/www.salvaterra.fr\/fr\/references\/developpement-de-la-strategie-de-developpement-communautaire-du-complexe-dap-binder-lere-capbl\/"]}]},{"@type":"BreadcrumbList","@id":"https:\/\/www.salvaterra.fr\/fr\/references\/developpement-de-la-strategie-de-developpement-communautaire-du-complexe-dap-binder-lere-capbl\/#breadcrumb","itemListElement":[{"@type":"ListItem","position":1,"name":"Accueil","item":"https:\/\/www.salvaterra.fr\/fr\/"},{"@type":"ListItem","position":2,"name":"R\u00e9f\u00e9rences","item":"https:\/\/www.salvaterra.fr\/fr\/references\/"},{"@type":"ListItem","position":3,"name":"D\u00e9veloppement de la strat\u00e9gie de d\u00e9veloppement communautaire du complexe d&rsquo;AP Binder-L\u00e9r\u00e9 (CAPBL)"}]},{"@type":"WebSite","@id":"https:\/\/www.salvaterra.fr\/fr\/#website","url":"https:\/\/www.salvaterra.fr\/fr\/","name":"SalvaTerra, Bureau d\u2019\u00e9tudes en environnement, for\u00eat, agriculture et d\u00e9veloppement rural","description":"","potentialAction":[{"@type":"SearchAction","target":{"@type":"EntryPoint","urlTemplate":"https:\/\/www.salvaterra.fr\/fr\/?s={search_term_string}"},"query-input":"required name=search_term_string"}],"inLanguage":"fr-FR"}]}},"pays":[56],"_links":{"self":[{"href":"https:\/\/www.salvaterra.fr\/fr\/wp-json\/wp\/v2\/references\/12161"}],"collection":[{"href":"https:\/\/www.salvaterra.fr\/fr\/wp-json\/wp\/v2\/references"}],"about":[{"href":"https:\/\/www.salvaterra.fr\/fr\/wp-json\/wp\/v2\/types\/references"}],"wp:attachment":[{"href":"https:\/\/www.salvaterra.fr\/fr\/wp-json\/wp\/v2\/media?parent=12161"}],"curies":[{"name":"wp","href":"https:\/\/api.w.org\/{rel}","templated":true}]}}