{"id":12045,"date":"2024-12-04T16:19:33","date_gmt":"2024-12-04T15:19:33","guid":{"rendered":"https:\/\/www.salvaterra.fr\/?post_type=references&#038;p=12045"},"modified":"2025-03-20T15:22:37","modified_gmt":"2025-03-20T14:22:37","slug":"revue-du-document-de-projet-amelioration-de-la-sante-des-sols-par-les-sfn","status":"publish","type":"references","link":"https:\/\/www.salvaterra.fr\/fr\/references\/revue-du-document-de-projet-amelioration-de-la-sante-des-sols-par-les-sfn\/","title":{"rendered":"Revue du document de projet &#8211; Am\u00e9lioration de la sant\u00e9 des sols par les SfN"},"template":"","acf":[],"yoast_head":"<!-- This site is optimized with the Yoast SEO plugin v22.4 - https:\/\/yoast.com\/wordpress\/plugins\/seo\/ -->\n<title>Revue du document de projet - Am\u00e9lioration de la sant\u00e9 des sols par les SfN - SalvaTerra, Bureau d\u2019\u00e9tudes en environnement, for\u00eat, agriculture et d\u00e9veloppement rural<\/title>\n<meta name=\"description\" content=\"Analyse de la note d\u2019identification du projet &quot;Am\u00e9lioration de la sant\u00e9 des terres par le dialogue et les Solutions fond\u00e9es sur la Nature (SfN)&quot; propos\u00e9 par l\u2019UICN : Analyse critique du projet (diagnostic du contexte, de la logique d&#039;intervention, du montage institutionnel, du plan financier, et du cadre de suivi-\u00e9valuatio) ; Analyse de sa compatibilit\u00e9 avec les objectifs du FFEM ; Identification des points forts et faibles ; Suggestions pour l\u2019am\u00e9lioration du projet.\" \/>\n<meta name=\"robots\" content=\"index, follow, max-snippet:-1, max-image-preview:large, max-video-preview:-1\" \/>\n<link rel=\"canonical\" href=\"https:\/\/www.salvaterra.fr\/fr\/references\/revue-du-document-de-projet-amelioration-de-la-sante-des-sols-par-les-sfn\/\" \/>\n<meta property=\"og:locale\" content=\"fr_FR\" \/>\n<meta property=\"og:type\" content=\"article\" \/>\n<meta property=\"og:title\" content=\"Revue du document de projet - Am\u00e9lioration de la sant\u00e9 des sols par les SfN - SalvaTerra, Bureau d\u2019\u00e9tudes en environnement, for\u00eat, agriculture et d\u00e9veloppement rural\" \/>\n<meta property=\"og:description\" content=\"Analyse de la note d\u2019identification du projet &quot;Am\u00e9lioration de la sant\u00e9 des terres par le dialogue et les Solutions fond\u00e9es sur la Nature (SfN)&quot; propos\u00e9 par l\u2019UICN : Analyse critique du projet (diagnostic du contexte, de la logique d&#039;intervention, du montage institutionnel, du plan financier, et du cadre de suivi-\u00e9valuatio) ; Analyse de sa compatibilit\u00e9 avec les objectifs du FFEM ; Identification des points forts et faibles ; Suggestions pour l\u2019am\u00e9lioration du projet.\" \/>\n<meta property=\"og:url\" content=\"https:\/\/www.salvaterra.fr\/fr\/references\/revue-du-document-de-projet-amelioration-de-la-sante-des-sols-par-les-sfn\/\" \/>\n<meta property=\"og:site_name\" content=\"SalvaTerra, Bureau d\u2019\u00e9tudes en environnement, for\u00eat, agriculture et d\u00e9veloppement rural\" \/>\n<meta property=\"article:modified_time\" content=\"2025-03-20T14:22:37+00:00\" \/>\n<meta property=\"og:image\" content=\"https:\/\/www.salvaterra.fr\/wp-content\/uploads\/2021\/07\/screenshot.png\" \/>\n\t<meta property=\"og:image:width\" content=\"880\" \/>\n\t<meta property=\"og:image:height\" content=\"660\" \/>\n\t<meta property=\"og:image:type\" content=\"image\/png\" \/>\n<meta name=\"twitter:card\" content=\"summary_large_image\" \/>\n<script type=\"application\/ld+json\" class=\"yoast-schema-graph\">{\"@context\":\"https:\/\/schema.org\",\"@graph\":[{\"@type\":\"WebPage\",\"@id\":\"https:\/\/www.salvaterra.fr\/fr\/references\/revue-du-document-de-projet-amelioration-de-la-sante-des-sols-par-les-sfn\/\",\"url\":\"https:\/\/www.salvaterra.fr\/fr\/references\/revue-du-document-de-projet-amelioration-de-la-sante-des-sols-par-les-sfn\/\",\"name\":\"Revue du document de projet - Am\u00e9lioration de la sant\u00e9 des sols par les SfN - SalvaTerra, Bureau d\u2019\u00e9tudes en environnement, for\u00eat, agriculture et d\u00e9veloppement rural\",\"isPartOf\":{\"@id\":\"https:\/\/www.salvaterra.fr\/fr\/#website\"},\"datePublished\":\"2024-12-04T15:19:33+00:00\",\"dateModified\":\"2025-03-20T14:22:37+00:00\",\"description\":\"Analyse de la note d\u2019identification du projet \\\"Am\u00e9lioration de la sant\u00e9 des terres par le dialogue et les Solutions fond\u00e9es sur la Nature (SfN)\\\" propos\u00e9 par l\u2019UICN : Analyse critique du projet (diagnostic du contexte, de la logique d'intervention, du montage institutionnel, du plan financier, et du cadre de suivi-\u00e9valuatio) ; Analyse de sa compatibilit\u00e9 avec les objectifs du FFEM ; Identification des points forts et faibles ; Suggestions pour l\u2019am\u00e9lioration du projet.\",\"breadcrumb\":{\"@id\":\"https:\/\/www.salvaterra.fr\/fr\/references\/revue-du-document-de-projet-amelioration-de-la-sante-des-sols-par-les-sfn\/#breadcrumb\"},\"inLanguage\":\"fr-FR\",\"potentialAction\":[{\"@type\":\"ReadAction\",\"target\":[\"https:\/\/www.salvaterra.fr\/fr\/references\/revue-du-document-de-projet-amelioration-de-la-sante-des-sols-par-les-sfn\/\"]}]},{\"@type\":\"BreadcrumbList\",\"@id\":\"https:\/\/www.salvaterra.fr\/fr\/references\/revue-du-document-de-projet-amelioration-de-la-sante-des-sols-par-les-sfn\/#breadcrumb\",\"itemListElement\":[{\"@type\":\"ListItem\",\"position\":1,\"name\":\"Accueil\",\"item\":\"https:\/\/www.salvaterra.fr\/fr\/\"},{\"@type\":\"ListItem\",\"position\":2,\"name\":\"R\u00e9f\u00e9rences\",\"item\":\"https:\/\/www.salvaterra.fr\/fr\/references\/\"},{\"@type\":\"ListItem\",\"position\":3,\"name\":\"Revue du document de projet &#8211; Am\u00e9lioration de la sant\u00e9 des sols par les SfN\"}]},{\"@type\":\"WebSite\",\"@id\":\"https:\/\/www.salvaterra.fr\/fr\/#website\",\"url\":\"https:\/\/www.salvaterra.fr\/fr\/\",\"name\":\"SalvaTerra, Bureau d\u2019\u00e9tudes en environnement, for\u00eat, agriculture et d\u00e9veloppement rural\",\"description\":\"\",\"potentialAction\":[{\"@type\":\"SearchAction\",\"target\":{\"@type\":\"EntryPoint\",\"urlTemplate\":\"https:\/\/www.salvaterra.fr\/fr\/?s={search_term_string}\"},\"query-input\":\"required name=search_term_string\"}],\"inLanguage\":\"fr-FR\"}]}<\/script>\n<!-- \/ Yoast SEO plugin. -->","yoast_head_json":{"title":"Revue du document de projet - Am\u00e9lioration de la sant\u00e9 des sols par les SfN - SalvaTerra, Bureau d\u2019\u00e9tudes en environnement, for\u00eat, agriculture et d\u00e9veloppement rural","description":"Analyse de la note d\u2019identification du projet \"Am\u00e9lioration de la sant\u00e9 des terres par le dialogue et les Solutions fond\u00e9es sur la Nature (SfN)\" propos\u00e9 par l\u2019UICN : Analyse critique du projet (diagnostic du contexte, de la logique d'intervention, du montage institutionnel, du plan financier, et du cadre de suivi-\u00e9valuatio) ; Analyse de sa compatibilit\u00e9 avec les objectifs du FFEM ; Identification des points forts et faibles ; Suggestions pour l\u2019am\u00e9lioration du projet.","robots":{"index":"index","follow":"follow","max-snippet":"max-snippet:-1","max-image-preview":"max-image-preview:large","max-video-preview":"max-video-preview:-1"},"canonical":"https:\/\/www.salvaterra.fr\/fr\/references\/revue-du-document-de-projet-amelioration-de-la-sante-des-sols-par-les-sfn\/","og_locale":"fr_FR","og_type":"article","og_title":"Revue du document de projet - Am\u00e9lioration de la sant\u00e9 des sols par les SfN - SalvaTerra, Bureau d\u2019\u00e9tudes en environnement, for\u00eat, agriculture et d\u00e9veloppement rural","og_description":"Analyse de la note d\u2019identification du projet \"Am\u00e9lioration de la sant\u00e9 des terres par le dialogue et les Solutions fond\u00e9es sur la Nature (SfN)\" propos\u00e9 par l\u2019UICN : Analyse critique du projet (diagnostic du contexte, de la logique d'intervention, du montage institutionnel, du plan financier, et du cadre de suivi-\u00e9valuatio) ; Analyse de sa compatibilit\u00e9 avec les objectifs du FFEM ; Identification des points forts et faibles ; Suggestions pour l\u2019am\u00e9lioration du projet.","og_url":"https:\/\/www.salvaterra.fr\/fr\/references\/revue-du-document-de-projet-amelioration-de-la-sante-des-sols-par-les-sfn\/","og_site_name":"SalvaTerra, Bureau d\u2019\u00e9tudes en environnement, for\u00eat, agriculture et d\u00e9veloppement rural","article_modified_time":"2025-03-20T14:22:37+00:00","og_image":[{"width":880,"height":660,"url":"https:\/\/www.salvaterra.fr\/wp-content\/uploads\/2021\/07\/screenshot.png","type":"image\/png"}],"twitter_card":"summary_large_image","schema":{"@context":"https:\/\/schema.org","@graph":[{"@type":"WebPage","@id":"https:\/\/www.salvaterra.fr\/fr\/references\/revue-du-document-de-projet-amelioration-de-la-sante-des-sols-par-les-sfn\/","url":"https:\/\/www.salvaterra.fr\/fr\/references\/revue-du-document-de-projet-amelioration-de-la-sante-des-sols-par-les-sfn\/","name":"Revue du document de projet - Am\u00e9lioration de la sant\u00e9 des sols par les SfN - SalvaTerra, Bureau d\u2019\u00e9tudes en environnement, for\u00eat, agriculture et d\u00e9veloppement rural","isPartOf":{"@id":"https:\/\/www.salvaterra.fr\/fr\/#website"},"datePublished":"2024-12-04T15:19:33+00:00","dateModified":"2025-03-20T14:22:37+00:00","description":"Analyse de la note d\u2019identification du projet \"Am\u00e9lioration de la sant\u00e9 des terres par le dialogue et les Solutions fond\u00e9es sur la Nature (SfN)\" propos\u00e9 par l\u2019UICN : Analyse critique du projet (diagnostic du contexte, de la logique d'intervention, du montage institutionnel, du plan financier, et du cadre de suivi-\u00e9valuatio) ; Analyse de sa compatibilit\u00e9 avec les objectifs du FFEM ; Identification des points forts et faibles ; Suggestions pour l\u2019am\u00e9lioration du projet.","breadcrumb":{"@id":"https:\/\/www.salvaterra.fr\/fr\/references\/revue-du-document-de-projet-amelioration-de-la-sante-des-sols-par-les-sfn\/#breadcrumb"},"inLanguage":"fr-FR","potentialAction":[{"@type":"ReadAction","target":["https:\/\/www.salvaterra.fr\/fr\/references\/revue-du-document-de-projet-amelioration-de-la-sante-des-sols-par-les-sfn\/"]}]},{"@type":"BreadcrumbList","@id":"https:\/\/www.salvaterra.fr\/fr\/references\/revue-du-document-de-projet-amelioration-de-la-sante-des-sols-par-les-sfn\/#breadcrumb","itemListElement":[{"@type":"ListItem","position":1,"name":"Accueil","item":"https:\/\/www.salvaterra.fr\/fr\/"},{"@type":"ListItem","position":2,"name":"R\u00e9f\u00e9rences","item":"https:\/\/www.salvaterra.fr\/fr\/references\/"},{"@type":"ListItem","position":3,"name":"Revue du document de projet &#8211; Am\u00e9lioration de la sant\u00e9 des sols par les SfN"}]},{"@type":"WebSite","@id":"https:\/\/www.salvaterra.fr\/fr\/#website","url":"https:\/\/www.salvaterra.fr\/fr\/","name":"SalvaTerra, Bureau d\u2019\u00e9tudes en environnement, for\u00eat, agriculture et d\u00e9veloppement rural","description":"","potentialAction":[{"@type":"SearchAction","target":{"@type":"EntryPoint","urlTemplate":"https:\/\/www.salvaterra.fr\/fr\/?s={search_term_string}"},"query-input":"required name=search_term_string"}],"inLanguage":"fr-FR"}]}},"pays":[197,116],"_links":{"self":[{"href":"https:\/\/www.salvaterra.fr\/fr\/wp-json\/wp\/v2\/references\/12045"}],"collection":[{"href":"https:\/\/www.salvaterra.fr\/fr\/wp-json\/wp\/v2\/references"}],"about":[{"href":"https:\/\/www.salvaterra.fr\/fr\/wp-json\/wp\/v2\/types\/references"}],"wp:attachment":[{"href":"https:\/\/www.salvaterra.fr\/fr\/wp-json\/wp\/v2\/media?parent=12045"}],"curies":[{"name":"wp","href":"https:\/\/api.w.org\/{rel}","templated":true}]}}