{"version":"1.0","provider_name":"SalvaTerra, Bureau d\u2019\u00e9tudes en environnement, for\u00eat, agriculture et d\u00e9veloppement rural","provider_url":"https:\/\/www.salvaterra.fr\/fr\/","author_name":"R\u00e9mi Th\u00e9bault","author_url":"https:\/\/www.salvaterra.fr\/fr\/author\/adminuadp\/","title":"Appui \u00e0 l'\u00e9laboration du Plan investissement REDD+ de la RDC - SalvaTerra, Bureau d\u2019\u00e9tudes en environnement, for\u00eat, agriculture et d\u00e9veloppement rural","type":"rich","width":600,"height":338,"html":"<blockquote class=\"wp-embedded-content\" data-secret=\"YTB1R6O7vL\"><a href=\"https:\/\/www.salvaterra.fr\/fr\/references\/plan-dinvestissement-redd\/\">Appui \u00e0 l&rsquo;\u00e9laboration du Plan investissement REDD+ de la RDC<\/a><\/blockquote><iframe sandbox=\"allow-scripts\" security=\"restricted\" src=\"https:\/\/www.salvaterra.fr\/fr\/references\/plan-dinvestissement-redd\/embed\/#?secret=YTB1R6O7vL\" width=\"600\" height=\"338\" title=\"\u00ab\u00a0Appui \u00e0 l&rsquo;\u00e9laboration du Plan investissement REDD+ de la RDC\u00a0\u00bb &#8212; SalvaTerra, Bureau d\u2019\u00e9tudes en environnement, for\u00eat, agriculture et d\u00e9veloppement rural\" data-secret=\"YTB1R6O7vL\" frameborder=\"0\" marginwidth=\"0\" marginheight=\"0\" scrolling=\"no\" class=\"wp-embedded-content\"><\/iframe><script type=\"text\/javascript\">\n\/* <![CDATA[ *\/\n\/*! This file is auto-generated *\/\n!function(d,l){\"use strict\";l.querySelector&&d.addEventListener&&\"undefined\"!=typeof URL&&(d.wp=d.wp||{},d.wp.receiveEmbedMessage||(d.wp.receiveEmbedMessage=function(e){var t=e.data;if((t||t.secret||t.message||t.value)&&!\/[^a-zA-Z0-9]\/.test(t.secret)){for(var s,r,n,a=l.querySelectorAll('iframe[data-secret=\"'+t.secret+'\"]'),o=l.querySelectorAll('blockquote[data-secret=\"'+t.secret+'\"]'),c=new RegExp(\"^https?:$\",\"i\"),i=0;i<o.length;i++)o[i].style.display=\"none\";for(i=0;i<a.length;i++)s=a[i],e.source===s.contentWindow&&(s.removeAttribute(\"style\"),\"height\"===t.message?(1e3<(r=parseInt(t.value,10))?r=1e3:~~r<200&&(r=200),s.height=r):\"link\"===t.message&&(r=new URL(s.getAttribute(\"src\")),n=new URL(t.value),c.test(n.protocol))&&n.host===r.host&&l.activeElement===s&&(d.top.location.href=t.value))}},d.addEventListener(\"message\",d.wp.receiveEmbedMessage,!1),l.addEventListener(\"DOMContentLoaded\",function(){for(var e,t,s=l.querySelectorAll(\"iframe.wp-embedded-content\"),r=0;r<s.length;r++)(t=(e=s[r]).getAttribute(\"data-secret\"))||(t=Math.random().toString(36).substring(2,12),e.src+=\"#?secret=\"+t,e.setAttribute(\"data-secret\",t)),e.contentWindow.postMessage({message:\"ready\",secret:t},\"*\")},!1)))}(window,document);\n\/* ]]> *\/\n<\/script>\n","description":"Appui au Gouvernement congolais pour la pr\u00e9paration de son Plan d'investissement REDD+ pour 2013-2016 (200 millions USD) : (i) Am\u00e9nagement du territoire, (ii) S\u00e9curisation fonci\u00e8re, (iii) Contr\u00f4le d\u00e9mographique, (iv) Am\u00e9lioration de la gouvernance \u00e9conomique et environnementale, (v) Gestion foresti\u00e8re durable, (vi) Intensification agricole durable, (vii) Augmentation de l'offre en bois-\u00e9nergie durable et am\u00e9lioration de l'efficacit\u00e9 \u00e9nerg\u00e9tique.","thumbnail_url":"https:\/\/www.salvaterra.fr\/wp-content\/uploads\/2021\/07\/screenshot.png","thumbnail_width":880,"thumbnail_height":660}