{"version":"1.0","provider_name":"SalvaTerra, Bureau d\u2019\u00e9tudes en environnement, for\u00eat, agriculture et d\u00e9veloppement rural","provider_url":"https:\/\/www.salvaterra.fr\/fr\/","author_name":"Olivier Bouyer","author_url":"https:\/\/www.salvaterra.fr\/fr\/author\/adminolivier\/","title":"Cartographie des financements pour les for\u00eats du Gabon - SalvaTerra, Bureau d\u2019\u00e9tudes en environnement, for\u00eat, agriculture et d\u00e9veloppement rural","type":"rich","width":600,"height":338,"html":"<blockquote class=\"wp-embedded-content\" data-secret=\"ucadCsXlhq\"><a href=\"https:\/\/www.salvaterra.fr\/fr\/references\/cartographie-des-financements-pour-les-forets-du-gabon\/\">Cartographie des financements pour les for\u00eats du Gabon<\/a><\/blockquote><iframe sandbox=\"allow-scripts\" security=\"restricted\" src=\"https:\/\/www.salvaterra.fr\/fr\/references\/cartographie-des-financements-pour-les-forets-du-gabon\/embed\/#?secret=ucadCsXlhq\" width=\"600\" height=\"338\" title=\"\u00ab\u00a0Cartographie des financements pour les for\u00eats du Gabon\u00a0\u00bb &#8212; SalvaTerra, Bureau d\u2019\u00e9tudes en environnement, for\u00eat, agriculture et d\u00e9veloppement rural\" data-secret=\"ucadCsXlhq\" frameborder=\"0\" marginwidth=\"0\" marginheight=\"0\" scrolling=\"no\" class=\"wp-embedded-content\"><\/iframe><script type=\"text\/javascript\">\n\/* <![CDATA[ *\/\n\/*! This file is auto-generated *\/\n!function(d,l){\"use strict\";l.querySelector&&d.addEventListener&&\"undefined\"!=typeof URL&&(d.wp=d.wp||{},d.wp.receiveEmbedMessage||(d.wp.receiveEmbedMessage=function(e){var t=e.data;if((t||t.secret||t.message||t.value)&&!\/[^a-zA-Z0-9]\/.test(t.secret)){for(var s,r,n,a=l.querySelectorAll('iframe[data-secret=\"'+t.secret+'\"]'),o=l.querySelectorAll('blockquote[data-secret=\"'+t.secret+'\"]'),c=new RegExp(\"^https?:$\",\"i\"),i=0;i<o.length;i++)o[i].style.display=\"none\";for(i=0;i<a.length;i++)s=a[i],e.source===s.contentWindow&&(s.removeAttribute(\"style\"),\"height\"===t.message?(1e3<(r=parseInt(t.value,10))?r=1e3:~~r<200&&(r=200),s.height=r):\"link\"===t.message&&(r=new URL(s.getAttribute(\"src\")),n=new URL(t.value),c.test(n.protocol))&&n.host===r.host&&l.activeElement===s&&(d.top.location.href=t.value))}},d.addEventListener(\"message\",d.wp.receiveEmbedMessage,!1),l.addEventListener(\"DOMContentLoaded\",function(){for(var e,t,s=l.querySelectorAll(\"iframe.wp-embedded-content\"),r=0;r<s.length;r++)(t=(e=s[r]).getAttribute(\"data-secret\"))||(t=Math.random().toString(36).substring(2,12),e.src+=\"#?secret=\"+t,e.setAttribute(\"data-secret\",t)),e.contentWindow.postMessage({message:\"ready\",secret:t},\"*\")},!1)))}(window,document);\n\/* ]]> *\/\n<\/script>\n","description":"Diagnostic approfondi de la finance foresti\u00e8re au Gabon dans le cadre de l\u2019initiative \u00ab\u202fFinancing for Forests\u202f\u00bb. L\u2019analyse porte sur les dispositifs existants, les opportunit\u00e9s d\u2019innovation et les conditions de mise \u00e0 l\u2019\u00e9chelle, avec pour objectif d\u2019alimenter la conception d\u2019un futur programme europ\u00e9en en appui \u00e0 la transition vers une gestion foresti\u00e8re durable, inclusive et climato-compatible.","thumbnail_url":"https:\/\/www.salvaterra.fr\/wp-content\/uploads\/2021\/07\/screenshot.png","thumbnail_width":880,"thumbnail_height":660}