{"version":"1.0","provider_name":"SalvaTerra, Bureau d\u2019\u00e9tudes en environnement, for\u00eat, agriculture et d\u00e9veloppement rural","provider_url":"https:\/\/www.salvaterra.fr\/fr\/","author_name":"R\u00e9mi Th\u00e9bault","author_url":"https:\/\/www.salvaterra.fr\/fr\/author\/adminuadp\/","title":"Appui \u00e0 la structuration des groupements rizicoles de la Northern Region - SalvaTerra, Bureau d\u2019\u00e9tudes en environnement, for\u00eat, agriculture et d\u00e9veloppement rural","type":"rich","width":600,"height":338,"html":"<blockquote class=\"wp-embedded-content\" data-secret=\"jcyBXOvYnE\"><a href=\"https:\/\/www.salvaterra.fr\/fr\/references\/appui-a-des-groupements-rizicoles\/\">Appui \u00e0 la structuration des groupements rizicoles de la Northern Region<\/a><\/blockquote><iframe sandbox=\"allow-scripts\" security=\"restricted\" src=\"https:\/\/www.salvaterra.fr\/fr\/references\/appui-a-des-groupements-rizicoles\/embed\/#?secret=jcyBXOvYnE\" width=\"600\" height=\"338\" title=\"\u00ab\u00a0Appui \u00e0 la structuration des groupements rizicoles de la Northern Region\u00a0\u00bb &#8212; SalvaTerra, Bureau d\u2019\u00e9tudes en environnement, for\u00eat, agriculture et d\u00e9veloppement rural\" data-secret=\"jcyBXOvYnE\" frameborder=\"0\" marginwidth=\"0\" marginheight=\"0\" scrolling=\"no\" class=\"wp-embedded-content\"><\/iframe><script type=\"text\/javascript\">\n\/* <![CDATA[ *\/\n\/*! This file is auto-generated *\/\n!function(d,l){\"use strict\";l.querySelector&&d.addEventListener&&\"undefined\"!=typeof URL&&(d.wp=d.wp||{},d.wp.receiveEmbedMessage||(d.wp.receiveEmbedMessage=function(e){var t=e.data;if((t||t.secret||t.message||t.value)&&!\/[^a-zA-Z0-9]\/.test(t.secret)){for(var s,r,n,a=l.querySelectorAll('iframe[data-secret=\"'+t.secret+'\"]'),o=l.querySelectorAll('blockquote[data-secret=\"'+t.secret+'\"]'),c=new RegExp(\"^https?:$\",\"i\"),i=0;i<o.length;i++)o[i].style.display=\"none\";for(i=0;i<a.length;i++)s=a[i],e.source===s.contentWindow&&(s.removeAttribute(\"style\"),\"height\"===t.message?(1e3<(r=parseInt(t.value,10))?r=1e3:~~r<200&&(r=200),s.height=r):\"link\"===t.message&&(r=new URL(s.getAttribute(\"src\")),n=new URL(t.value),c.test(n.protocol))&&n.host===r.host&&l.activeElement===s&&(d.top.location.href=t.value))}},d.addEventListener(\"message\",d.wp.receiveEmbedMessage,!1),l.addEventListener(\"DOMContentLoaded\",function(){for(var e,t,s=l.querySelectorAll(\"iframe.wp-embedded-content\"),r=0;r<s.length;r++)(t=(e=s[r]).getAttribute(\"data-secret\"))||(t=Math.random().toString(36).substring(2,12),e.src+=\"#?secret=\"+t,e.setAttribute(\"data-secret\",t)),e.contentWindow.postMessage({message:\"ready\",secret:t},\"*\")},!1)))}(window,document);\n\/* ]]> *\/\n<\/script>\n","description":"\"Conseil au Directeur r\u00e9gional sur les questions li\u00e9es \u00e0 l'agriculture, la for\u00eat, le foncier, le micro-cr\u00e9dit, etc. coordination des activit\u00e9s du Centre d'appui aux organisations professionnelles agricoles (CAOPA). Analyse micro-(au niveau du village), m\u00e9so-(au niveau r\u00e9gional) et macro-\u00e9conomique (au niveau national et international) des fili\u00e8res agricoles et mises en place d'un plan de d\u00e9veloppement r\u00e9gional afin de renforcer la s\u00e9curit\u00e9 alimentaire de la r\u00e9gion et d'accro\u00eetre les revenus et ressources des paysans. Appui aux fili\u00e8res de cultures de rente (coton, noix de cajou, mangue, noix de karit\u00e9), de cultures vivri\u00e8res (riz, ma\u00efs, igname, s\u00e9same, mara\u00eechage de contre-saison) et d'\u00e9levage (aviculture, \u00e9levage laitier, \u00e9levage de petits ruminants).\"","thumbnail_url":"https:\/\/www.salvaterra.fr\/wp-content\/uploads\/2021\/07\/screenshot.png","thumbnail_width":880,"thumbnail_height":660}