{"id":13565,"date":"2026-02-05T18:19:59","date_gmt":"2026-02-05T17:19:59","guid":{"rendered":"https:\/\/www.salvaterra.fr\/?post_type=references&#038;p=13565"},"modified":"2026-02-05T18:20:00","modified_gmt":"2026-02-05T17:20:00","slug":"engagement-du-secteur-prive-des-petites-et-moyennes-entreprises-dans-les-activites-forestieres-dans-la-region-mena","status":"publish","type":"references","link":"https:\/\/www.salvaterra.fr\/en\/references\/engagement-du-secteur-prive-des-petites-et-moyennes-entreprises-dans-les-activites-forestieres-dans-la-region-mena\/","title":{"rendered":"Engagement du secteur priv\u00e9 des petites et moyennes entreprises dans les activit\u00e9s foresti\u00e8res dans la r\u00e9gion MENA"},"template":"","acf":[],"yoast_head":"<!-- This site is optimized with the Yoast SEO plugin v22.4 - https:\/\/yoast.com\/wordpress\/plugins\/seo\/ -->\n<title>Engagement du secteur priv\u00e9 des petites et moyennes entreprises dans les activit\u00e9s foresti\u00e8res dans la r\u00e9gion MENA - SalvaTerra, Bureau d\u2019\u00e9tudes en environnement, for\u00eat, agriculture et d\u00e9veloppement rural<\/title>\n<meta name=\"description\" content=\"Mission de diagnostic et d\u2019appui \u00e0 la Banque mondiale pour l\u2019engagement du secteur priv\u00e9 des petites et moyennes entreprises dans les activit\u00e9s foresti\u00e8res dans la r\u00e9gion MENA. Diagnostic des fili\u00e8res bois, produits forestiers non-ligneux (argan, li\u00e8ge, caroube, pignons de pin, plantes aromatiques et m\u00e9dicinales, etc.), \u00e9cotourisme et paiements pour services environnements. Appui \u00e0 la r\u00e9daction d\u2019une Note d\u2019engagement de la Banque mondiale.\" \/>\n<meta name=\"robots\" content=\"index, follow, max-snippet:-1, max-image-preview:large, max-video-preview:-1\" \/>\n<link rel=\"canonical\" href=\"https:\/\/www.salvaterra.fr\/en\/references\/engagement-du-secteur-prive-des-petites-et-moyennes-entreprises-dans-les-activites-forestieres-dans-la-region-mena\/\" \/>\n<meta property=\"og:locale\" content=\"en_US\" \/>\n<meta property=\"og:type\" content=\"article\" \/>\n<meta property=\"og:title\" content=\"Engagement du secteur priv\u00e9 des petites et moyennes entreprises dans les activit\u00e9s foresti\u00e8res dans la r\u00e9gion MENA - SalvaTerra, Bureau d\u2019\u00e9tudes en environnement, for\u00eat, agriculture et d\u00e9veloppement rural\" \/>\n<meta property=\"og:description\" content=\"Mission de diagnostic et d\u2019appui \u00e0 la Banque mondiale pour l\u2019engagement du secteur priv\u00e9 des petites et moyennes entreprises dans les activit\u00e9s foresti\u00e8res dans la r\u00e9gion MENA. Diagnostic des fili\u00e8res bois, produits forestiers non-ligneux (argan, li\u00e8ge, caroube, pignons de pin, plantes aromatiques et m\u00e9dicinales, etc.), \u00e9cotourisme et paiements pour services environnements. Appui \u00e0 la r\u00e9daction d\u2019une Note d\u2019engagement de la Banque mondiale.\" \/>\n<meta property=\"og:url\" content=\"https:\/\/www.salvaterra.fr\/en\/references\/engagement-du-secteur-prive-des-petites-et-moyennes-entreprises-dans-les-activites-forestieres-dans-la-region-mena\/\" \/>\n<meta property=\"og:site_name\" content=\"SalvaTerra, Bureau d\u2019\u00e9tudes en environnement, for\u00eat, agriculture et d\u00e9veloppement rural\" \/>\n<meta property=\"article:modified_time\" content=\"2026-02-05T17:20:00+00:00\" \/>\n<meta property=\"og:image\" content=\"https:\/\/www.salvaterra.fr\/wp-content\/uploads\/2021\/07\/screenshot.png\" \/>\n\t<meta property=\"og:image:width\" content=\"880\" \/>\n\t<meta property=\"og:image:height\" content=\"660\" \/>\n\t<meta property=\"og:image:type\" content=\"image\/png\" \/>\n<meta name=\"twitter:card\" content=\"summary_large_image\" \/>\n<script type=\"application\/ld+json\" class=\"yoast-schema-graph\">{\"@context\":\"https:\/\/schema.org\",\"@graph\":[{\"@type\":\"WebPage\",\"@id\":\"https:\/\/www.salvaterra.fr\/en\/references\/engagement-du-secteur-prive-des-petites-et-moyennes-entreprises-dans-les-activites-forestieres-dans-la-region-mena\/\",\"url\":\"https:\/\/www.salvaterra.fr\/en\/references\/engagement-du-secteur-prive-des-petites-et-moyennes-entreprises-dans-les-activites-forestieres-dans-la-region-mena\/\",\"name\":\"Engagement du secteur priv\u00e9 des petites et moyennes entreprises dans les activit\u00e9s foresti\u00e8res dans la r\u00e9gion MENA - SalvaTerra, Bureau d\u2019\u00e9tudes en environnement, for\u00eat, agriculture et d\u00e9veloppement rural\",\"isPartOf\":{\"@id\":\"https:\/\/www.salvaterra.fr\/en\/#website\"},\"datePublished\":\"2026-02-05T17:19:59+00:00\",\"dateModified\":\"2026-02-05T17:20:00+00:00\",\"description\":\"Mission de diagnostic et d\u2019appui \u00e0 la Banque mondiale pour l\u2019engagement du secteur priv\u00e9 des petites et moyennes entreprises dans les activit\u00e9s foresti\u00e8res dans la r\u00e9gion MENA. Diagnostic des fili\u00e8res bois, produits forestiers non-ligneux (argan, li\u00e8ge, caroube, pignons de pin, plantes aromatiques et m\u00e9dicinales, etc.), \u00e9cotourisme et paiements pour services environnements. Appui \u00e0 la r\u00e9daction d\u2019une Note d\u2019engagement de la Banque mondiale.\",\"breadcrumb\":{\"@id\":\"https:\/\/www.salvaterra.fr\/en\/references\/engagement-du-secteur-prive-des-petites-et-moyennes-entreprises-dans-les-activites-forestieres-dans-la-region-mena\/#breadcrumb\"},\"inLanguage\":\"en-US\",\"potentialAction\":[{\"@type\":\"ReadAction\",\"target\":[\"https:\/\/www.salvaterra.fr\/en\/references\/engagement-du-secteur-prive-des-petites-et-moyennes-entreprises-dans-les-activites-forestieres-dans-la-region-mena\/\"]}]},{\"@type\":\"BreadcrumbList\",\"@id\":\"https:\/\/www.salvaterra.fr\/en\/references\/engagement-du-secteur-prive-des-petites-et-moyennes-entreprises-dans-les-activites-forestieres-dans-la-region-mena\/#breadcrumb\",\"itemListElement\":[{\"@type\":\"ListItem\",\"position\":1,\"name\":\"Accueil\",\"item\":\"https:\/\/www.salvaterra.fr\/en\/home\/\"},{\"@type\":\"ListItem\",\"position\":2,\"name\":\"R\u00e9f\u00e9rences\",\"item\":\"https:\/\/www.salvaterra.fr\/en\/references\/\"},{\"@type\":\"ListItem\",\"position\":3,\"name\":\"Engagement du secteur priv\u00e9 des petites et moyennes entreprises dans les activit\u00e9s foresti\u00e8res dans la r\u00e9gion MENA\"}]},{\"@type\":\"WebSite\",\"@id\":\"https:\/\/www.salvaterra.fr\/en\/#website\",\"url\":\"https:\/\/www.salvaterra.fr\/en\/\",\"name\":\"SalvaTerra, Bureau d\u2019\u00e9tudes en environnement, for\u00eat, agriculture et d\u00e9veloppement rural\",\"description\":\"\",\"potentialAction\":[{\"@type\":\"SearchAction\",\"target\":{\"@type\":\"EntryPoint\",\"urlTemplate\":\"https:\/\/www.salvaterra.fr\/en\/?s={search_term_string}\"},\"query-input\":\"required name=search_term_string\"}],\"inLanguage\":\"en-US\"}]}<\/script>\n<!-- \/ Yoast SEO plugin. -->","yoast_head_json":{"title":"Engagement du secteur priv\u00e9 des petites et moyennes entreprises dans les activit\u00e9s foresti\u00e8res dans la r\u00e9gion MENA - SalvaTerra, Bureau d\u2019\u00e9tudes en environnement, for\u00eat, agriculture et d\u00e9veloppement rural","description":"Mission de diagnostic et d\u2019appui \u00e0 la Banque mondiale pour l\u2019engagement du secteur priv\u00e9 des petites et moyennes entreprises dans les activit\u00e9s foresti\u00e8res dans la r\u00e9gion MENA. Diagnostic des fili\u00e8res bois, produits forestiers non-ligneux (argan, li\u00e8ge, caroube, pignons de pin, plantes aromatiques et m\u00e9dicinales, etc.), \u00e9cotourisme et paiements pour services environnements. Appui \u00e0 la r\u00e9daction d\u2019une Note d\u2019engagement de la Banque mondiale.","robots":{"index":"index","follow":"follow","max-snippet":"max-snippet:-1","max-image-preview":"max-image-preview:large","max-video-preview":"max-video-preview:-1"},"canonical":"https:\/\/www.salvaterra.fr\/en\/references\/engagement-du-secteur-prive-des-petites-et-moyennes-entreprises-dans-les-activites-forestieres-dans-la-region-mena\/","og_locale":"en_US","og_type":"article","og_title":"Engagement du secteur priv\u00e9 des petites et moyennes entreprises dans les activit\u00e9s foresti\u00e8res dans la r\u00e9gion MENA - SalvaTerra, Bureau d\u2019\u00e9tudes en environnement, for\u00eat, agriculture et d\u00e9veloppement rural","og_description":"Mission de diagnostic et d\u2019appui \u00e0 la Banque mondiale pour l\u2019engagement du secteur priv\u00e9 des petites et moyennes entreprises dans les activit\u00e9s foresti\u00e8res dans la r\u00e9gion MENA. Diagnostic des fili\u00e8res bois, produits forestiers non-ligneux (argan, li\u00e8ge, caroube, pignons de pin, plantes aromatiques et m\u00e9dicinales, etc.), \u00e9cotourisme et paiements pour services environnements. Appui \u00e0 la r\u00e9daction d\u2019une Note d\u2019engagement de la Banque mondiale.","og_url":"https:\/\/www.salvaterra.fr\/en\/references\/engagement-du-secteur-prive-des-petites-et-moyennes-entreprises-dans-les-activites-forestieres-dans-la-region-mena\/","og_site_name":"SalvaTerra, Bureau d\u2019\u00e9tudes en environnement, for\u00eat, agriculture et d\u00e9veloppement rural","article_modified_time":"2026-02-05T17:20:00+00:00","og_image":[{"width":880,"height":660,"url":"https:\/\/www.salvaterra.fr\/wp-content\/uploads\/2021\/07\/screenshot.png","type":"image\/png"}],"twitter_card":"summary_large_image","schema":{"@context":"https:\/\/schema.org","@graph":[{"@type":"WebPage","@id":"https:\/\/www.salvaterra.fr\/en\/references\/engagement-du-secteur-prive-des-petites-et-moyennes-entreprises-dans-les-activites-forestieres-dans-la-region-mena\/","url":"https:\/\/www.salvaterra.fr\/en\/references\/engagement-du-secteur-prive-des-petites-et-moyennes-entreprises-dans-les-activites-forestieres-dans-la-region-mena\/","name":"Engagement du secteur priv\u00e9 des petites et moyennes entreprises dans les activit\u00e9s foresti\u00e8res dans la r\u00e9gion MENA - SalvaTerra, Bureau d\u2019\u00e9tudes en environnement, for\u00eat, agriculture et d\u00e9veloppement rural","isPartOf":{"@id":"https:\/\/www.salvaterra.fr\/en\/#website"},"datePublished":"2026-02-05T17:19:59+00:00","dateModified":"2026-02-05T17:20:00+00:00","description":"Mission de diagnostic et d\u2019appui \u00e0 la Banque mondiale pour l\u2019engagement du secteur priv\u00e9 des petites et moyennes entreprises dans les activit\u00e9s foresti\u00e8res dans la r\u00e9gion MENA. Diagnostic des fili\u00e8res bois, produits forestiers non-ligneux (argan, li\u00e8ge, caroube, pignons de pin, plantes aromatiques et m\u00e9dicinales, etc.), \u00e9cotourisme et paiements pour services environnements. Appui \u00e0 la r\u00e9daction d\u2019une Note d\u2019engagement de la Banque mondiale.","breadcrumb":{"@id":"https:\/\/www.salvaterra.fr\/en\/references\/engagement-du-secteur-prive-des-petites-et-moyennes-entreprises-dans-les-activites-forestieres-dans-la-region-mena\/#breadcrumb"},"inLanguage":"en-US","potentialAction":[{"@type":"ReadAction","target":["https:\/\/www.salvaterra.fr\/en\/references\/engagement-du-secteur-prive-des-petites-et-moyennes-entreprises-dans-les-activites-forestieres-dans-la-region-mena\/"]}]},{"@type":"BreadcrumbList","@id":"https:\/\/www.salvaterra.fr\/en\/references\/engagement-du-secteur-prive-des-petites-et-moyennes-entreprises-dans-les-activites-forestieres-dans-la-region-mena\/#breadcrumb","itemListElement":[{"@type":"ListItem","position":1,"name":"Accueil","item":"https:\/\/www.salvaterra.fr\/en\/home\/"},{"@type":"ListItem","position":2,"name":"R\u00e9f\u00e9rences","item":"https:\/\/www.salvaterra.fr\/en\/references\/"},{"@type":"ListItem","position":3,"name":"Engagement du secteur priv\u00e9 des petites et moyennes entreprises dans les activit\u00e9s foresti\u00e8res dans la r\u00e9gion MENA"}]},{"@type":"WebSite","@id":"https:\/\/www.salvaterra.fr\/en\/#website","url":"https:\/\/www.salvaterra.fr\/en\/","name":"SalvaTerra, Bureau d\u2019\u00e9tudes en environnement, for\u00eat, agriculture et d\u00e9veloppement rural","description":"","potentialAction":[{"@type":"SearchAction","target":{"@type":"EntryPoint","urlTemplate":"https:\/\/www.salvaterra.fr\/en\/?s={search_term_string}"},"query-input":"required name=search_term_string"}],"inLanguage":"en-US"}]}},"pays":[163,239,137],"_links":{"self":[{"href":"https:\/\/www.salvaterra.fr\/en\/wp-json\/wp\/v2\/references\/13565"}],"collection":[{"href":"https:\/\/www.salvaterra.fr\/en\/wp-json\/wp\/v2\/references"}],"about":[{"href":"https:\/\/www.salvaterra.fr\/en\/wp-json\/wp\/v2\/types\/references"}],"wp:attachment":[{"href":"https:\/\/www.salvaterra.fr\/en\/wp-json\/wp\/v2\/media?parent=13565"}],"curies":[{"name":"wp","href":"https:\/\/api.w.org\/{rel}","templated":true}]}}